{"id":1462,"date":"2025-11-20T15:36:59","date_gmt":"2025-11-20T15:36:59","guid":{"rendered":"https:\/\/recoverinitiative.ca\/?page_id=1462"},"modified":"2025-12-11T14:11:57","modified_gmt":"2025-12-11T14:11:57","slug":"team-board","status":"publish","type":"page","link":"https:\/\/recoverinitiative.ca\/fr\/team-board\/","title":{"rendered":"\u00c9quipe et conseil d&rsquo;administration"},"content":{"rendered":"<p><div class=\"fusion-fullwidth fullwidth-box fusion-builder-row-1 fusion-flex-container has-pattern-background has-mask-background nonhundred-percent-fullwidth non-hundred-percent-height-scrolling heroSubpage\" style=\"--awb-border-radius-top-left:0px;--awb-border-radius-top-right:0px;--awb-border-radius-bottom-right:0px;--awb-border-radius-bottom-left:0px;--awb-flex-wrap:wrap;\" ><div class=\"fusion-builder-row fusion-row fusion-flex-align-items-flex-start fusion-flex-content-wrap\" style=\"max-width:1497.6px;margin-left: calc(-4% \/ 2 );margin-right: calc(-4% \/ 2 );\"><div class=\"fusion-layout-column fusion_builder_column fusion-builder-column-0 fusion_builder_column_1_2 1_2 fusion-flex-column\" style=\"--awb-bg-size:cover;--awb-width-large:50%;--awb-margin-top-large:0px;--awb-spacing-right-large:3.84%;--awb-margin-bottom-large:20px;--awb-spacing-left-large:3.84%;--awb-width-medium:50%;--awb-order-medium:0;--awb-spacing-right-medium:3.84%;--awb-spacing-left-medium:3.84%;--awb-width-small:100%;--awb-order-small:0;--awb-spacing-right-small:1.92%;--awb-spacing-left-small:1.92%;\" data-scroll-devices=\"small-visibility,medium-visibility,large-visibility\"><div class=\"fusion-column-wrapper fusion-column-has-shadow fusion-flex-justify-content-flex-start fusion-content-layout-column\"><div class=\"fusion-text fusion-text-1\"><h1 class=\"h3\">Voici les personnes derri\u00e8re ReCover<\/h1>\n<p>Au c\u0153ur de notre entreprise se trouve une \u00e9quipe de professionnels passionn\u00e9s, engag\u00e9s dans la conception de b\u00e2timents sains, r\u00e9silients et respectueux de l&rsquo;environnement. D\u00e9couvrez les personnes qui rendent tout cela possible.<\/p>\n<\/div><\/div><\/div><div class=\"fusion-layout-column fusion_builder_column fusion-builder-column-1 fusion_builder_column_1_2 1_2 fusion-flex-column\" style=\"--awb-bg-size:cover;--awb-width-large:50%;--awb-margin-top-large:0px;--awb-spacing-right-large:3.84%;--awb-margin-bottom-large:20px;--awb-spacing-left-large:3.84%;--awb-width-medium:50%;--awb-order-medium:0;--awb-spacing-right-medium:3.84%;--awb-spacing-left-medium:3.84%;--awb-width-small:100%;--awb-order-small:0;--awb-spacing-right-small:1.92%;--awb-spacing-left-small:1.92%;\" data-scroll-devices=\"small-visibility,medium-visibility,large-visibility\"><div class=\"fusion-column-wrapper fusion-column-has-shadow fusion-flex-justify-content-flex-start fusion-content-layout-column\"><div class=\"fusion-image-element \" style=\"text-align:right;--awb-max-width:450px;--awb-caption-title-font-family:var(--h2_typography-font-family);--awb-caption-title-font-weight:var(--h2_typography-font-weight);--awb-caption-title-font-style:var(--h2_typography-font-style);--awb-caption-title-size:var(--h2_typography-font-size);--awb-caption-title-transform:var(--h2_typography-text-transform);--awb-caption-title-line-height:var(--h2_typography-line-height);--awb-caption-title-letter-spacing:var(--h2_typography-letter-spacing);\"><span class=\" fusion-imageframe imageframe-none imageframe-1 hover-type-none\"><img decoding=\"async\" width=\"300\" height=\"300\" title=\"Team\" src=\"https:\/\/recoverinitiative.ca\/wp-content\/uploads\/2025\/11\/Team-300x300.jpg\" alt class=\"img-responsive wp-image-1417\" srcset=\"https:\/\/recoverinitiative.ca\/wp-content\/uploads\/2025\/11\/Team-200x200.jpg 200w, https:\/\/recoverinitiative.ca\/wp-content\/uploads\/2025\/11\/Team-400x400.jpg 400w, https:\/\/recoverinitiative.ca\/wp-content\/uploads\/2025\/11\/Team-600x600.jpg 600w, https:\/\/recoverinitiative.ca\/wp-content\/uploads\/2025\/11\/Team-800x800.jpg 800w, https:\/\/recoverinitiative.ca\/wp-content\/uploads\/2025\/11\/Team.jpg 902w\" sizes=\"(max-width: 768px) 100vw, 800px\" \/><\/span><\/div><\/div><\/div><\/div><\/div><div class=\"fusion-fullwidth fullwidth-box fusion-builder-row-2 fusion-flex-container has-pattern-background has-mask-background nonhundred-percent-fullwidth non-hundred-percent-height-scrolling text-img-split mobile-reverse\" style=\"--awb-border-radius-top-left:0px;--awb-border-radius-top-right:0px;--awb-border-radius-bottom-right:0px;--awb-border-radius-bottom-left:0px;--awb-background-color:#dcece3;--awb-flex-wrap:wrap;\" ><div class=\"fusion-builder-row fusion-row fusion-flex-align-items-flex-start fusion-flex-content-wrap\" style=\"max-width:1497.6px;margin-left: calc(-4% \/ 2 );margin-right: calc(-4% \/ 2 );\"><div class=\"fusion-layout-column fusion_builder_column fusion-builder-column-2 fusion_builder_column_2_3 2_3 fusion-flex-column\" style=\"--awb-bg-size:cover;--awb-width-large:66.666666666667%;--awb-margin-top-large:0px;--awb-spacing-right-large:2.88%;--awb-margin-bottom-large:20px;--awb-spacing-left-large:2.88%;--awb-width-medium:66.666666666667%;--awb-order-medium:0;--awb-spacing-right-medium:2.88%;--awb-spacing-left-medium:2.88%;--awb-width-small:100%;--awb-order-small:0;--awb-spacing-right-small:1.92%;--awb-spacing-left-small:1.92%;\"><div class=\"fusion-column-wrapper fusion-column-has-shadow fusion-flex-justify-content-flex-start fusion-content-layout-column\"><div class=\"fusion-text fusion-text-2\"><h2 class=\"h2\">Emma Norton<\/h2>\n<p>Cofondatrice et directrice g\u00e9n\u00e9rale<br \/>\nPronom : Elle<br \/>\n<a href=\"mailto:emma@recoverinitiative.ca\">emma@recoverinitiative.ca<\/a><\/p>\n<div>\n<div>Emma Norton compte plus de dix ann\u00e9es d\u2019exp\u00e9rience dans le secteur \u00e9nerg\u00e9tique canadien, o\u00f9 elle s\u2019est sp\u00e9cialis\u00e9e dans l\u2019efficacit\u00e9 \u00e9nerg\u00e9tique et les r\u00e9novations \u00e9nerg\u00e9tiques en profondeur. Elle est profond\u00e9ment convaincue des retomb\u00e9es que ces r\u00e9novations peuvent apporter aux communaut\u00e9s du Canada atlantique.<\/div>\n<div>Mme Norton est intervenue avec succ\u00e8s lors d\u2019audiences provinciales sur les services publics afin de plaider en faveur de programmes de gestion de la demande plus ambitieux. Elle a organis\u00e9 la Climate Jobs Roundtable (table ronde sur les emplois li\u00e9s au climat), une s\u00e9rie d\u2019\u00e9v\u00e9nements ax\u00e9s sur la cr\u00e9ation d\u2019emplois et la transition vers une \u00e9conomie \u00e9nerg\u00e9tique. En tant que responsable pour la Nouvelle-\u00c9cosse du projet international Smarter Energy Communities in Northern and Arctic Regions of Europe (Communaut\u00e9s \u00e9nerg\u00e9tiques plus intelligentes dans les r\u00e9gions nordiques et arctiques de l\u2019Europe), Mme Norton a facilit\u00e9 le transfert de connaissances entre des communaut\u00e9s au Canada et en Europe en vue de r\u00e9duire leur empreinte carbone gr\u00e2ce \u00e0 une utilisation plus judicieuse de l\u2019\u00e9nergie.<\/div>\n<div>Avant d\u2019entrer \u00e0 ReCover \u00e0 temps plein, Mme Norton a occup\u00e9 le poste de directrice de la r\u00e9gion Atlantique au sein de la Climate Emergency Unit et a travaill\u00e9 pour QUEST, un organisme communautaire sans but lucratif sp\u00e9cialis\u00e9 dans la planification \u00e9nerg\u00e9tique. Auparavant, elle a fait partie de l\u2019\u00e9quipe Energy de l\u2019Ecology Action Centre, l\u2019organisme de surveillance environnementale de la Nouvelle-\u00c9cosse.<\/div>\n<div>Quand elle n\u2019est pas au travail, Mme Norton aime jardiner, lire des fictions sp\u00e9culatives, cuisiner pour ses amis ou jouer \u00e0 la balle avec son chien.<\/div>\n<\/div>\n<\/div><\/div><\/div><div class=\"fusion-layout-column fusion_builder_column fusion-builder-column-3 fusion_builder_column_1_3 1_3 fusion-flex-column\" style=\"--awb-bg-size:cover;--awb-width-large:33.333333333333%;--awb-margin-top-large:0px;--awb-spacing-right-large:5.76%;--awb-margin-bottom-large:20px;--awb-spacing-left-large:5.76%;--awb-width-medium:33.333333333333%;--awb-order-medium:0;--awb-spacing-right-medium:5.76%;--awb-spacing-left-medium:5.76%;--awb-width-small:100%;--awb-order-small:0;--awb-spacing-right-small:1.92%;--awb-spacing-left-small:1.92%;\"><div class=\"fusion-column-wrapper fusion-column-has-shadow fusion-flex-justify-content-flex-start fusion-content-layout-column\"><div class=\"fusion-image-element \" style=\"--awb-max-width:100%;--awb-caption-title-font-family:var(--h2_typography-font-family);--awb-caption-title-font-weight:var(--h2_typography-font-weight);--awb-caption-title-font-style:var(--h2_typography-font-style);--awb-caption-title-size:var(--h2_typography-font-size);--awb-caption-title-transform:var(--h2_typography-text-transform);--awb-caption-title-line-height:var(--h2_typography-line-height);--awb-caption-title-letter-spacing:var(--h2_typography-letter-spacing);\"><span class=\" fusion-imageframe imageframe-none imageframe-2 hover-type-none\"><img decoding=\"async\" width=\"1280\" height=\"1402\" title=\"emma\" src=\"https:\/\/recoverinitiative.ca\/wp-content\/uploads\/2025\/11\/emma.jpg\" alt class=\"img-responsive wp-image-1418\" srcset=\"https:\/\/recoverinitiative.ca\/wp-content\/uploads\/2025\/11\/emma-200x219.jpg 200w, https:\/\/recoverinitiative.ca\/wp-content\/uploads\/2025\/11\/emma-400x438.jpg 400w, https:\/\/recoverinitiative.ca\/wp-content\/uploads\/2025\/11\/emma-600x657.jpg 600w, https:\/\/recoverinitiative.ca\/wp-content\/uploads\/2025\/11\/emma-800x876.jpg 800w, https:\/\/recoverinitiative.ca\/wp-content\/uploads\/2025\/11\/emma-1200x1314.jpg 1200w, https:\/\/recoverinitiative.ca\/wp-content\/uploads\/2025\/11\/emma.jpg 1280w\" sizes=\"(max-width: 768px) 100vw, 600px\" \/><\/span><\/div><\/div><\/div><\/div><\/div><div class=\"fusion-fullwidth fullwidth-box fusion-builder-row-3 fusion-flex-container has-pattern-background has-mask-background nonhundred-percent-fullwidth non-hundred-percent-height-scrolling text-img-split\" style=\"--awb-border-radius-top-left:0px;--awb-border-radius-top-right:0px;--awb-border-radius-bottom-right:0px;--awb-border-radius-bottom-left:0px;--awb-background-color:#f5f5f5;--awb-flex-wrap:wrap;\" ><div class=\"fusion-builder-row fusion-row fusion-flex-align-items-flex-start fusion-flex-content-wrap\" style=\"max-width:1497.6px;margin-left: calc(-4% \/ 2 );margin-right: calc(-4% \/ 2 );\"><div class=\"fusion-layout-column fusion_builder_column fusion-builder-column-4 fusion_builder_column_1_3 1_3 fusion-flex-column\" style=\"--awb-bg-size:cover;--awb-width-large:33.333333333333%;--awb-margin-top-large:0px;--awb-spacing-right-large:5.76%;--awb-margin-bottom-large:20px;--awb-spacing-left-large:5.76%;--awb-width-medium:33.333333333333%;--awb-order-medium:0;--awb-spacing-right-medium:5.76%;--awb-spacing-left-medium:5.76%;--awb-width-small:100%;--awb-order-small:0;--awb-spacing-right-small:1.92%;--awb-spacing-left-small:1.92%;\"><div class=\"fusion-column-wrapper fusion-column-has-shadow fusion-flex-justify-content-flex-start fusion-content-layout-column\"><div class=\"fusion-image-element \" style=\"--awb-max-width:100%;--awb-caption-title-font-family:var(--h2_typography-font-family);--awb-caption-title-font-weight:var(--h2_typography-font-weight);--awb-caption-title-font-style:var(--h2_typography-font-style);--awb-caption-title-size:var(--h2_typography-font-size);--awb-caption-title-transform:var(--h2_typography-text-transform);--awb-caption-title-line-height:var(--h2_typography-line-height);--awb-caption-title-letter-spacing:var(--h2_typography-letter-spacing);\"><span class=\" fusion-imageframe imageframe-none imageframe-3 hover-type-none\"><img decoding=\"async\" width=\"547\" height=\"600\" title=\"lorrie\" src=\"https:\/\/recoverinitiative.ca\/wp-content\/uploads\/2025\/11\/lorrie.png\" alt class=\"img-responsive wp-image-1419\" srcset=\"https:\/\/recoverinitiative.ca\/wp-content\/uploads\/2025\/11\/lorrie-200x219.png 200w, https:\/\/recoverinitiative.ca\/wp-content\/uploads\/2025\/11\/lorrie-400x439.png 400w, https:\/\/recoverinitiative.ca\/wp-content\/uploads\/2025\/11\/lorrie.png 547w\" sizes=\"(max-width: 768px) 100vw, 547px\" \/><\/span><\/div><\/div><\/div><div class=\"fusion-layout-column fusion_builder_column fusion-builder-column-5 fusion_builder_column_2_3 2_3 fusion-flex-column\" style=\"--awb-bg-size:cover;--awb-width-large:66.666666666667%;--awb-margin-top-large:0px;--awb-spacing-right-large:2.88%;--awb-margin-bottom-large:20px;--awb-spacing-left-large:2.88%;--awb-width-medium:66.666666666667%;--awb-order-medium:0;--awb-spacing-right-medium:2.88%;--awb-spacing-left-medium:2.88%;--awb-width-small:100%;--awb-order-small:0;--awb-spacing-right-small:1.92%;--awb-spacing-left-small:1.92%;\"><div class=\"fusion-column-wrapper fusion-column-has-shadow fusion-flex-justify-content-flex-start fusion-content-layout-column\"><div class=\"fusion-text fusion-text-3\"><h2 class=\"h2\">Lorrie Rand<\/h2>\n<div>\n<div>Cofondatrice et conseill\u00e8re principale<\/div>\n<div>Pronom : Elle<br \/>\n<a href=\"mailto:lorrie@recoverinitiative.ca\">lorrie@recoverinitiative.ca<\/a><\/div>\n<\/div>\n<p>Lorie Rand est pr\u00e9sidente et directrice du d\u00e9veloppement durable chez Habit Studio et conseill\u00e8re principale \u00e0 ReCover. Forte de vingt ann\u00e9es d\u2019exp\u00e9rience en conception de r\u00e9novations, son objectif est de r\u00e9duire les contraintes financi\u00e8res et techniques des projets de r\u00e9novation sur mesure, un b\u00e2timent \u00e0 la fois, face \u00e0 la crise climatique qui nous menace.<\/p>\n<p>En tant que conceptrice certifi\u00e9e du r\u00e9seau Passive House (maison passive) et une experte reconnue en science du b\u00e2timent, Mme Rand poss\u00e8de l\u2019exp\u00e9rience et les comp\u00e9tences requises pour mettre au point une approche reproductible et syst\u00e9matique des r\u00e9novations en profondeur, sp\u00e9cialement adapt\u00e9e au contexte de la Nouvelle-\u00c9cosse.<\/p>\n<\/div><\/div><\/div><\/div><\/div><div class=\"fusion-fullwidth fullwidth-box fusion-builder-row-4 fusion-flex-container has-pattern-background has-mask-background nonhundred-percent-fullwidth non-hundred-percent-height-scrolling text-img-split mobile-reverse\" style=\"--awb-border-radius-top-left:0px;--awb-border-radius-top-right:0px;--awb-border-radius-bottom-right:0px;--awb-border-radius-bottom-left:0px;--awb-background-color:#dcece3;--awb-flex-wrap:wrap;\" ><div class=\"fusion-builder-row fusion-row fusion-flex-align-items-flex-start fusion-flex-content-wrap\" style=\"max-width:1497.6px;margin-left: calc(-4% \/ 2 );margin-right: calc(-4% \/ 2 );\"><div class=\"fusion-layout-column fusion_builder_column fusion-builder-column-6 fusion_builder_column_2_3 2_3 fusion-flex-column\" style=\"--awb-bg-size:cover;--awb-width-large:66.666666666667%;--awb-margin-top-large:0px;--awb-spacing-right-large:2.88%;--awb-margin-bottom-large:20px;--awb-spacing-left-large:2.88%;--awb-width-medium:66.666666666667%;--awb-order-medium:0;--awb-spacing-right-medium:2.88%;--awb-spacing-left-medium:2.88%;--awb-width-small:100%;--awb-order-small:0;--awb-spacing-right-small:1.92%;--awb-spacing-left-small:1.92%;\"><div class=\"fusion-column-wrapper fusion-column-has-shadow fusion-flex-justify-content-flex-start fusion-content-layout-column\"><div class=\"fusion-text fusion-text-4\"><h2 class=\"h2\">Gil Walters<\/h2>\n<p>Directeur g\u00e9n\u00e9ral int\u00e9rimaire<br \/>\nPronoms : Il\/lui<br \/>\n<a href=\"mailto:gil@recoverinitiative.ca\">gil@recoverinitiative.ca<\/a><\/p>\n<p>Gil Walters met \u00e0 profit plus de 30 ann\u00e9es d\u2019exp\u00e9rience dans les domaines de la construction durable, de l\u2019efficacit\u00e9 \u00e9nerg\u00e9tique, des \u00e9nergies renouvelables et de la cr\u00e9ation de valeur immobili\u00e8re. Il a dirig\u00e9 la conception et la mise en \u0153uvre de plus de 20 contrats de rendement \u00e9nerg\u00e9tique \u00e0 grande \u00e9chelle au Canada et aux Bermudes, notamment des centrales solaires pour la production commerciale d\u2019\u00e9nergie, et des programmes de r\u00e9novation en profondeur qui ont permis de r\u00e9duire collectivement les \u00e9missions de plus de 2 millions de tonnes de CO\u2082.<\/p>\n<p>Largement reconnu pour sa capacit\u00e9 \u00e0 traduire des syst\u00e8mes financiers et immobiliers complexes en strat\u00e9gies claires et r\u00e9alisables, M. Walters aide les propri\u00e9taires \u00e0 consid\u00e9rer les r\u00e9novations en profondeur non seulement comme des modernisations \u00e9cologiques, mais aussi comme des investissements strat\u00e9giques dans la r\u00e9silience et la valeur \u00e0 long terme. Au sein de ReCover, il se concentre \u00e0 amplifier notre port\u00e9e, \u00e0 acc\u00e9l\u00e9rer l\u2019adoption des projets de r\u00e9novation \u00e0 l\u2019\u00e9chelle du Canada atlantique et \u00e0 renforcer les partenariats avec des propri\u00e9taires immobiliers, des chefs de file de l\u2019industrie et le gouvernement.<\/p>\n<p>Son style de leadership collaboratif et pratique refl\u00e8te sa conviction qu\u2019une action climatique significative est plus efficace lorsqu\u2019elle s\u2019appuie sur des relations de confiance et des efforts audacieux et coordonn\u00e9s. En dehors du travail, M. Walters aime s\u2019adonner \u00e0 des activit\u00e9s d\u2019ext\u00e9rieur avec sa femme et leur chien.<\/p>\n<\/div><\/div><\/div><div class=\"fusion-layout-column fusion_builder_column fusion-builder-column-7 fusion_builder_column_1_3 1_3 fusion-flex-column\" style=\"--awb-bg-size:cover;--awb-width-large:33.333333333333%;--awb-margin-top-large:0px;--awb-spacing-right-large:5.76%;--awb-margin-bottom-large:20px;--awb-spacing-left-large:5.76%;--awb-width-medium:33.333333333333%;--awb-order-medium:0;--awb-spacing-right-medium:5.76%;--awb-spacing-left-medium:5.76%;--awb-width-small:100%;--awb-order-small:0;--awb-spacing-right-small:1.92%;--awb-spacing-left-small:1.92%;\"><div class=\"fusion-column-wrapper fusion-column-has-shadow fusion-flex-justify-content-flex-start fusion-content-layout-column\"><div class=\"fusion-image-element \" style=\"--awb-max-width:100%;--awb-caption-title-font-family:var(--h2_typography-font-family);--awb-caption-title-font-weight:var(--h2_typography-font-weight);--awb-caption-title-font-style:var(--h2_typography-font-style);--awb-caption-title-size:var(--h2_typography-font-size);--awb-caption-title-transform:var(--h2_typography-text-transform);--awb-caption-title-line-height:var(--h2_typography-line-height);--awb-caption-title-letter-spacing:var(--h2_typography-letter-spacing);\"><span class=\" fusion-imageframe imageframe-none imageframe-4 hover-type-none\"><img decoding=\"async\" width=\"1050\" height=\"1151\" title=\"gil\" src=\"https:\/\/recoverinitiative.ca\/wp-content\/uploads\/2025\/11\/gil.jpg\" alt class=\"img-responsive wp-image-1420\" srcset=\"https:\/\/recoverinitiative.ca\/wp-content\/uploads\/2025\/11\/gil-200x219.jpg 200w, https:\/\/recoverinitiative.ca\/wp-content\/uploads\/2025\/11\/gil-400x438.jpg 400w, https:\/\/recoverinitiative.ca\/wp-content\/uploads\/2025\/11\/gil-600x658.jpg 600w, https:\/\/recoverinitiative.ca\/wp-content\/uploads\/2025\/11\/gil-800x877.jpg 800w, https:\/\/recoverinitiative.ca\/wp-content\/uploads\/2025\/11\/gil.jpg 1050w\" sizes=\"(max-width: 768px) 100vw, 600px\" \/><\/span><\/div><\/div><\/div><\/div><\/div><div class=\"fusion-fullwidth fullwidth-box fusion-builder-row-5 fusion-flex-container has-pattern-background has-mask-background nonhundred-percent-fullwidth non-hundred-percent-height-scrolling text-img-split\" style=\"--awb-border-radius-top-left:0px;--awb-border-radius-top-right:0px;--awb-border-radius-bottom-right:0px;--awb-border-radius-bottom-left:0px;--awb-background-color:#f5f5f5;--awb-flex-wrap:wrap;\" ><div class=\"fusion-builder-row fusion-row fusion-flex-align-items-flex-start fusion-flex-content-wrap\" style=\"max-width:1497.6px;margin-left: calc(-4% \/ 2 );margin-right: calc(-4% \/ 2 );\"><div class=\"fusion-layout-column fusion_builder_column fusion-builder-column-8 fusion_builder_column_1_3 1_3 fusion-flex-column\" style=\"--awb-bg-size:cover;--awb-width-large:33.333333333333%;--awb-margin-top-large:0px;--awb-spacing-right-large:5.76%;--awb-margin-bottom-large:20px;--awb-spacing-left-large:5.76%;--awb-width-medium:33.333333333333%;--awb-order-medium:0;--awb-spacing-right-medium:5.76%;--awb-spacing-left-medium:5.76%;--awb-width-small:100%;--awb-order-small:0;--awb-spacing-right-small:1.92%;--awb-spacing-left-small:1.92%;\"><div class=\"fusion-column-wrapper fusion-column-has-shadow fusion-flex-justify-content-flex-start fusion-content-layout-column\"><div class=\"fusion-image-element \" style=\"--awb-max-width:100%;--awb-caption-title-font-family:var(--h2_typography-font-family);--awb-caption-title-font-weight:var(--h2_typography-font-weight);--awb-caption-title-font-style:var(--h2_typography-font-style);--awb-caption-title-size:var(--h2_typography-font-size);--awb-caption-title-transform:var(--h2_typography-text-transform);--awb-caption-title-line-height:var(--h2_typography-line-height);--awb-caption-title-letter-spacing:var(--h2_typography-letter-spacing);\"><span class=\" fusion-imageframe imageframe-none imageframe-5 hover-type-none\"><img decoding=\"async\" width=\"341\" height=\"374\" title=\"yash\" src=\"https:\/\/recoverinitiative.ca\/wp-content\/uploads\/2025\/11\/yash.png\" alt class=\"img-responsive wp-image-1421\" srcset=\"https:\/\/recoverinitiative.ca\/wp-content\/uploads\/2025\/11\/yash-200x219.png 200w, https:\/\/recoverinitiative.ca\/wp-content\/uploads\/2025\/11\/yash.png 341w\" sizes=\"(max-width: 768px) 100vw, 341px\" \/><\/span><\/div><\/div><\/div><div class=\"fusion-layout-column fusion_builder_column fusion-builder-column-9 fusion_builder_column_2_3 2_3 fusion-flex-column\" style=\"--awb-bg-size:cover;--awb-width-large:66.666666666667%;--awb-margin-top-large:0px;--awb-spacing-right-large:2.88%;--awb-margin-bottom-large:20px;--awb-spacing-left-large:2.88%;--awb-width-medium:66.666666666667%;--awb-order-medium:0;--awb-spacing-right-medium:2.88%;--awb-spacing-left-medium:2.88%;--awb-width-small:100%;--awb-order-small:0;--awb-spacing-right-small:1.92%;--awb-spacing-left-small:1.92%;\"><div class=\"fusion-column-wrapper fusion-column-has-shadow fusion-flex-justify-content-flex-start fusion-content-layout-column\"><div class=\"fusion-text fusion-text-5\"><h2 class=\"h2\">Yash Vyas<\/h2>\n<p>Directeur de la recherche<br \/>\nPronoms : Il\/lui<br \/>\n<a href=\"mailto:yash@recoverinitiative.ca\">yash@recoverinitiative.ca<\/a><\/p>\n<p>Yash Vyas dirige les efforts de ReCover en vue de cr\u00e9er une feuille de route pour des r\u00e9novations en profondeur dans le Canada atlantique. Sa vaste exp\u00e9rience dans les milieux universitaires, de la recherche, de l\u2019\u00e9ducation et du secteur priv\u00e9 constitue le fondement de sa brillante carri\u00e8re orient\u00e9e vers les r\u00e9sultats. Ses comp\u00e9tences s\u2019\u00e9tendent aux syst\u00e8mes \u00e9codurables, aux strat\u00e9gies de d\u00e9carbonisation, \u00e0 la r\u00e9novation \u00e9nerg\u00e9tique en profondeur, \u00e0 la conception d\u2019enveloppes de b\u00e2timents et \u00e0 l\u2019automatisation des b\u00e2timents.<\/p>\n<p>Au-del\u00e0 du milieu universitaire, Yash s\u2019est illustr\u00e9 en tant que scientifique du b\u00e2timent, d\u00e9montrant une s\u00e9rie de comp\u00e9tences polyvalentes en mod\u00e9lisation \u00e9nerg\u00e9tique, en analyse de r\u00e9novation, en planification de la d\u00e9carbonation et en \u00e9valuation de l\u2019\u00e9tat des b\u00e2timents. Il a jou\u00e9 un r\u00f4le crucial dans l\u2019obtention de projets de recherche financ\u00e9s par les subventions du programme Alliance du Conseil de recherches en sciences naturelles et en g\u00e9nie du Canada et du Programme des stages Acc\u00e9l\u00e9ration de Mitacs (NSERC Alliance Grant and Mitacs Accelerate), et a collabor\u00e9 avec des partenaires industriels tels que le Conseil national de recherches du Canada, la Toronto and Region Conservation Authority, et la Ontario Society of Professional Engineers.<\/p>\n<p>En plus de ses activit\u00e9s scientifiques, M. Vyas a su guider et inspirer des \u00e9tudiants en donnant des cours virtuels et en personne dans tout le Canada. Ses th\u00e8mes incluent, entre autres, les syst\u00e8mes \u00e9nerg\u00e9tiques durables, la viabilit\u00e9 multidisciplinaire, et le studio de science du b\u00e2timent ax\u00e9 sur la construction de b\u00e2timents \u00e0 consommation \u00e9nerg\u00e9tique nette nulle. Au cours des trois derni\u00e8res ann\u00e9es, ses efforts p\u00e9dagogiques ont touch\u00e9 environ 600 \u00e9tudiants de l\u2019Universit\u00e9 m\u00e9tropolitaine de Toronto et 2 000 autres de 15 \u00e9tablissements d\u2019enseignement diff\u00e9rents \u00e0 l\u2019\u00e9chelle du Canada.<\/p>\n<p>M. Vyas envisage de poursuivre sa carri\u00e8re dans le secteur des infrastructures durables, en inspirant d\u2019autres personnes \u00e0 relever des d\u00e9fis multidisciplinaires dans la perspective d\u2019un avenir fond\u00e9 sur des technologies propres.<\/p>\n<\/div><\/div><\/div><\/div><\/div><div class=\"fusion-fullwidth fullwidth-box fusion-builder-row-6 fusion-flex-container has-pattern-background has-mask-background nonhundred-percent-fullwidth non-hundred-percent-height-scrolling text-img-split mobile-reverse\" style=\"--awb-border-radius-top-left:0px;--awb-border-radius-top-right:0px;--awb-border-radius-bottom-right:0px;--awb-border-radius-bottom-left:0px;--awb-background-color:#dcece3;--awb-flex-wrap:wrap;\" ><div class=\"fusion-builder-row fusion-row fusion-flex-align-items-flex-start fusion-flex-content-wrap\" style=\"max-width:1497.6px;margin-left: calc(-4% \/ 2 );margin-right: calc(-4% \/ 2 );\"><div class=\"fusion-layout-column fusion_builder_column fusion-builder-column-10 fusion_builder_column_2_3 2_3 fusion-flex-column\" style=\"--awb-bg-size:cover;--awb-width-large:66.666666666667%;--awb-margin-top-large:0px;--awb-spacing-right-large:2.88%;--awb-margin-bottom-large:20px;--awb-spacing-left-large:2.88%;--awb-width-medium:66.666666666667%;--awb-order-medium:0;--awb-spacing-right-medium:2.88%;--awb-spacing-left-medium:2.88%;--awb-width-small:100%;--awb-order-small:0;--awb-spacing-right-small:1.92%;--awb-spacing-left-small:1.92%;\"><div class=\"fusion-column-wrapper fusion-column-has-shadow fusion-flex-justify-content-flex-start fusion-content-layout-column\"><div class=\"fusion-text fusion-text-6\"><h2 class=\"h2\">Ellie Braham<\/h2>\n<p>Responsable du bureau de gestion de projet<br \/>\nPronom : Elle<br \/>\n<a href=\"mailto:ellie@recoverinitiative.ca\">ellie@recoverinitiative.ca<\/a><\/p>\n<p>Ellie Braham est une dirigeante aux objectifs bien d\u00e9finis qui compte plus de 25 ann\u00e9es d\u2019exp\u00e9rience dans la transformation num\u00e9rique et organisationnelle dans les secteurs bancaire, du d\u00e9tail, gouvernemental et public. Elle met en place des \u00e9quipes hautement performantes et favorise des cultures d\u2019apprentissage et d\u2019am\u00e9lioration continue. Gr\u00e2ce \u00e0 ses comp\u00e9tences en gestion de projets et de programmes, en mobilisation des parties prenantes et en mise en \u0153uvre strat\u00e9gique, elle engendre des r\u00e9sultats mesurables.<\/p>\n<p>Mme Braham est titulaire d\u2019un baccalaur\u00e9at \u00e8s arts en \u00e9tudes administratives et d\u2019une ma\u00eetrise en apprentissage des adultes (2024). Elle allie la discipline d\u2019entreprise \u00e0 un leadership centr\u00e9 sur l\u2019humain, harmonisant les objectifs op\u00e9rationnels avec la croissance individuelle. En tant que leader, professeure, facilitatrice, et instructrice et partenaire de formation autoris\u00e9e (ATP) agr\u00e9\u00e9e par le Project Management Institute (PMI), elle a \u00e9t\u00e9 mentor pour de jeunes professionnels pour les aider \u00e0 trouver leur voix, renforcer leur confiance et d\u00e9velopper leurs capacit\u00e9s.<\/p>\n<p>Son passage du secteur de la consultation \u00e0 celui des organismes \u00e0 but non lucratif refl\u00e8te une concordance plus profonde avec ses valeurs : outiller les communaut\u00e9s, promouvoir l\u2019\u00e9quit\u00e9 et aider les \u00e9quipes anim\u00e9es par une mission \u00e0 r\u00e9ussir. Que ce soit en guidant la transformation ou en offrant de l\u2019accompagnement professionnel \u00e0 des acteurs de changement, Mme Braham a pour passion d\u2019aider les autres \u00e0 lib\u00e9rer leur potentiel.<\/p>\n<\/div><\/div><\/div><div class=\"fusion-layout-column fusion_builder_column fusion-builder-column-11 fusion_builder_column_1_3 1_3 fusion-flex-column\" style=\"--awb-bg-size:cover;--awb-width-large:33.333333333333%;--awb-margin-top-large:0px;--awb-spacing-right-large:5.76%;--awb-margin-bottom-large:20px;--awb-spacing-left-large:5.76%;--awb-width-medium:33.333333333333%;--awb-order-medium:0;--awb-spacing-right-medium:5.76%;--awb-spacing-left-medium:5.76%;--awb-width-small:100%;--awb-order-small:0;--awb-spacing-right-small:1.92%;--awb-spacing-left-small:1.92%;\"><div class=\"fusion-column-wrapper fusion-column-has-shadow fusion-flex-justify-content-flex-start fusion-content-layout-column\"><div class=\"fusion-image-element \" style=\"--awb-max-width:100%;--awb-caption-title-font-family:var(--h2_typography-font-family);--awb-caption-title-font-weight:var(--h2_typography-font-weight);--awb-caption-title-font-style:var(--h2_typography-font-style);--awb-caption-title-size:var(--h2_typography-font-size);--awb-caption-title-transform:var(--h2_typography-text-transform);--awb-caption-title-line-height:var(--h2_typography-line-height);--awb-caption-title-letter-spacing:var(--h2_typography-letter-spacing);\"><span class=\" fusion-imageframe imageframe-none imageframe-6 hover-type-none\"><img decoding=\"async\" width=\"1136\" height=\"1245\" title=\"ellie\" src=\"https:\/\/recoverinitiative.ca\/wp-content\/uploads\/2025\/11\/ellie.jpg\" alt class=\"img-responsive wp-image-1422\" srcset=\"https:\/\/recoverinitiative.ca\/wp-content\/uploads\/2025\/11\/ellie-200x219.jpg 200w, https:\/\/recoverinitiative.ca\/wp-content\/uploads\/2025\/11\/ellie-400x438.jpg 400w, https:\/\/recoverinitiative.ca\/wp-content\/uploads\/2025\/11\/ellie-600x658.jpg 600w, https:\/\/recoverinitiative.ca\/wp-content\/uploads\/2025\/11\/ellie-800x877.jpg 800w, https:\/\/recoverinitiative.ca\/wp-content\/uploads\/2025\/11\/ellie.jpg 1136w\" sizes=\"(max-width: 768px) 100vw, 600px\" \/><\/span><\/div><\/div><\/div><\/div><\/div><div class=\"fusion-fullwidth fullwidth-box fusion-builder-row-7 fusion-flex-container has-pattern-background has-mask-background nonhundred-percent-fullwidth non-hundred-percent-height-scrolling text-img-split\" style=\"--awb-border-radius-top-left:0px;--awb-border-radius-top-right:0px;--awb-border-radius-bottom-right:0px;--awb-border-radius-bottom-left:0px;--awb-flex-wrap:wrap;\" ><div class=\"fusion-builder-row fusion-row fusion-flex-align-items-flex-start fusion-flex-content-wrap\" style=\"max-width:1497.6px;margin-left: calc(-4% \/ 2 );margin-right: calc(-4% \/ 2 );\"><div class=\"fusion-layout-column fusion_builder_column fusion-builder-column-12 fusion_builder_column_1_3 1_3 fusion-flex-column\" style=\"--awb-bg-size:cover;--awb-width-large:33.333333333333%;--awb-margin-top-large:0px;--awb-spacing-right-large:5.76%;--awb-margin-bottom-large:20px;--awb-spacing-left-large:5.76%;--awb-width-medium:33.333333333333%;--awb-order-medium:0;--awb-spacing-right-medium:5.76%;--awb-spacing-left-medium:5.76%;--awb-width-small:100%;--awb-order-small:0;--awb-spacing-right-small:1.92%;--awb-spacing-left-small:1.92%;\"><div class=\"fusion-column-wrapper fusion-column-has-shadow fusion-flex-justify-content-flex-start fusion-content-layout-column\"><div class=\"fusion-image-element \" style=\"--awb-max-width:100%;--awb-caption-title-font-family:var(--h2_typography-font-family);--awb-caption-title-font-weight:var(--h2_typography-font-weight);--awb-caption-title-font-style:var(--h2_typography-font-style);--awb-caption-title-size:var(--h2_typography-font-size);--awb-caption-title-transform:var(--h2_typography-text-transform);--awb-caption-title-line-height:var(--h2_typography-line-height);--awb-caption-title-letter-spacing:var(--h2_typography-letter-spacing);\"><span class=\" fusion-imageframe imageframe-none imageframe-7 hover-type-none\"><img decoding=\"async\" width=\"1280\" height=\"1417\" title=\"krista\" src=\"https:\/\/recoverinitiative.ca\/wp-content\/uploads\/2025\/11\/krista.png\" alt class=\"img-responsive wp-image-1423\" srcset=\"https:\/\/recoverinitiative.ca\/wp-content\/uploads\/2025\/11\/krista-200x221.png 200w, https:\/\/recoverinitiative.ca\/wp-content\/uploads\/2025\/11\/krista-400x443.png 400w, https:\/\/recoverinitiative.ca\/wp-content\/uploads\/2025\/11\/krista-600x664.png 600w, https:\/\/recoverinitiative.ca\/wp-content\/uploads\/2025\/11\/krista-800x886.png 800w, https:\/\/recoverinitiative.ca\/wp-content\/uploads\/2025\/11\/krista.png 1280w\" sizes=\"(max-width: 768px) 100vw, 600px\" \/><\/span><\/div><\/div><\/div><div class=\"fusion-layout-column fusion_builder_column fusion-builder-column-13 fusion_builder_column_2_3 2_3 fusion-flex-column\" style=\"--awb-bg-size:cover;--awb-width-large:66.666666666667%;--awb-margin-top-large:0px;--awb-spacing-right-large:2.88%;--awb-margin-bottom-large:20px;--awb-spacing-left-large:2.88%;--awb-width-medium:66.666666666667%;--awb-order-medium:0;--awb-spacing-right-medium:2.88%;--awb-spacing-left-medium:2.88%;--awb-width-small:100%;--awb-order-small:0;--awb-spacing-right-small:1.92%;--awb-spacing-left-small:1.92%;\"><div class=\"fusion-column-wrapper fusion-column-has-shadow fusion-flex-justify-content-flex-start fusion-content-layout-column\"><div class=\"fusion-text fusion-text-7\"><h2 class=\"h2\">Krista Martell<\/h2>\n<p>Directrice financi\u00e8re \u00e0 temps partiel<br \/>\nPronom : Elle<br \/>\n<a href=\"mailto:krista@recoverinitiative.ca\">krista@recoverinitiative.ca<\/a><\/p>\n<p>Cumulant pr\u00e8s de 20 ans d\u2019exp\u00e9rience professionnelle, Krista Martell est une dirigeante ax\u00e9e sur la collaboration et sur les r\u00e9sultats qui a occup\u00e9 des postes de direction cl\u00e9s dans certaines des organisations les plus \u00e9minentes du Canada atlantique. Sa vaste exp\u00e9rience dans les services professionnels, les produits de consommation emball\u00e9s, les biotechnologies et les \u00e9nergies renouvelables lui donne des atouts uniques pour soutenir des organisations en pleine expansion comme ReCover dans la poursuite de leurs ambitions de croissance.<\/p>\n<p>Mme Martell est comptable professionnelle agr\u00e9\u00e9e et titulaire d\u2019une ma\u00eetrise en administration des affaires et d\u2019un baccalaur\u00e9at en commerce de la Sobey School of Business de l\u2019Universit\u00e9 Saint Mary\u2019s.<\/p>\n<p>Quand elle n\u2019est pas en train d\u2019aider ses clients \u00e0 faire grandir leur entreprise, elle aime courir, faire du v\u00e9lo, du kayak, de la planche nautique et du ski alpin, et passer du temps en plein air au parc Shubie avec son fils et son mari.<\/p>\n<\/div><\/div><\/div><\/div><\/div><div class=\"fusion-fullwidth fullwidth-box fusion-builder-row-8 fusion-flex-container has-pattern-background has-mask-background nonhundred-percent-fullwidth non-hundred-percent-height-scrolling team\" style=\"--awb-border-radius-top-left:0px;--awb-border-radius-top-right:0px;--awb-border-radius-bottom-right:0px;--awb-border-radius-bottom-left:0px;--awb-background-color:#f5f5f5;--awb-flex-wrap:wrap;\" ><div class=\"fusion-builder-row fusion-row fusion-flex-align-items-flex-start fusion-flex-content-wrap\" style=\"max-width:calc( 1440px + 20px );margin-left: calc(-20px \/ 2 );margin-right: calc(-20px \/ 2 );\"><div class=\"fusion-layout-column fusion_builder_column fusion-builder-column-14 fusion_builder_column_1_1 1_1 fusion-flex-column\" style=\"--awb-bg-size:cover;--awb-width-large:100%;--awb-margin-top-large:0px;--awb-spacing-right-large:10px;--awb-margin-bottom-large:20px;--awb-spacing-left-large:10px;--awb-width-medium:100%;--awb-order-medium:0;--awb-spacing-right-medium:10px;--awb-spacing-left-medium:10px;--awb-width-small:100%;--awb-order-small:0;--awb-spacing-right-small:10px;--awb-spacing-left-small:10px;\"><div class=\"fusion-column-wrapper fusion-column-has-shadow fusion-flex-justify-content-flex-start fusion-content-layout-column\"><div class=\"fusion-text fusion-text-8 fusion-text-no-margin\" style=\"--awb-margin-bottom:60px;\"><h2 class=\"h2\">Media<\/h2>\n<\/div><\/div><\/div><div class=\"fusion-layout-column fusion_builder_column fusion-builder-column-15 fusion_builder_column_1_4 1_4 fusion-flex-column\" style=\"--awb-bg-size:cover;--awb-width-large:25%;--awb-margin-top-large:0px;--awb-spacing-right-large:10px;--awb-margin-bottom-large:20px;--awb-spacing-left-large:10px;--awb-width-medium:25%;--awb-order-medium:0;--awb-spacing-right-medium:10px;--awb-spacing-left-medium:10px;--awb-width-small:100%;--awb-order-small:0;--awb-spacing-right-small:10px;--awb-spacing-left-small:10px;\"><div class=\"fusion-column-wrapper fusion-column-has-shadow fusion-flex-justify-content-flex-start fusion-content-layout-column\"><div class=\"col content-box-wrapper content-wrapper link-area-link-icon content-icon-wrapper-yes icon-hover-animation-fade\" data-animationoffset=\"top-into-view\"><div class=\"heading heading-with-icon icon-left\"><div aria-hidden=\"true\" class=\"image\"><img decoding=\"async\" src=\"\/wp-content\/uploads\/2025\/11\/maria.jpg\" width=\"224\" height=\"104.5\" alt=\"\"><\/div><\/div><div class=\"fusion-clearfix\"><\/div><div class=\"content-container\">\n<strong>Maria McGowan<\/strong>\n<p>Directrice des communications<br \/>\n<a href=\"mailto:maria@recoverinitiative.ca\">maria@recoverinitiative.ca<\/a><\/p>\n<\/div><\/div>\n<a class=\"card-container fusion-modal-text-link email\" data-target=\".fusion-modal.maria\" data-toggle=\"modal\" href=\"#\">\nRead Biography >\n<\/a><\/div><\/div><div class=\"fusion-layout-column fusion_builder_column fusion-builder-column-16 fusion_builder_column_1_4 1_4 fusion-flex-column\" style=\"--awb-bg-size:cover;--awb-width-large:25%;--awb-margin-top-large:0px;--awb-spacing-right-large:10px;--awb-margin-bottom-large:20px;--awb-spacing-left-large:10px;--awb-width-medium:25%;--awb-order-medium:0;--awb-spacing-right-medium:10px;--awb-spacing-left-medium:10px;--awb-width-small:100%;--awb-order-small:0;--awb-spacing-right-small:10px;--awb-spacing-left-small:10px;\"><div class=\"fusion-column-wrapper fusion-column-has-shadow fusion-flex-justify-content-flex-start fusion-content-layout-column\"><div class=\"col content-box-wrapper content-wrapper link-area-link-icon content-icon-wrapper-yes icon-hover-animation-fade\" data-animationoffset=\"top-into-view\">\n<div class=\"heading heading-with-icon icon-left\">\n<div aria-hidden=\"true\" class=\"image\">\n<img decoding=\"async\" src=\"\/wp-content\/uploads\/2025\/11\/nigel.jpg\" width=\"224\" height=\"104.5\" alt=\"\"><\/div><\/div><div class=\"fusion-clearfix\"><\/div><div class=\"content-container\">\n<strong>Nigel Owen<\/strong>\n<p>Directeur principal de projet<br \/>\n<a href=\"mailto:nigel@recoverinitiative.ca\">nigel@recoverinitiative.ca<\/a><\/p>\n<\/div><\/div>\n<a class=\"card-container fusion-modal-text-link email\" data-target=\".fusion-modal.nigel\" data-toggle=\"modal\" href=\"#\">\nRead Biography >\n<\/a><\/div><\/div><div class=\"fusion-layout-column fusion_builder_column fusion-builder-column-17 fusion_builder_column_1_4 1_4 fusion-flex-column\" style=\"--awb-bg-size:cover;--awb-width-large:25%;--awb-margin-top-large:0px;--awb-spacing-right-large:10px;--awb-margin-bottom-large:20px;--awb-spacing-left-large:10px;--awb-width-medium:25%;--awb-order-medium:0;--awb-spacing-right-medium:10px;--awb-spacing-left-medium:10px;--awb-width-small:100%;--awb-order-small:0;--awb-spacing-right-small:10px;--awb-spacing-left-small:10px;\"><div class=\"fusion-column-wrapper fusion-column-has-shadow fusion-flex-justify-content-flex-start fusion-content-layout-column\"><div class=\"col content-box-wrapper content-wrapper link-area-link-icon content-icon-wrapper-yes icon-hover-animation-fade\" data-animationoffset=\"top-into-view\">\n<div class=\"heading heading-with-icon icon-left\">\n<div aria-hidden=\"true\" class=\"image\">\n<img decoding=\"async\" src=\"\/wp-content\/uploads\/2025\/11\/henry.jpg\" width=\"224\" height=\"104.5\" alt=\"\"><\/div><\/div><div class=\"fusion-clearfix\"><\/div><div class=\"content-container\">\n<strong>Dr. Henry Penn<\/strong>\n<p>Directeur de projet<br \/>\n<a href=\"mailto:henry@recoverinitiative.ca\">henry@recoverinitiative.ca<\/a><\/p>\n<\/div><\/div>\n<a class=\"card-container fusion-modal-text-link email\" data-target=\".fusion-modal.henry\" data-toggle=\"modal\" href=\"#\">\nRead Biography >\n<\/a><\/div><\/div><div class=\"fusion-layout-column fusion_builder_column fusion-builder-column-18 fusion_builder_column_1_4 1_4 fusion-flex-column\" style=\"--awb-bg-size:cover;--awb-width-large:25%;--awb-margin-top-large:0px;--awb-spacing-right-large:10px;--awb-margin-bottom-large:20px;--awb-spacing-left-large:10px;--awb-width-medium:25%;--awb-order-medium:0;--awb-spacing-right-medium:10px;--awb-spacing-left-medium:10px;--awb-width-small:100%;--awb-order-small:0;--awb-spacing-right-small:10px;--awb-spacing-left-small:10px;\"><div class=\"fusion-column-wrapper fusion-column-has-shadow fusion-flex-justify-content-flex-start fusion-content-layout-column\"><div class=\"col content-box-wrapper content-wrapper link-area-link-icon content-icon-wrapper-yes icon-hover-animation-fade\" data-animationoffset=\"top-into-view\">\n<div class=\"heading heading-with-icon icon-left\">\n<div aria-hidden=\"true\" class=\"image\">\n<img decoding=\"async\" src=\"\/wp-content\/uploads\/2025\/11\/yvonne.jpg\" width=\"224\" height=\"104.5\" alt=\"\"><\/div><\/div><div class=\"fusion-clearfix\"><\/div><div class=\"content-container\">\n<strong>Yvonne Ekpe<\/strong>\n<p>Sp\u00e9cialiste des communications<br \/>\n<a href=\"mailto:yvonne@recoverinitiative.ca\">yvonne@recoverinitiative.ca<\/a><\/p>\n<\/div><\/div>\n<a class=\"card-container fusion-modal-text-link email\" data-target=\".fusion-modal.yvonne\" data-toggle=\"modal\" href=\"#\">\nRead Biography >\n<\/a><\/div><\/div><div class=\"fusion-layout-column fusion_builder_column fusion-builder-column-19 fusion_builder_column_1_4 1_4 fusion-flex-column\" style=\"--awb-bg-size:cover;--awb-width-large:25%;--awb-margin-top-large:0px;--awb-spacing-right-large:10px;--awb-margin-bottom-large:20px;--awb-spacing-left-large:10px;--awb-width-medium:25%;--awb-order-medium:0;--awb-spacing-right-medium:10px;--awb-spacing-left-medium:10px;--awb-width-small:100%;--awb-order-small:0;--awb-spacing-right-small:10px;--awb-spacing-left-small:10px;\"><div class=\"fusion-column-wrapper fusion-column-has-shadow fusion-flex-justify-content-flex-start fusion-content-layout-column\"><div class=\"col content-box-wrapper content-wrapper link-area-link-icon content-icon-wrapper-yes icon-hover-animation-fade\" data-animationoffset=\"top-into-view\"><div class=\"heading heading-with-icon icon-left\"><div aria-hidden=\"true\" class=\"image\"><img decoding=\"async\" src=\"\/wp-content\/uploads\/2025\/11\/oreoluwa.jpg\" width=\"224\" height=\"104.5\" alt=\"\"><\/div><\/div><div class=\"fusion-clearfix\"><\/div><div class=\"content-container\">\n<strong>Oreoluwa Sodeinde<\/strong>\n<p>Administratrice de projet<br \/>\n<a href=\"mailto:oreoluwa@recoverinitiative.ca\">oreoluwa@recoverinitiative.ca<\/a><\/p>\n<\/div><\/div>\n<a class=\"card-container fusion-modal-text-link email\" data-target=\".fusion-modal.oreoluwa\" data-toggle=\"modal\" href=\"#\">\nRead Biography >\n<\/a><\/div><\/div><div class=\"fusion-layout-column fusion_builder_column fusion-builder-column-20 fusion_builder_column_1_4 1_4 fusion-flex-column\" style=\"--awb-bg-size:cover;--awb-width-large:25%;--awb-margin-top-large:0px;--awb-spacing-right-large:10px;--awb-margin-bottom-large:20px;--awb-spacing-left-large:10px;--awb-width-medium:25%;--awb-order-medium:0;--awb-spacing-right-medium:10px;--awb-spacing-left-medium:10px;--awb-width-small:100%;--awb-order-small:0;--awb-spacing-right-small:10px;--awb-spacing-left-small:10px;\"><div class=\"fusion-column-wrapper fusion-column-has-shadow fusion-flex-justify-content-flex-start fusion-content-layout-column\"><div class=\"col content-box-wrapper content-wrapper link-area-link-icon content-icon-wrapper-yes icon-hover-animation-fade\" data-animationoffset=\"top-into-view\"><div class=\"heading heading-with-icon icon-left\"><div aria-hidden=\"true\" class=\"image\"><img decoding=\"async\" src=\"\/wp-content\/uploads\/2025\/11\/vanessa.png\" width=\"224\" height=\"104.5\" alt=\"\"><\/div><\/div><div class=\"fusion-clearfix\"><\/div><div class=\"content-container\">\n<strong>Vanessa Hartley<\/strong>\n<p>Coordonnatrice principale de programme<br \/>\n<a href=\"mailto:vanessa@recoverinitiative.ca\">vanessa@recoverinitiative.ca<\/a><\/p>\n<\/div><\/div>\n<a class=\"card-container fusion-modal-text-link email\" data-target=\".fusion-modal.vanessa\" data-toggle=\"modal\" href=\"#\">\nRead Biography >\n<\/a><\/div><\/div><div class=\"fusion-layout-column fusion_builder_column fusion-builder-column-21 fusion_builder_column_1_4 1_4 fusion-flex-column\" style=\"--awb-bg-size:cover;--awb-width-large:25%;--awb-margin-top-large:0px;--awb-spacing-right-large:10px;--awb-margin-bottom-large:20px;--awb-spacing-left-large:10px;--awb-width-medium:25%;--awb-order-medium:0;--awb-spacing-right-medium:10px;--awb-spacing-left-medium:10px;--awb-width-small:100%;--awb-order-small:0;--awb-spacing-right-small:10px;--awb-spacing-left-small:10px;\"><div class=\"fusion-column-wrapper fusion-column-has-shadow fusion-flex-justify-content-flex-start fusion-content-layout-column\"><div class=\"col content-box-wrapper content-wrapper link-area-link-icon content-icon-wrapper-yes icon-hover-animation-fade\" data-animationoffset=\"top-into-view\"><div class=\"heading heading-with-icon icon-left\"><div aria-hidden=\"true\" class=\"image\"><img decoding=\"async\" src=\"\/wp-content\/uploads\/2025\/11\/theresa.jpg\" width=\"224\" height=\"104.5\" alt=\"\"><\/div><\/div><div class=\"fusion-clearfix\"><\/div><div class=\"content-container\">\n<strong>Theresa Yuill<\/strong>\n<p>Coordonnatrice principale de programme<br \/>\n<a href=\"mailto:theresa@recoverinitiative.ca\">theresa@recoverinitiative.ca<\/a><\/p>\n<\/div><\/div>\n<a class=\"card-container fusion-modal-text-link email\" data-target=\".fusion-modal.theresa\" data-toggle=\"modal\" href=\"#\">\nRead Biography >\n<\/a><\/div><\/div><div class=\"fusion-layout-column fusion_builder_column fusion-builder-column-22 fusion_builder_column_1_4 1_4 fusion-flex-column\" style=\"--awb-bg-size:cover;--awb-width-large:25%;--awb-margin-top-large:0px;--awb-spacing-right-large:10px;--awb-margin-bottom-large:20px;--awb-spacing-left-large:10px;--awb-width-medium:25%;--awb-order-medium:0;--awb-spacing-right-medium:10px;--awb-spacing-left-medium:10px;--awb-width-small:100%;--awb-order-small:0;--awb-spacing-right-small:10px;--awb-spacing-left-small:10px;\"><div class=\"fusion-column-wrapper fusion-column-has-shadow fusion-flex-justify-content-flex-start fusion-content-layout-column\"><div class=\"col content-box-wrapper content-wrapper link-area-link-icon content-icon-wrapper-yes icon-hover-animation-fade\" data-animationoffset=\"top-into-view\"><div class=\"heading heading-with-icon icon-left\"><div aria-hidden=\"true\" class=\"image\"><img decoding=\"async\" src=\"\/wp-content\/uploads\/2025\/11\/samantha.jpg\" width=\"224\" height=\"104.5\" alt=\"\"><\/div><\/div><div class=\"fusion-clearfix\"><\/div><div class=\"content-container\">\n<strong>Samantha Gaetz<\/strong>\n<p>Coordonnatrice de programme<br \/>\n<a href=\"mailto:samantha@recoverinitiative.ca\">samantha@recoverinitiative.ca<\/a><\/p>\n<\/div><\/div>\n<a class=\"card-container fusion-modal-text-link email\" data-target=\".fusion-modal.samantha\" data-toggle=\"modal\" href=\"#\">\nRead Biography >\n<\/a><\/div><\/div><div class=\"fusion-layout-column fusion_builder_column fusion-builder-column-23 fusion_builder_column_1_4 1_4 fusion-flex-column\" style=\"--awb-bg-size:cover;--awb-width-large:25%;--awb-margin-top-large:0px;--awb-spacing-right-large:10px;--awb-margin-bottom-large:20px;--awb-spacing-left-large:10px;--awb-width-medium:25%;--awb-order-medium:0;--awb-spacing-right-medium:10px;--awb-spacing-left-medium:10px;--awb-width-small:100%;--awb-order-small:0;--awb-spacing-right-small:10px;--awb-spacing-left-small:10px;\"><div class=\"fusion-column-wrapper fusion-column-has-shadow fusion-flex-justify-content-flex-start fusion-content-layout-column\"><div class=\"col content-box-wrapper content-wrapper link-area-link-icon content-icon-wrapper-yes icon-hover-animation-fade\" data-animationoffset=\"top-into-view\"><div class=\"heading heading-with-icon icon-left\"><div aria-hidden=\"true\" class=\"image\"><img decoding=\"async\" src=\"\/wp-content\/uploads\/2025\/11\/steven.jpg\" width=\"224\" height=\"104.5\" alt=\"\"><\/div><\/div><div class=\"fusion-clearfix\"><\/div><div class=\"content-container\">\n<strong>Steven Li<\/strong>\n<p>Coordonnatrice de programme<br \/>\n<a href=\"mailto:steven@recoverinitiative.ca\">steven@recoverinitiative.ca<\/a><\/p>\n<\/div><\/div>\n<a class=\"card-container fusion-modal-text-link email\" data-target=\".fusion-modal.steven\" data-toggle=\"modal\" href=\"#\">\nRead Biography >\n<\/a><\/div><\/div><div class=\"fusion-layout-column fusion_builder_column fusion-builder-column-24 fusion_builder_column_1_4 1_4 fusion-flex-column\" style=\"--awb-bg-size:cover;--awb-width-large:25%;--awb-margin-top-large:0px;--awb-spacing-right-large:10px;--awb-margin-bottom-large:20px;--awb-spacing-left-large:10px;--awb-width-medium:25%;--awb-order-medium:0;--awb-spacing-right-medium:10px;--awb-spacing-left-medium:10px;--awb-width-small:100%;--awb-order-small:0;--awb-spacing-right-small:10px;--awb-spacing-left-small:10px;\"><div class=\"fusion-column-wrapper fusion-column-has-shadow fusion-flex-justify-content-flex-start fusion-content-layout-column\"><div class=\"col content-box-wrapper content-wrapper link-area-link-icon content-icon-wrapper-yes icon-hover-animation-fade\" data-animationoffset=\"top-into-view\"><div class=\"heading heading-with-icon icon-left\"><div aria-hidden=\"true\" class=\"image\"><img decoding=\"async\" src=\"\/wp-content\/uploads\/2025\/11\/kessiena.jpg\" width=\"224\" height=\"104.5\" alt=\"\"><\/div><\/div><div class=\"fusion-clearfix\"><\/div><div class=\"content-container\">\n<strong>Kessiena Kama<\/strong>\n<p>Coordonnatrice de projet<br \/>\n<a href=\"mailto:kessiena@recoverinitiative.ca\">kessiena@recoverinitiative.ca<\/a><\/p>\n<\/div><\/div>\n<a class=\"card-container fusion-modal-text-link email\" data-target=\".fusion-modal.kessiena\" data-toggle=\"modal\" href=\"#\">\nRead Biography >\n<\/a><\/div><\/div><div class=\"fusion-layout-column fusion_builder_column fusion-builder-column-25 fusion_builder_column_1_4 1_4 fusion-flex-column\" style=\"--awb-bg-size:cover;--awb-width-large:25%;--awb-margin-top-large:0px;--awb-spacing-right-large:10px;--awb-margin-bottom-large:20px;--awb-spacing-left-large:10px;--awb-width-medium:25%;--awb-order-medium:0;--awb-spacing-right-medium:10px;--awb-spacing-left-medium:10px;--awb-width-small:100%;--awb-order-small:0;--awb-spacing-right-small:10px;--awb-spacing-left-small:10px;\"><div class=\"fusion-column-wrapper fusion-column-has-shadow fusion-flex-justify-content-flex-start fusion-content-layout-column\"><div class=\"col content-box-wrapper content-wrapper link-area-link-icon content-icon-wrapper-yes icon-hover-animation-fade\" data-animationoffset=\"top-into-view\"><div class=\"heading heading-with-icon icon-left\"><div aria-hidden=\"true\" class=\"image\"><img decoding=\"async\" src=\"\/wp-content\/uploads\/2025\/11\/chanyoung.jpg\" width=\"224\" height=\"104.5\" alt=\"\"><\/div><\/div><div class=\"fusion-clearfix\"><\/div><div class=\"content-container\">\n<strong>Chanyoung Lee<\/strong>\n<p>Analyste de donn\u00e9es<br \/>\n<a href=\"mailto:chanyoung@recoverinitiative.ca\">chanyoung@recoverinitiative.ca<\/a><\/p>\n<\/div><\/div>\n<a class=\"card-container fusion-modal-text-link email\" data-target=\".fusion-modal.chanyoung\" data-toggle=\"modal\" href=\"#\">\nRead Biography >\n<\/a><\/div><\/div><div class=\"fusion-layout-column fusion_builder_column fusion-builder-column-26 fusion_builder_column_1_4 1_4 fusion-flex-column\" style=\"--awb-bg-size:cover;--awb-width-large:25%;--awb-margin-top-large:0px;--awb-spacing-right-large:10px;--awb-margin-bottom-large:20px;--awb-spacing-left-large:10px;--awb-width-medium:25%;--awb-order-medium:0;--awb-spacing-right-medium:10px;--awb-spacing-left-medium:10px;--awb-width-small:100%;--awb-order-small:0;--awb-spacing-right-small:10px;--awb-spacing-left-small:10px;\"><div class=\"fusion-column-wrapper fusion-column-has-shadow fusion-flex-justify-content-flex-start fusion-content-layout-column\"><div class=\"col content-box-wrapper content-wrapper link-area-link-icon content-icon-wrapper-yes icon-hover-animation-fade\" data-animationoffset=\"top-into-view\"><div class=\"heading heading-with-icon icon-left\"><div aria-hidden=\"true\" class=\"image\"><img decoding=\"async\" src=\"\/wp-content\/uploads\/2025\/11\/rebecca-r.png\" width=\"224\" height=\"104.5\" alt=\"\"><\/div><\/div><div class=\"fusion-clearfix\"><\/div><div class=\"content-container\">\n<strong>Rebecca Richards<\/strong>\n<p>Directrice du bureau (actuellement en cong\u00e9 de maternit\u00e9)<br \/>\n<a href=\"mailto:rebecca@recoverinitiative.ca\">rebecca@recoverinitiative.ca<\/a><\/p>\n<\/div><\/div>\n<a class=\"card-container fusion-modal-text-link email\" data-target=\".fusion-modal.rebecca\" data-toggle=\"modal\" href=\"#\">\nRead Biography >\n<\/a><\/div><\/div><div class=\"fusion-layout-column fusion_builder_column fusion-builder-column-27 fusion_builder_column_1_4 1_4 fusion-flex-column\" style=\"--awb-bg-size:cover;--awb-width-large:25%;--awb-margin-top-large:0px;--awb-spacing-right-large:10px;--awb-margin-bottom-large:20px;--awb-spacing-left-large:10px;--awb-width-medium:25%;--awb-order-medium:0;--awb-spacing-right-medium:10px;--awb-spacing-left-medium:10px;--awb-width-small:100%;--awb-order-small:0;--awb-spacing-right-small:10px;--awb-spacing-left-small:10px;\"><div class=\"fusion-column-wrapper fusion-column-has-shadow fusion-flex-justify-content-flex-start fusion-content-layout-column\"><div class=\"col content-box-wrapper content-wrapper link-area-link-icon content-icon-wrapper-yes icon-hover-animation-fade\" data-animationoffset=\"top-into-view\"><div class=\"heading heading-with-icon icon-left\"><div aria-hidden=\"true\" class=\"image\"><img decoding=\"async\" src=\"\/wp-content\/uploads\/2025\/11\/kelly.jpg\" width=\"224\" height=\"104.5\" alt=\"\"><\/div><\/div><div class=\"fusion-clearfix\"><\/div><div class=\"content-container\">\n<strong>Kelly Naugle<\/strong>\n<p>Directrice du bureau<br \/>\n<a href=\"mailto:kelly@recoverinitiative.ca\">kelly@recoverinitiative.ca<\/a><\/p>\n<\/div><\/div>\n<a class=\"card-container fusion-modal-text-link email\" data-target=\".fusion-modal.kelly\" data-toggle=\"modal\" href=\"#\">\nRead Biography >\n<\/a><\/div><\/div><\/div><\/div><div class=\"fusion-fullwidth fullwidth-box fusion-builder-row-9 fusion-flex-container has-pattern-background has-mask-background nonhundred-percent-fullwidth non-hundred-percent-height-scrolling\" style=\"--awb-border-radius-top-left:0px;--awb-border-radius-top-right:0px;--awb-border-radius-bottom-right:0px;--awb-border-radius-bottom-left:0px;--awb-flex-wrap:wrap;\" ><div class=\"fusion-builder-row fusion-row fusion-flex-align-items-flex-start fusion-flex-content-wrap\" style=\"max-width:1497.6px;margin-left: calc(-4% \/ 2 );margin-right: calc(-4% \/ 2 );\"><div class=\"fusion-layout-column fusion_builder_column fusion-builder-column-28 fusion_builder_column_1_1 1_1 fusion-flex-column\" style=\"--awb-bg-size:cover;--awb-width-large:100%;--awb-margin-top-large:0px;--awb-spacing-right-large:1.92%;--awb-margin-bottom-large:20px;--awb-spacing-left-large:1.92%;--awb-width-medium:100%;--awb-order-medium:0;--awb-spacing-right-medium:1.92%;--awb-spacing-left-medium:1.92%;--awb-width-small:100%;--awb-order-small:0;--awb-spacing-right-small:1.92%;--awb-spacing-left-small:1.92%;\"><div class=\"fusion-column-wrapper fusion-column-has-shadow fusion-flex-justify-content-flex-start fusion-content-layout-column\"><div class=\"fusion-text fusion-text-9 fusion-text-no-margin\" style=\"--awb-margin-bottom:60px;\"><h2 class=\"h2\">Conseil d&rsquo;administration<\/h2>\n<div>\n<div>Notre conseil d&rsquo;administration, qui guide notre vision et fa\u00e7onne notre strat\u00e9gie \u00e0 long terme, r\u00e9unit des dirigeants chevronn\u00e9s poss\u00e9dant une expertise approfondie dans divers secteurs. Leur engagement envers une gouvernance rigoureuse, l&rsquo;innovation et une croissance responsable garantit la r\u00e9silience et le dynamisme de notre entreprise. D\u00e9couvrez les administrateurs dont la vision et le leadership contribuent \u00e0 assurer le succ\u00e8s durable de notre organisation.<\/div>\n<\/div>\n<\/div><\/div><\/div><div class=\"fusion-layout-column fusion_builder_column fusion-builder-column-29 fusion_builder_column_1_3 1_3 fusion-flex-column\" style=\"--awb-bg-size:cover;--awb-width-large:33.333333333333%;--awb-margin-top-large:0px;--awb-spacing-right-large:5.76%;--awb-margin-bottom-large:20px;--awb-spacing-left-large:5.76%;--awb-width-medium:33.333333333333%;--awb-order-medium:0;--awb-spacing-right-medium:5.76%;--awb-spacing-left-medium:5.76%;--awb-width-small:100%;--awb-order-small:0;--awb-spacing-right-small:1.92%;--awb-spacing-left-small:1.92%;\"><div class=\"fusion-column-wrapper fusion-column-has-shadow fusion-flex-justify-content-flex-start fusion-content-layout-column\"><div class=\"col content-box-wrapper content-wrapper link-area-link-icon content-icon-wrapper-yes icon-hover-animation-fade\" data-animationoffset=\"top-into-view\"><div class=\"heading heading-with-icon icon-left\"><div aria-hidden=\"true\" class=\"image\"><img decoding=\"async\" src=\"\/wp-content\/uploads\/2025\/11\/graeme.png\" width=\"224\" height=\"104.5\" alt=\"\"><\/div><\/div><div class=\"fusion-clearfix\"><\/div><div class=\"content-container\">\n<strong>Graeme Hiebert<\/strong>\n<p>Pr\u00e9sident du conseil par int\u00e9rim<\/p>\n<\/div><\/div>\n<a class=\"card-container fusion-modal-text-link email\" data-target=\".fusion-modal.graeme\" data-toggle=\"modal\" href=\"#\">\nRead Biography >\n<\/a><\/div><\/div><div class=\"fusion-layout-column fusion_builder_column fusion-builder-column-30 fusion_builder_column_1_3 1_3 fusion-flex-column\" style=\"--awb-bg-size:cover;--awb-width-large:33.333333333333%;--awb-margin-top-large:0px;--awb-spacing-right-large:5.76%;--awb-margin-bottom-large:20px;--awb-spacing-left-large:5.76%;--awb-width-medium:33.333333333333%;--awb-order-medium:0;--awb-spacing-right-medium:5.76%;--awb-spacing-left-medium:5.76%;--awb-width-small:100%;--awb-order-small:0;--awb-spacing-right-small:1.92%;--awb-spacing-left-small:1.92%;\"><div class=\"fusion-column-wrapper fusion-column-has-shadow fusion-flex-justify-content-flex-start fusion-content-layout-column\"><div class=\"col content-box-wrapper content-wrapper link-area-link-icon content-icon-wrapper-yes icon-hover-animation-fade\" data-animationoffset=\"top-into-view\"><div class=\"heading heading-with-icon icon-left\"><div aria-hidden=\"true\" class=\"image\"><img decoding=\"async\" src=\"\/wp-content\/uploads\/2025\/11\/bill-1.png\" width=\"224\" height=\"104.5\" alt=\"\"><\/div><\/div><div class=\"fusion-clearfix\"><\/div><div class=\"content-container\">\n<strong>Bill Hahn<\/strong>\n<p>Tr\u00e9sorier<\/p>\n<\/div><\/div>\n<a class=\"card-container fusion-modal-text-link email\" data-target=\".fusion-modal.bill\" data-toggle=\"modal\" href=\"#\">\nRead Biography >\n<\/a><\/div><\/div><div class=\"fusion-layout-column fusion_builder_column fusion-builder-column-31 fusion_builder_column_1_3 1_3 fusion-flex-column\" style=\"--awb-bg-size:cover;--awb-width-large:33.333333333333%;--awb-margin-top-large:0px;--awb-spacing-right-large:5.76%;--awb-margin-bottom-large:20px;--awb-spacing-left-large:5.76%;--awb-width-medium:33.333333333333%;--awb-order-medium:0;--awb-spacing-right-medium:5.76%;--awb-spacing-left-medium:5.76%;--awb-width-small:100%;--awb-order-small:0;--awb-spacing-right-small:1.92%;--awb-spacing-left-small:1.92%;\"><div class=\"fusion-column-wrapper fusion-column-has-shadow fusion-flex-justify-content-flex-start fusion-content-layout-column\"><div class=\"col content-box-wrapper content-wrapper link-area-link-icon content-icon-wrapper-yes icon-hover-animation-fade\" data-animationoffset=\"top-into-view\"><div class=\"heading heading-with-icon icon-left\"><div aria-hidden=\"true\" class=\"image\"><img decoding=\"async\" src=\"\/wp-content\/uploads\/2025\/11\/mizel.jpg\" width=\"224\" height=\"104.5\" alt=\"\"><\/div><\/div><div class=\"fusion-clearfix\"><\/div><div class=\"content-container\">\n<strong>Mizel Cluett<\/strong>\n<p>Secr\u00e9taire par int\u00e9rim<\/p>\n<\/div><\/div>\n<a class=\"card-container fusion-modal-text-link email\" data-target=\".fusion-modal.mizel\" data-toggle=\"modal\" href=\"#\">\nRead Biography >\n<\/a><\/div><\/div><div class=\"fusion-layout-column fusion_builder_column fusion-builder-column-32 fusion_builder_column_1_3 1_3 fusion-flex-column\" style=\"--awb-bg-size:cover;--awb-width-large:33.333333333333%;--awb-margin-top-large:0px;--awb-spacing-right-large:5.76%;--awb-margin-bottom-large:20px;--awb-spacing-left-large:5.76%;--awb-width-medium:33.333333333333%;--awb-order-medium:0;--awb-spacing-right-medium:5.76%;--awb-spacing-left-medium:5.76%;--awb-width-small:100%;--awb-order-small:0;--awb-spacing-right-small:1.92%;--awb-spacing-left-small:1.92%;\"><div class=\"fusion-column-wrapper fusion-column-has-shadow fusion-flex-justify-content-flex-start fusion-content-layout-column\"><div class=\"col content-box-wrapper content-wrapper link-area-link-icon content-icon-wrapper-yes icon-hover-animation-fade\" data-animationoffset=\"top-into-view\"><div class=\"heading heading-with-icon icon-left\"><div aria-hidden=\"true\" class=\"image\"><img decoding=\"async\" src=\"\/wp-content\/uploads\/2025\/11\/amelia.png\" width=\"224\" height=\"104.5\" alt=\"\"><\/div><\/div><div class=\"fusion-clearfix\"><\/div><div class=\"content-container\">\n<strong>Amelia Warren<\/strong>\n<p>Directrice<\/p>\n<\/div><\/div>\n<a class=\"card-container fusion-modal-text-link email\" data-target=\".fusion-modal.amelia\" data-toggle=\"modal\" href=\"#\">\nRead Biography >\n<\/a><\/div><\/div><div class=\"fusion-layout-column fusion_builder_column fusion-builder-column-33 fusion_builder_column_1_3 1_3 fusion-flex-column\" style=\"--awb-bg-size:cover;--awb-width-large:33.333333333333%;--awb-margin-top-large:0px;--awb-spacing-right-large:5.76%;--awb-margin-bottom-large:20px;--awb-spacing-left-large:5.76%;--awb-width-medium:33.333333333333%;--awb-order-medium:0;--awb-spacing-right-medium:5.76%;--awb-spacing-left-medium:5.76%;--awb-width-small:100%;--awb-order-small:0;--awb-spacing-right-small:1.92%;--awb-spacing-left-small:1.92%;\"><div class=\"fusion-column-wrapper fusion-column-has-shadow fusion-flex-justify-content-flex-start fusion-content-layout-column\"><div class=\"col content-box-wrapper content-wrapper link-area-link-icon content-icon-wrapper-yes icon-hover-animation-fade\" data-animationoffset=\"top-into-view\"><div class=\"heading heading-with-icon icon-left\"><div aria-hidden=\"true\" class=\"image\"><img decoding=\"async\" src=\"\/wp-content\/uploads\/2025\/11\/edmundo.jpg\" width=\"224\" height=\"104.5\" alt=\"\"><\/div><\/div><div class=\"fusion-clearfix\"><\/div><div class=\"content-container\">\n<strong>Edmundo Fausto<\/strong>\n<p>Directrice<\/p>\n<\/div><\/div>\n<a class=\"card-container fusion-modal-text-link email\" data-target=\".fusion-modal.edmundo\" data-toggle=\"modal\" href=\"#\">\nRead Biography >\n<\/a><\/div><\/div><div class=\"fusion-layout-column fusion_builder_column fusion-builder-column-34 fusion_builder_column_1_3 1_3 fusion-flex-column\" style=\"--awb-bg-size:cover;--awb-width-large:33.333333333333%;--awb-margin-top-large:0px;--awb-spacing-right-large:5.76%;--awb-margin-bottom-large:20px;--awb-spacing-left-large:5.76%;--awb-width-medium:33.333333333333%;--awb-order-medium:0;--awb-spacing-right-medium:5.76%;--awb-spacing-left-medium:5.76%;--awb-width-small:100%;--awb-order-small:0;--awb-spacing-right-small:1.92%;--awb-spacing-left-small:1.92%;\"><div class=\"fusion-column-wrapper fusion-column-has-shadow fusion-flex-justify-content-flex-start fusion-content-layout-column\"><div class=\"col content-box-wrapper content-wrapper link-area-link-icon content-icon-wrapper-yes icon-hover-animation-fade\" data-animationoffset=\"top-into-view\"><div class=\"heading heading-with-icon icon-left\"><div aria-hidden=\"true\" class=\"image\"><img decoding=\"async\" src=\"\/wp-content\/uploads\/2025\/11\/sandra.jpg\" width=\"224\" height=\"104.5\" alt=\"\"><\/div><\/div><div class=\"fusion-clearfix\"><\/div><div class=\"content-container\">\n<strong>Sandra Moore<\/strong>\n<p>Directrice<\/p>\n<\/div><\/div>\n<a class=\"card-container fusion-modal-text-link email\" data-target=\".fusion-modal.sandra\" data-toggle=\"modal\" href=\"#\">\nRead Biography >\n<\/a><\/div><\/div><div class=\"fusion-layout-column fusion_builder_column fusion-builder-column-35 fusion_builder_column_1_1 1_1 fusion-flex-column\" style=\"--awb-bg-size:cover;--awb-width-large:100%;--awb-margin-top-large:0px;--awb-spacing-right-large:1.92%;--awb-margin-bottom-large:20px;--awb-spacing-left-large:1.92%;--awb-width-medium:100%;--awb-order-medium:0;--awb-spacing-right-medium:1.92%;--awb-spacing-left-medium:1.92%;--awb-width-small:100%;--awb-order-small:0;--awb-spacing-right-small:1.92%;--awb-spacing-left-small:1.92%;\"><div class=\"fusion-column-wrapper fusion-column-has-shadow fusion-flex-justify-content-flex-start fusion-content-layout-column\"><div class=\"fusion-modal modal fade modal-1 maria\" tabindex=\"-1\" role=\"dialog\" aria-labelledby=\"modal-heading-1\" aria-hidden=\"true\" style=\"--awb-border-color:#ffffff;--awb-background:var(--awb-color1);\"><div class=\"modal-dialog modal-lg\" role=\"document\"><div class=\"modal-content fusion-modal-content\"><div class=\"modal-header\"><button class=\"close\" type=\"button\" data-dismiss=\"modal\" aria-hidden=\"true\" aria-label=\"Close\">&times;<\/button><h3 class=\"modal-title\" id=\"modal-heading-1\" data-dismiss=\"modal\" aria-hidden=\"true\"> <\/h3><\/div><div class=\"modal-body fusion-clearfix\"><div class=\"fusion-fullwidth fullwidth-box fusion-builder-row-9-1 fusion-flex-container has-pattern-background has-mask-background nonhundred-percent-fullwidth non-hundred-percent-height-scrolling text-img-split team-modal\" style=\"--awb-border-radius-top-left:0px;--awb-border-radius-top-right:0px;--awb-border-radius-bottom-right:0px;--awb-border-radius-bottom-left:0px;--awb-padding-right:30px;--awb-padding-left:30px;--awb-flex-wrap:wrap;\" ><div class=\"fusion-builder-row fusion-row fusion-flex-align-items-flex-start fusion-flex-content-wrap\" style=\"width:104% !important;max-width:104% !important;margin-left: calc(-4% \/ 2 );margin-right: calc(-4% \/ 2 );\"><div class=\"fusion-layout-column fusion_builder_column fusion-builder-column-36 fusion_builder_column_1_4 1_4 fusion-flex-column\" style=\"--awb-bg-size:cover;--awb-width-large:25%;--awb-flex-grow:0;--awb-flex-shrink:0;--awb-margin-top-large:0px;--awb-spacing-right-large:7.68%;--awb-margin-bottom-large:20px;--awb-spacing-left-large:7.68%;--awb-width-medium:25%;--awb-order-medium:0;--awb-flex-grow-medium:0;--awb-flex-shrink-medium:0;--awb-spacing-right-medium:7.68%;--awb-spacing-left-medium:7.68%;--awb-width-small:100%;--awb-order-small:0;--awb-flex-grow-small:0;--awb-flex-shrink-small:0;--awb-spacing-right-small:1.92%;--awb-spacing-left-small:1.92%;\"><div class=\"fusion-column-wrapper fusion-column-has-shadow fusion-flex-justify-content-flex-start fusion-content-layout-column\"><div class=\"fusion-image-element in-legacy-container\" style=\"--awb-max-width:100%;--awb-caption-title-font-family:var(--h2_typography-font-family);--awb-caption-title-font-weight:var(--h2_typography-font-weight);--awb-caption-title-font-style:var(--h2_typography-font-style);--awb-caption-title-size:var(--h2_typography-font-size);--awb-caption-title-transform:var(--h2_typography-text-transform);--awb-caption-title-line-height:var(--h2_typography-line-height);--awb-caption-title-letter-spacing:var(--h2_typography-letter-spacing);\"><span class=\" fusion-imageframe imageframe-none imageframe-8 hover-type-none\"><img decoding=\"async\" width=\"1280\" height=\"1402\" title=\"maria\" src=\"https:\/\/recoverinitiative.ca\/wp-content\/uploads\/2025\/11\/maria.jpg\" alt class=\"img-responsive wp-image-678\" srcset=\"https:\/\/recoverinitiative.ca\/wp-content\/uploads\/2025\/11\/maria-200x219.jpg 200w, https:\/\/recoverinitiative.ca\/wp-content\/uploads\/2025\/11\/maria-400x438.jpg 400w, https:\/\/recoverinitiative.ca\/wp-content\/uploads\/2025\/11\/maria-600x657.jpg 600w, https:\/\/recoverinitiative.ca\/wp-content\/uploads\/2025\/11\/maria-800x876.jpg 800w, https:\/\/recoverinitiative.ca\/wp-content\/uploads\/2025\/11\/maria-1200x1314.jpg 1200w, https:\/\/recoverinitiative.ca\/wp-content\/uploads\/2025\/11\/maria.jpg 1280w\" sizes=\"(max-width: 768px) 100vw, 400px\" \/><\/span><\/div><\/div><\/div><div class=\"fusion-layout-column fusion_builder_column fusion-builder-column-37 fusion_builder_column_3_4 3_4 fusion-flex-column\" style=\"--awb-bg-size:cover;--awb-width-large:75%;--awb-flex-grow:0;--awb-flex-shrink:0;--awb-margin-top-large:0px;--awb-spacing-right-large:2.56%;--awb-margin-bottom-large:20px;--awb-spacing-left-large:2.56%;--awb-width-medium:75%;--awb-order-medium:0;--awb-flex-grow-medium:0;--awb-flex-shrink-medium:0;--awb-spacing-right-medium:2.56%;--awb-spacing-left-medium:2.56%;--awb-width-small:100%;--awb-order-small:0;--awb-flex-grow-small:0;--awb-flex-shrink-small:0;--awb-spacing-right-small:1.92%;--awb-spacing-left-small:1.92%;\"><div class=\"fusion-column-wrapper fusion-column-has-shadow fusion-flex-justify-content-flex-start fusion-content-layout-column\"><div class=\"fusion-text fusion-text-10\"><h3>Maria McGowan<\/h3>\n<p><strong>Directrice des communications<\/strong><br \/>\nPronom : Elle<br \/>\n<a href=\"mailto:maria@recoverinitiative.ca\">maria@recoverinitiative.ca<\/a><\/p>\n<\/div><\/div><\/div><div class=\"fusion-layout-column fusion_builder_column fusion-builder-column-38 fusion_builder_column_1_1 1_1 fusion-flex-column\" style=\"--awb-bg-size:cover;--awb-width-large:100%;--awb-flex-grow:0;--awb-flex-shrink:0;--awb-margin-top-large:0px;--awb-spacing-right-large:1.92%;--awb-margin-bottom-large:20px;--awb-spacing-left-large:1.92%;--awb-width-medium:100%;--awb-order-medium:0;--awb-flex-grow-medium:0;--awb-flex-shrink-medium:0;--awb-spacing-right-medium:1.92%;--awb-spacing-left-medium:1.92%;--awb-width-small:100%;--awb-order-small:0;--awb-flex-grow-small:0;--awb-flex-shrink-small:0;--awb-spacing-right-small:1.92%;--awb-spacing-left-small:1.92%;\"><div class=\"fusion-column-wrapper fusion-column-has-shadow fusion-flex-justify-content-flex-start fusion-content-layout-column\"><div class=\"fusion-text fusion-text-11\"><p>Maria McGowan est une strat\u00e8ge chevronn\u00e9e en marketing num\u00e9rique et en m\u00e9dias sociaux. Elle est sp\u00e9cialis\u00e9e dans la conception et l\u2019ex\u00e9cution de campagnes ax\u00e9es sur les r\u00e9sultats, notamment pour des entreprises du secteur des \u00e9nergies renouvelables. Le leadership et l\u2019approche cr\u00e9ative de Maria ont \u00e9t\u00e9 r\u00e9compens\u00e9s par des prix nationaux et internationaux, soulignant sa capacit\u00e9 \u00e0 assurer une croissance mesurable et \u00e0 rehausser la visibilit\u00e9 des marques. <\/p>\n<p>En tant qu\u2019animatrice et productrice du balado hebdomadaire Reimagined Energy, Mme McGowan r\u00e9unit des universitaires, des innovateurs industriels et des chefs d\u2019entreprises afin de mettre en lumi\u00e8re des initiatives r\u00e9volutionnaires dans le secteur des \u00e9nergies renouvelables.<\/p>\n<p>Au-del\u00e0 de ses activit\u00e9s professionnelles, Mme McGowan est profond\u00e9ment engag\u00e9e dans le service communautaire. Elle a \u00e9t\u00e9 membre du conseil d\u2019administration de Healthy Minds Cooperative et du Blue Nose Marathon. Elle a fait partie de l\u2019\u00e9quipe de direction du BMO Ride for Cancer, la plus grande collecte de fonds \u00e0 v\u00e9lo du Canada atlantique, qui a permis de recueillir plus de 1,7 million de dollars en faveur des soins contre le cancer. Depuis 2023, elle est mentor pour l\u2019organismes How to Change the World, et s\u2019est jointe r\u00e9cemment \u00e0 Femmes des \u00c9nergies Renouvelables (F\u00c9R).   <\/p>\n<p>Pendant ses temps libres, elle aime faire de la randonn\u00e9e, jardiner, encourager l\u2019\u00e9quipe des Steelers de Pittsburgh et tenter de r\u00e9soudre des mots crois\u00e9s.<\/p>\n<\/div><\/div><\/div><\/div><\/div>\n<\/div><\/div><\/div><\/div><div class=\"fusion-modal modal fade modal-2 nigel\" tabindex=\"-1\" role=\"dialog\" aria-labelledby=\"modal-heading-2\" aria-hidden=\"true\" style=\"--awb-border-color:#ffffff;--awb-background:var(--awb-color1);\"><div class=\"modal-dialog modal-lg\" role=\"document\"><div class=\"modal-content fusion-modal-content\"><div class=\"modal-header\"><button class=\"close\" type=\"button\" data-dismiss=\"modal\" aria-hidden=\"true\" aria-label=\"Close\">&times;<\/button><h3 class=\"modal-title\" id=\"modal-heading-2\" data-dismiss=\"modal\" aria-hidden=\"true\"> <\/h3><\/div><div class=\"modal-body fusion-clearfix\"><div class=\"fusion-fullwidth fullwidth-box fusion-builder-row-9-2 fusion-flex-container has-pattern-background has-mask-background nonhundred-percent-fullwidth non-hundred-percent-height-scrolling text-img-split team-modal\" style=\"--awb-border-radius-top-left:0px;--awb-border-radius-top-right:0px;--awb-border-radius-bottom-right:0px;--awb-border-radius-bottom-left:0px;--awb-padding-top:0px;--awb-padding-right:30px;--awb-padding-left:30px;--awb-flex-wrap:wrap;\" ><div class=\"fusion-builder-row fusion-row fusion-flex-align-items-flex-start fusion-flex-content-wrap\" style=\"width:104% !important;max-width:104% !important;margin-left: calc(-4% \/ 2 );margin-right: calc(-4% \/ 2 );\"><div class=\"fusion-layout-column fusion_builder_column fusion-builder-column-39 fusion_builder_column_1_4 1_4 fusion-flex-column\" style=\"--awb-bg-size:cover;--awb-width-large:25%;--awb-flex-grow:0;--awb-flex-shrink:0;--awb-margin-top-large:0px;--awb-spacing-right-large:7.68%;--awb-margin-bottom-large:20px;--awb-spacing-left-large:7.68%;--awb-width-medium:25%;--awb-order-medium:0;--awb-flex-grow-medium:0;--awb-flex-shrink-medium:0;--awb-spacing-right-medium:7.68%;--awb-spacing-left-medium:7.68%;--awb-width-small:100%;--awb-order-small:0;--awb-flex-grow-small:0;--awb-flex-shrink-small:0;--awb-spacing-right-small:1.92%;--awb-spacing-left-small:1.92%;\"><div class=\"fusion-column-wrapper fusion-column-has-shadow fusion-flex-justify-content-flex-start fusion-content-layout-column\"><div class=\"fusion-image-element in-legacy-container\" style=\"--awb-max-width:100%;--awb-caption-title-font-family:var(--h2_typography-font-family);--awb-caption-title-font-weight:var(--h2_typography-font-weight);--awb-caption-title-font-style:var(--h2_typography-font-style);--awb-caption-title-size:var(--h2_typography-font-size);--awb-caption-title-transform:var(--h2_typography-text-transform);--awb-caption-title-line-height:var(--h2_typography-line-height);--awb-caption-title-letter-spacing:var(--h2_typography-letter-spacing);\"><span class=\" fusion-imageframe imageframe-none imageframe-9 hover-type-none\"><img decoding=\"async\" width=\"640\" height=\"701\" title=\"nigel\" src=\"https:\/\/recoverinitiative.ca\/wp-content\/uploads\/2025\/11\/nigel.jpg\" alt class=\"img-responsive wp-image-680\" srcset=\"https:\/\/recoverinitiative.ca\/wp-content\/uploads\/2025\/11\/nigel-200x219.jpg 200w, https:\/\/recoverinitiative.ca\/wp-content\/uploads\/2025\/11\/nigel-400x438.jpg 400w, https:\/\/recoverinitiative.ca\/wp-content\/uploads\/2025\/11\/nigel-600x657.jpg 600w, https:\/\/recoverinitiative.ca\/wp-content\/uploads\/2025\/11\/nigel.jpg 640w\" sizes=\"(max-width: 768px) 100vw, 400px\" \/><\/span><\/div><\/div><\/div><div class=\"fusion-layout-column fusion_builder_column fusion-builder-column-40 fusion_builder_column_3_4 3_4 fusion-flex-column\" style=\"--awb-bg-size:cover;--awb-width-large:75%;--awb-flex-grow:0;--awb-flex-shrink:0;--awb-margin-top-large:0px;--awb-spacing-right-large:2.56%;--awb-margin-bottom-large:20px;--awb-spacing-left-large:2.56%;--awb-width-medium:75%;--awb-order-medium:0;--awb-flex-grow-medium:0;--awb-flex-shrink-medium:0;--awb-spacing-right-medium:2.56%;--awb-spacing-left-medium:2.56%;--awb-width-small:100%;--awb-order-small:0;--awb-flex-grow-small:0;--awb-flex-shrink-small:0;--awb-spacing-right-small:1.92%;--awb-spacing-left-small:1.92%;\"><div class=\"fusion-column-wrapper fusion-column-has-shadow fusion-flex-justify-content-flex-start fusion-content-layout-column\"><div class=\"fusion-text fusion-text-12\"><h3>Nigel Owen<\/h3>\n<p><strong>Directeur principal de projet<\/strong><br \/>\nPronoms : Il\/lui<br \/>\n<a href=\"mailto:nigel@recoverinitiative.ca\">nigel@recoverinitiative.ca<\/a><\/p>\n<\/div><\/div><\/div><div class=\"fusion-layout-column fusion_builder_column fusion-builder-column-41 fusion_builder_column_1_1 1_1 fusion-flex-column\" style=\"--awb-bg-size:cover;--awb-width-large:100%;--awb-flex-grow:0;--awb-flex-shrink:0;--awb-margin-top-large:0px;--awb-spacing-right-large:1.92%;--awb-margin-bottom-large:20px;--awb-spacing-left-large:1.92%;--awb-width-medium:100%;--awb-order-medium:0;--awb-flex-grow-medium:0;--awb-flex-shrink-medium:0;--awb-spacing-right-medium:1.92%;--awb-spacing-left-medium:1.92%;--awb-width-small:100%;--awb-order-small:0;--awb-flex-grow-small:0;--awb-flex-shrink-small:0;--awb-spacing-right-small:1.92%;--awb-spacing-left-small:1.92%;\"><div class=\"fusion-column-wrapper fusion-column-has-shadow fusion-flex-justify-content-flex-start fusion-content-layout-column\"><div class=\"fusion-text fusion-text-13\"><p>Nigel Owen s\u2019est joint \u00e0 ReCover Initiative en tant que directeur principal de projet, mettant \u00e0 profit plusieurs d\u00e9cennies d\u2019exp\u00e9rience dans l\u2019ing\u00e9nierie, l\u2019efficacit\u00e9 \u00e9nerg\u00e9tique et la r\u00e9alisation de projets \u00e0 grande \u00e9chelle. Il a commenc\u00e9 sa carri\u00e8re dans le secteur de la fabrication automobile, o\u00f9 il a pass\u00e9 plus de 12 ans en gestion de projet, dirigeant des initiatives complexes, notamment des programmes pour v\u00e9hicules neufs, de la conception au lancement de la production.<\/p>\n<p>Depuis qu\u2019il est pass\u00e9 au secteur de la construction \u00e9cologique et de l\u2019\u00e9nergie, M. Owen puise dans ses comp\u00e9tences techniques pour am\u00e9liorer l\u2019efficacit\u00e9 \u00e9nerg\u00e9tique des b\u00e2timents et la gestion \u00e9nerg\u00e9tique industrielle. Son travail porte principalement sur l\u2019optimisation du rendement op\u00e9rationnel, la r\u00e9duction des \u00e9missions et l\u2019accompagnement des organisations dans leur transition vers des pratiques durables.<br \/>\nM. Owen est un consultant certifi\u00e9 en maisons passives et d\u00e9tient le titre de Professionnel de la gestion de projet (PMP). Il est titulaire d\u2019une ma\u00eetrise en g\u00e9nie m\u00e9canique et en g\u00e9nie de la fabrication de l\u2019Universit\u00e9 Liverpool John Moores, au Royaume-Uni, et d\u2019une ma\u00eetrise \u00e8s sciences en gestion strat\u00e9gique de l\u2019Universit\u00e9 de Derby, \u00e9galement au Royaume-Uni. Il termine actuellement une ma\u00eetrise \u00e8s sciences en construction \u00e9cologique au Centre for Alternative Technology, au Pays de Galles, au Royaume-Uni.<\/p>\n<p>Passionn\u00e9 de solutions climatiques concr\u00e8tes, M. Owen croit au pouvoir du changement collaboratif et communautaire. En dehors du travail, il aime faire du CrossFit, du v\u00e9lo, de la natation, voyager et passer du temps avec sa famille, y compris ses trois teckels nains \u00e0 poil long.<\/p>\n<\/div><\/div><\/div><\/div><\/div>\n<\/div><\/div><\/div><\/div><div class=\"fusion-modal modal fade modal-3 henry\" tabindex=\"-1\" role=\"dialog\" aria-labelledby=\"modal-heading-3\" aria-hidden=\"true\" style=\"--awb-border-color:#ffffff;--awb-background:var(--awb-color1);\"><div class=\"modal-dialog modal-lg\" role=\"document\"><div class=\"modal-content fusion-modal-content\"><div class=\"modal-header\"><button class=\"close\" type=\"button\" data-dismiss=\"modal\" aria-hidden=\"true\" aria-label=\"Close\">&times;<\/button><h3 class=\"modal-title\" id=\"modal-heading-3\" data-dismiss=\"modal\" aria-hidden=\"true\"> <\/h3><\/div><div class=\"modal-body fusion-clearfix\"><div class=\"fusion-fullwidth fullwidth-box fusion-builder-row-9-3 fusion-flex-container has-pattern-background has-mask-background nonhundred-percent-fullwidth non-hundred-percent-height-scrolling text-img-split team-modal\" style=\"--awb-border-radius-top-left:0px;--awb-border-radius-top-right:0px;--awb-border-radius-bottom-right:0px;--awb-border-radius-bottom-left:0px;--awb-padding-top:0px;--awb-padding-right:30px;--awb-padding-left:30px;--awb-flex-wrap:wrap;\" ><div class=\"fusion-builder-row fusion-row fusion-flex-align-items-flex-start fusion-flex-content-wrap\" style=\"width:104% !important;max-width:104% !important;margin-left: calc(-4% \/ 2 );margin-right: calc(-4% \/ 2 );\"><div class=\"fusion-layout-column fusion_builder_column fusion-builder-column-42 fusion_builder_column_1_4 1_4 fusion-flex-column\" style=\"--awb-bg-size:cover;--awb-width-large:25%;--awb-flex-grow:0;--awb-flex-shrink:0;--awb-margin-top-large:0px;--awb-spacing-right-large:7.68%;--awb-margin-bottom-large:20px;--awb-spacing-left-large:7.68%;--awb-width-medium:25%;--awb-order-medium:0;--awb-flex-grow-medium:0;--awb-flex-shrink-medium:0;--awb-spacing-right-medium:7.68%;--awb-spacing-left-medium:7.68%;--awb-width-small:100%;--awb-order-small:0;--awb-flex-grow-small:0;--awb-flex-shrink-small:0;--awb-spacing-right-small:1.92%;--awb-spacing-left-small:1.92%;\"><div class=\"fusion-column-wrapper fusion-column-has-shadow fusion-flex-justify-content-flex-start fusion-content-layout-column\"><div class=\"fusion-image-element in-legacy-container\" style=\"--awb-max-width:100%;--awb-caption-title-font-family:var(--h2_typography-font-family);--awb-caption-title-font-weight:var(--h2_typography-font-weight);--awb-caption-title-font-style:var(--h2_typography-font-style);--awb-caption-title-size:var(--h2_typography-font-size);--awb-caption-title-transform:var(--h2_typography-text-transform);--awb-caption-title-line-height:var(--h2_typography-line-height);--awb-caption-title-letter-spacing:var(--h2_typography-letter-spacing);\"><span class=\" fusion-imageframe imageframe-none imageframe-10 hover-type-none\"><img decoding=\"async\" width=\"1280\" height=\"1402\" title=\"henry\" src=\"https:\/\/recoverinitiative.ca\/wp-content\/uploads\/2025\/11\/henry.jpg\" alt class=\"img-responsive wp-image-681\" srcset=\"https:\/\/recoverinitiative.ca\/wp-content\/uploads\/2025\/11\/henry-200x219.jpg 200w, https:\/\/recoverinitiative.ca\/wp-content\/uploads\/2025\/11\/henry-400x438.jpg 400w, https:\/\/recoverinitiative.ca\/wp-content\/uploads\/2025\/11\/henry-600x657.jpg 600w, https:\/\/recoverinitiative.ca\/wp-content\/uploads\/2025\/11\/henry-800x876.jpg 800w, https:\/\/recoverinitiative.ca\/wp-content\/uploads\/2025\/11\/henry-1200x1314.jpg 1200w, https:\/\/recoverinitiative.ca\/wp-content\/uploads\/2025\/11\/henry.jpg 1280w\" sizes=\"(max-width: 768px) 100vw, 400px\" \/><\/span><\/div><\/div><\/div><div class=\"fusion-layout-column fusion_builder_column fusion-builder-column-43 fusion_builder_column_3_4 3_4 fusion-flex-column\" style=\"--awb-bg-size:cover;--awb-width-large:75%;--awb-flex-grow:0;--awb-flex-shrink:0;--awb-margin-top-large:0px;--awb-spacing-right-large:2.56%;--awb-margin-bottom-large:20px;--awb-spacing-left-large:2.56%;--awb-width-medium:75%;--awb-order-medium:0;--awb-flex-grow-medium:0;--awb-flex-shrink-medium:0;--awb-spacing-right-medium:2.56%;--awb-spacing-left-medium:2.56%;--awb-width-small:100%;--awb-order-small:0;--awb-flex-grow-small:0;--awb-flex-shrink-small:0;--awb-spacing-right-small:1.92%;--awb-spacing-left-small:1.92%;\"><div class=\"fusion-column-wrapper fusion-column-has-shadow fusion-flex-justify-content-flex-start fusion-content-layout-column\"><div class=\"fusion-text fusion-text-14\"><h3>Dr. Henry Penn<\/h3>\n<p><strong>Directeur de projet<\/strong><br \/>\nPronoms : Il\/lui<br \/>\n<a href=\"mailto:henry@recoverinitiative.ca\">henry@recoverinitiative.ca<\/a><\/p>\n<\/div><\/div><\/div><div class=\"fusion-layout-column fusion_builder_column fusion-builder-column-44 fusion_builder_column_1_1 1_1 fusion-flex-column\" style=\"--awb-bg-size:cover;--awb-width-large:100%;--awb-flex-grow:0;--awb-flex-shrink:0;--awb-margin-top-large:0px;--awb-spacing-right-large:1.92%;--awb-margin-bottom-large:20px;--awb-spacing-left-large:1.92%;--awb-width-medium:100%;--awb-order-medium:0;--awb-flex-grow-medium:0;--awb-flex-shrink-medium:0;--awb-spacing-right-medium:1.92%;--awb-spacing-left-medium:1.92%;--awb-width-small:100%;--awb-order-small:0;--awb-flex-grow-small:0;--awb-flex-shrink-small:0;--awb-spacing-right-small:1.92%;--awb-spacing-left-small:1.92%;\"><div class=\"fusion-column-wrapper fusion-column-has-shadow fusion-flex-justify-content-flex-start fusion-content-layout-column\"><div class=\"fusion-text fusion-text-15\"><p>Henry Penn poss\u00e8de plus de dix ann\u00e9es d\u2019exp\u00e9rience \u00e0 la t\u00eate d\u2019\u00e9quipes interdisciplinaires consacr\u00e9es \u00e0 la r\u00e9silience climatique, aux infrastructures durables et \u00e0 la s\u00e9curit\u00e9 alimentaire, \u00e9nerg\u00e9tique et hydrique (FEW) dans les communaut\u00e9s rurales, nordiques et autochtones d\u2019Am\u00e9rique du Nord. Il est titulaire d\u2019un doctorat en \u00e9tudes interdisciplinaires (g\u00e9nie civil) de l\u2019Universit\u00e9 d\u2019Alaska Fairbanks et d\u2019une ma\u00eetrise en g\u00e9nie civil de l\u2019Universit\u00e9 Loughborough, en Angleterre, alliant des comp\u00e9tences techniques \u00e0 un engagement en faveur de solutions centr\u00e9es sur les communaut\u00e9s et adapt\u00e9es \u00e0 leurs cultures. <\/p>\n<div>Au sein de ReCover, M. Penn collabore \u00e9troitement avec les communaut\u00e9s afin de d\u00e9velopper conjointement des outils et des ressources de renforcement des capacit\u00e9s qui offrent de la formation et de l\u2019enseignement adapt\u00e9s aux besoins locaux. Il est le moteur d\u2019initiatives qui acc\u00e9l\u00e8rent les r\u00e9novations en profondeur et g\u00e8re des projets en harmonie avec les priorit\u00e9s des communaut\u00e9s et les objectifs organisationnels. Son approche privil\u00e9gie la collaboration, l\u2019innovation et l\u2019engagement inclusifs afin de cr\u00e9er un changement significatif et durable.  <\/div>\n<div>Au-del\u00e0 de ses activit\u00e9s professionnelles, M. Penn se passionne pour la mise en relation des personnes et des lieux, et il consacre son temps \u00e0 des activit\u00e9s de plein air et \u00e0 des initiatives communautaires ax\u00e9es sur la croissance durable.<\/div>\n<\/div><\/div><\/div><\/div><\/div>\n<\/div><\/div><\/div><\/div><div class=\"fusion-modal modal fade modal-4 yvonne\" tabindex=\"-1\" role=\"dialog\" aria-labelledby=\"modal-heading-4\" aria-hidden=\"true\" style=\"--awb-border-color:#ffffff;--awb-background:var(--awb-color1);\"><div class=\"modal-dialog modal-lg\" role=\"document\"><div class=\"modal-content fusion-modal-content\"><div class=\"modal-header\"><button class=\"close\" type=\"button\" data-dismiss=\"modal\" aria-hidden=\"true\" aria-label=\"Close\">&times;<\/button><h3 class=\"modal-title\" id=\"modal-heading-4\" data-dismiss=\"modal\" aria-hidden=\"true\"> <\/h3><\/div><div class=\"modal-body fusion-clearfix\"><div class=\"fusion-fullwidth fullwidth-box fusion-builder-row-9-4 fusion-flex-container has-pattern-background has-mask-background nonhundred-percent-fullwidth non-hundred-percent-height-scrolling text-img-split team-modal\" style=\"--awb-border-radius-top-left:0px;--awb-border-radius-top-right:0px;--awb-border-radius-bottom-right:0px;--awb-border-radius-bottom-left:0px;--awb-padding-top:0px;--awb-padding-right:30px;--awb-padding-left:30px;--awb-flex-wrap:wrap;\" ><div class=\"fusion-builder-row fusion-row fusion-flex-align-items-flex-start fusion-flex-content-wrap\" style=\"width:104% !important;max-width:104% !important;margin-left: calc(-4% \/ 2 );margin-right: calc(-4% \/ 2 );\"><div class=\"fusion-layout-column fusion_builder_column fusion-builder-column-45 fusion_builder_column_1_4 1_4 fusion-flex-column\" style=\"--awb-bg-size:cover;--awb-width-large:25%;--awb-flex-grow:0;--awb-flex-shrink:0;--awb-margin-top-large:0px;--awb-spacing-right-large:7.68%;--awb-margin-bottom-large:20px;--awb-spacing-left-large:7.68%;--awb-width-medium:25%;--awb-order-medium:0;--awb-flex-grow-medium:0;--awb-flex-shrink-medium:0;--awb-spacing-right-medium:7.68%;--awb-spacing-left-medium:7.68%;--awb-width-small:100%;--awb-order-small:0;--awb-flex-grow-small:0;--awb-flex-shrink-small:0;--awb-spacing-right-small:1.92%;--awb-spacing-left-small:1.92%;\"><div class=\"fusion-column-wrapper fusion-column-has-shadow fusion-flex-justify-content-flex-start fusion-content-layout-column\"><div class=\"fusion-image-element in-legacy-container\" style=\"--awb-max-width:100%;--awb-caption-title-font-family:var(--h2_typography-font-family);--awb-caption-title-font-weight:var(--h2_typography-font-weight);--awb-caption-title-font-style:var(--h2_typography-font-style);--awb-caption-title-size:var(--h2_typography-font-size);--awb-caption-title-transform:var(--h2_typography-text-transform);--awb-caption-title-line-height:var(--h2_typography-line-height);--awb-caption-title-letter-spacing:var(--h2_typography-letter-spacing);\"><span class=\" fusion-imageframe imageframe-none imageframe-11 hover-type-none\"><img decoding=\"async\" width=\"1000\" height=\"1095\" title=\"yvonne\" src=\"https:\/\/recoverinitiative.ca\/wp-content\/uploads\/2025\/11\/yvonne.jpg\" alt class=\"img-responsive wp-image-685\" srcset=\"https:\/\/recoverinitiative.ca\/wp-content\/uploads\/2025\/11\/yvonne-200x219.jpg 200w, https:\/\/recoverinitiative.ca\/wp-content\/uploads\/2025\/11\/yvonne-400x438.jpg 400w, https:\/\/recoverinitiative.ca\/wp-content\/uploads\/2025\/11\/yvonne-600x657.jpg 600w, https:\/\/recoverinitiative.ca\/wp-content\/uploads\/2025\/11\/yvonne-800x876.jpg 800w, https:\/\/recoverinitiative.ca\/wp-content\/uploads\/2025\/11\/yvonne.jpg 1000w\" sizes=\"(max-width: 768px) 100vw, 400px\" \/><\/span><\/div><\/div><\/div><div class=\"fusion-layout-column fusion_builder_column fusion-builder-column-46 fusion_builder_column_3_4 3_4 fusion-flex-column\" style=\"--awb-bg-size:cover;--awb-width-large:75%;--awb-flex-grow:0;--awb-flex-shrink:0;--awb-margin-top-large:0px;--awb-spacing-right-large:2.56%;--awb-margin-bottom-large:20px;--awb-spacing-left-large:2.56%;--awb-width-medium:75%;--awb-order-medium:0;--awb-flex-grow-medium:0;--awb-flex-shrink-medium:0;--awb-spacing-right-medium:2.56%;--awb-spacing-left-medium:2.56%;--awb-width-small:100%;--awb-order-small:0;--awb-flex-grow-small:0;--awb-flex-shrink-small:0;--awb-spacing-right-small:1.92%;--awb-spacing-left-small:1.92%;\"><div class=\"fusion-column-wrapper fusion-column-has-shadow fusion-flex-justify-content-flex-start fusion-content-layout-column\"><div class=\"fusion-text fusion-text-16\"><h3>Yvonne Ekpe<\/h3>\n<p><strong>Sp\u00e9cialiste des communications<\/strong><br \/>\nPronom : Elle<br \/>\n<a href=\"mailto:yvonne@recoverinitiative.ca\">yvonne@recoverinitiative.ca<\/a><\/p>\n<\/div><\/div><\/div><div class=\"fusion-layout-column fusion_builder_column fusion-builder-column-47 fusion_builder_column_1_1 1_1 fusion-flex-column\" style=\"--awb-bg-size:cover;--awb-width-large:100%;--awb-flex-grow:0;--awb-flex-shrink:0;--awb-margin-top-large:0px;--awb-spacing-right-large:1.92%;--awb-margin-bottom-large:20px;--awb-spacing-left-large:1.92%;--awb-width-medium:100%;--awb-order-medium:0;--awb-flex-grow-medium:0;--awb-flex-shrink-medium:0;--awb-spacing-right-medium:1.92%;--awb-spacing-left-medium:1.92%;--awb-width-small:100%;--awb-order-small:0;--awb-flex-grow-small:0;--awb-flex-shrink-small:0;--awb-spacing-right-small:1.92%;--awb-spacing-left-small:1.92%;\"><div class=\"fusion-column-wrapper fusion-column-has-shadow fusion-flex-justify-content-flex-start fusion-content-layout-column\"><div class=\"fusion-text fusion-text-17\"><p>Yvonne Ekpe apporte une vision strat\u00e9gique \u00e0 son r\u00f4le, supervisant les efforts de communication de ReCover Initiative, de la planification \u00e0 la mise en \u0153uvre, en passant par l\u2019\u00e9valuation. Son habilet\u00e9 \u00e0 aligner les messages sur les objectifs organisationnels et les besoins des parties prenantes assure une action sociale percutante.<\/p>\n<p>Mme Ekpe est une professionnelle de la communication qui compte plus de onze ann\u00e9es d\u2019exp\u00e9rience dans le domaine du d\u00e9veloppement international. Elle a dirig\u00e9 avec succ\u00e8s les efforts de communication pour des projets financ\u00e9s par les gouvernements am\u00e9ricain et britannique, travaillant avec diverses \u00e9quipes en Afrique, en Europe, en Am\u00e9rique latine et en Asie du Sud-Est. Cela t\u00e9moigne de ses comp\u00e9tences dans la gestion de contextes mondiaux complexes et de son habilet\u00e9 \u00e0 rallier des \u00e9quipes et \u00e0 favoriser l\u2019obtention de r\u00e9sultats.<\/p>\n<p>Son parcours universitaire inclut un baccalaur\u00e9at en biochimie de l\u2019Universit\u00e9 de Port Harcourt, au Nigeria, et une ma\u00eetrise en biotechnologie, en biotransformation et en gestion d\u2019entreprise de l\u2019Universit\u00e9 de Warwick, au Royaume-Uni. Elle est \u00e9galement titulaire d\u2019un dipl\u00f4me en communications commerciales du Chartered Institute of Marketing, au Royaume-Uni.<\/p>\n<p>Mme Ekpe recherche activement des occasions de perfectionner ses comp\u00e9tences et croit au partage des connaissances. Elle est d\u00e9termin\u00e9e \u00e0 avoir une influence positive sur sa communaut\u00e9. Lorsqu\u2019elle ne travaille pas, Mme Ekpe est une b\u00e9n\u00e9vole passionn\u00e9e qui consacre ses comp\u00e9tences et son temps \u00e0 diverses activit\u00e9s. Elle satisfait \u00e9galement sa curiosit\u00e9 en r\u00e9alisant des projets de bricolage, en explorant de nouvelles recettes et en pratiquant la randonn\u00e9e et l\u2019exercice physique. Sa famille et son chien, Buddie, vivent toujours au Nigeria et lui manquent beaucoup.<\/p>\n<\/div><\/div><\/div><\/div><\/div>\n<\/div><\/div><\/div><\/div><div class=\"fusion-modal modal fade modal-5 oreoluwa\" tabindex=\"-1\" role=\"dialog\" aria-labelledby=\"modal-heading-5\" aria-hidden=\"true\" style=\"--awb-border-color:#ffffff;--awb-background:var(--awb-color1);\"><div class=\"modal-dialog modal-lg\" role=\"document\"><div class=\"modal-content fusion-modal-content\"><div class=\"modal-header\"><button class=\"close\" type=\"button\" data-dismiss=\"modal\" aria-hidden=\"true\" aria-label=\"Close\">&times;<\/button><h3 class=\"modal-title\" id=\"modal-heading-5\" data-dismiss=\"modal\" aria-hidden=\"true\"> <\/h3><\/div><div class=\"modal-body fusion-clearfix\"><div class=\"fusion-fullwidth fullwidth-box fusion-builder-row-9-5 fusion-flex-container has-pattern-background has-mask-background nonhundred-percent-fullwidth non-hundred-percent-height-scrolling text-img-split team-modal\" style=\"--awb-border-radius-top-left:0px;--awb-border-radius-top-right:0px;--awb-border-radius-bottom-right:0px;--awb-border-radius-bottom-left:0px;--awb-padding-top:0px;--awb-padding-right:30px;--awb-padding-left:30px;--awb-flex-wrap:wrap;\" ><div class=\"fusion-builder-row fusion-row fusion-flex-align-items-flex-start fusion-flex-content-wrap\" style=\"width:104% !important;max-width:104% !important;margin-left: calc(-4% \/ 2 );margin-right: calc(-4% \/ 2 );\"><div class=\"fusion-layout-column fusion_builder_column fusion-builder-column-48 fusion_builder_column_1_4 1_4 fusion-flex-column\" style=\"--awb-bg-size:cover;--awb-width-large:25%;--awb-flex-grow:0;--awb-flex-shrink:0;--awb-margin-top-large:0px;--awb-spacing-right-large:7.68%;--awb-margin-bottom-large:20px;--awb-spacing-left-large:7.68%;--awb-width-medium:25%;--awb-order-medium:0;--awb-flex-grow-medium:0;--awb-flex-shrink-medium:0;--awb-spacing-right-medium:7.68%;--awb-spacing-left-medium:7.68%;--awb-width-small:100%;--awb-order-small:0;--awb-flex-grow-small:0;--awb-flex-shrink-small:0;--awb-spacing-right-small:1.92%;--awb-spacing-left-small:1.92%;\"><div class=\"fusion-column-wrapper fusion-column-has-shadow fusion-flex-justify-content-flex-start fusion-content-layout-column\"><div class=\"fusion-image-element in-legacy-container\" style=\"--awb-max-width:100%;--awb-caption-title-font-family:var(--h2_typography-font-family);--awb-caption-title-font-weight:var(--h2_typography-font-weight);--awb-caption-title-font-style:var(--h2_typography-font-style);--awb-caption-title-size:var(--h2_typography-font-size);--awb-caption-title-transform:var(--h2_typography-text-transform);--awb-caption-title-line-height:var(--h2_typography-line-height);--awb-caption-title-letter-spacing:var(--h2_typography-letter-spacing);\"><span class=\" fusion-imageframe imageframe-none imageframe-12 hover-type-none\"><img decoding=\"async\" width=\"1280\" height=\"1402\" title=\"oreoluwa\" src=\"https:\/\/recoverinitiative.ca\/wp-content\/uploads\/2025\/11\/oreoluwa.jpg\" alt class=\"img-responsive wp-image-682\" srcset=\"https:\/\/recoverinitiative.ca\/wp-content\/uploads\/2025\/11\/oreoluwa-200x219.jpg 200w, https:\/\/recoverinitiative.ca\/wp-content\/uploads\/2025\/11\/oreoluwa-400x438.jpg 400w, https:\/\/recoverinitiative.ca\/wp-content\/uploads\/2025\/11\/oreoluwa-600x657.jpg 600w, https:\/\/recoverinitiative.ca\/wp-content\/uploads\/2025\/11\/oreoluwa-800x876.jpg 800w, https:\/\/recoverinitiative.ca\/wp-content\/uploads\/2025\/11\/oreoluwa-1200x1314.jpg 1200w, https:\/\/recoverinitiative.ca\/wp-content\/uploads\/2025\/11\/oreoluwa.jpg 1280w\" sizes=\"(max-width: 768px) 100vw, 400px\" \/><\/span><\/div><\/div><\/div><div class=\"fusion-layout-column fusion_builder_column fusion-builder-column-49 fusion_builder_column_3_4 3_4 fusion-flex-column\" style=\"--awb-bg-size:cover;--awb-width-large:75%;--awb-flex-grow:0;--awb-flex-shrink:0;--awb-margin-top-large:0px;--awb-spacing-right-large:2.56%;--awb-margin-bottom-large:20px;--awb-spacing-left-large:2.56%;--awb-width-medium:75%;--awb-order-medium:0;--awb-flex-grow-medium:0;--awb-flex-shrink-medium:0;--awb-spacing-right-medium:2.56%;--awb-spacing-left-medium:2.56%;--awb-width-small:100%;--awb-order-small:0;--awb-flex-grow-small:0;--awb-flex-shrink-small:0;--awb-spacing-right-small:1.92%;--awb-spacing-left-small:1.92%;\"><div class=\"fusion-column-wrapper fusion-column-has-shadow fusion-flex-justify-content-flex-start fusion-content-layout-column\"><div class=\"fusion-text fusion-text-18\"><h3>Oreoluwa Sodeinde<\/h3>\n<p><strong>Administratrice de projet<\/strong><br \/>\nPronom : Elle<br \/>\n<a href=\"mailto:oreoluwa@recoverinitiative.ca\">oreoluwa@recoverinitiative.ca<\/a><\/p>\n<\/div><\/div><\/div><div class=\"fusion-layout-column fusion_builder_column fusion-builder-column-50 fusion_builder_column_1_1 1_1 fusion-flex-column\" style=\"--awb-bg-size:cover;--awb-width-large:100%;--awb-flex-grow:0;--awb-flex-shrink:0;--awb-margin-top-large:0px;--awb-spacing-right-large:1.92%;--awb-margin-bottom-large:20px;--awb-spacing-left-large:1.92%;--awb-width-medium:100%;--awb-order-medium:0;--awb-flex-grow-medium:0;--awb-flex-shrink-medium:0;--awb-spacing-right-medium:1.92%;--awb-spacing-left-medium:1.92%;--awb-width-small:100%;--awb-order-small:0;--awb-flex-grow-small:0;--awb-flex-shrink-small:0;--awb-spacing-right-small:1.92%;--awb-spacing-left-small:1.92%;\"><div class=\"fusion-column-wrapper fusion-column-has-shadow fusion-flex-justify-content-flex-start fusion-content-layout-column\"><div class=\"fusion-text fusion-text-19\"><p>Oreoluwa Sodeinde apporte \u00e0 ReCover sa vaste exp\u00e9rience en coordination et administration de programmes. Elle \u00e9labore des syst\u00e8mes et des flux de travail qui assurent la mise en \u0153uvre harmonieuse de solutions de r\u00e9novation en profondeur \u00e0 l\u2019\u00e9chelle du Canada atlantique. Son exp\u00e9rience couvre le d\u00e9veloppement de programmes, la mobilisation des parties prenantes et la coordination des op\u00e9rations dans les secteurs gouvernementaux, priv\u00e9s et \u00e0 but non lucratif. Elle a contribu\u00e9 \u00e0 des initiatives \u00e0 la crois\u00e9e de la durabilit\u00e9, des besoins communautaires et de la strat\u00e9gie organisationnelle.  <\/p>\n<p>Originaire du Nigeria, Mme Sodeinde propose une perspective internationale dans son travail et est titulaire d\u2019une ma\u00eetrise en gestion des ressources et de l\u2019environnement de l\u2019Universit\u00e9 Dalhousie. Elle est particuli\u00e8rement passionn\u00e9e par la cr\u00e9ation de retomb\u00e9es environnementales \u00e0 l\u2019aide de syst\u00e8mes structur\u00e9s, d\u2019une collaboration inclusive et d\u2019un travail align\u00e9 sur une mission. Son approche repose sur la clart\u00e9, l\u2019efficacit\u00e9 et un engagement profond en faveur de l\u2019optimisation des op\u00e9rations organisationnelles.  <\/p>\n<p>En dehors du travail, Mme Sodeinde aime organiser des \u00e9v\u00e9nements, passer du temps avec ses proches et se d\u00e9tendre devant une bonne s\u00e9rie t\u00e9l\u00e9vis\u00e9e, surtout celles qui pr\u00e9sentent des personnages complexes et des sc\u00e9narios ing\u00e9nieux.<\/p>\n<\/div><\/div><\/div><\/div><\/div>\n<\/div><\/div><\/div><\/div><div class=\"fusion-modal modal fade modal-6 vanessa\" tabindex=\"-1\" role=\"dialog\" aria-labelledby=\"modal-heading-6\" aria-hidden=\"true\" style=\"--awb-border-color:#ffffff;--awb-background:var(--awb-color1);\"><div class=\"modal-dialog modal-lg\" role=\"document\"><div class=\"modal-content fusion-modal-content\"><div class=\"modal-header\"><button class=\"close\" type=\"button\" data-dismiss=\"modal\" aria-hidden=\"true\" aria-label=\"Close\">&times;<\/button><h3 class=\"modal-title\" id=\"modal-heading-6\" data-dismiss=\"modal\" aria-hidden=\"true\"> <\/h3><\/div><div class=\"modal-body fusion-clearfix\"><div class=\"fusion-fullwidth fullwidth-box fusion-builder-row-9-6 fusion-flex-container has-pattern-background has-mask-background nonhundred-percent-fullwidth non-hundred-percent-height-scrolling text-img-split team-modal\" style=\"--awb-border-radius-top-left:0px;--awb-border-radius-top-right:0px;--awb-border-radius-bottom-right:0px;--awb-border-radius-bottom-left:0px;--awb-padding-top:0px;--awb-padding-right:30px;--awb-padding-left:30px;--awb-flex-wrap:wrap;\" ><div class=\"fusion-builder-row fusion-row fusion-flex-align-items-flex-start fusion-flex-content-wrap\" style=\"width:104% !important;max-width:104% !important;margin-left: calc(-4% \/ 2 );margin-right: calc(-4% \/ 2 );\"><div class=\"fusion-layout-column fusion_builder_column fusion-builder-column-51 fusion_builder_column_1_4 1_4 fusion-flex-column\" style=\"--awb-bg-size:cover;--awb-width-large:25%;--awb-flex-grow:0;--awb-flex-shrink:0;--awb-margin-top-large:0px;--awb-spacing-right-large:7.68%;--awb-margin-bottom-large:20px;--awb-spacing-left-large:7.68%;--awb-width-medium:25%;--awb-order-medium:0;--awb-flex-grow-medium:0;--awb-flex-shrink-medium:0;--awb-spacing-right-medium:7.68%;--awb-spacing-left-medium:7.68%;--awb-width-small:100%;--awb-order-small:0;--awb-flex-grow-small:0;--awb-flex-shrink-small:0;--awb-spacing-right-small:1.92%;--awb-spacing-left-small:1.92%;\"><div class=\"fusion-column-wrapper fusion-column-has-shadow fusion-flex-justify-content-flex-start fusion-content-layout-column\"><div class=\"fusion-image-element in-legacy-container\" style=\"--awb-max-width:100%;--awb-caption-title-font-family:var(--h2_typography-font-family);--awb-caption-title-font-weight:var(--h2_typography-font-weight);--awb-caption-title-font-style:var(--h2_typography-font-style);--awb-caption-title-size:var(--h2_typography-font-size);--awb-caption-title-transform:var(--h2_typography-text-transform);--awb-caption-title-line-height:var(--h2_typography-line-height);--awb-caption-title-letter-spacing:var(--h2_typography-letter-spacing);\"><span class=\" fusion-imageframe imageframe-none imageframe-13 hover-type-none\"><img decoding=\"async\" width=\"838\" height=\"918\" title=\"vanessa\" src=\"https:\/\/recoverinitiative.ca\/wp-content\/uploads\/2025\/11\/vanessa.png\" alt class=\"img-responsive wp-image-683\" srcset=\"https:\/\/recoverinitiative.ca\/wp-content\/uploads\/2025\/11\/vanessa-200x219.png 200w, https:\/\/recoverinitiative.ca\/wp-content\/uploads\/2025\/11\/vanessa-400x438.png 400w, https:\/\/recoverinitiative.ca\/wp-content\/uploads\/2025\/11\/vanessa-600x657.png 600w, https:\/\/recoverinitiative.ca\/wp-content\/uploads\/2025\/11\/vanessa-800x876.png 800w, https:\/\/recoverinitiative.ca\/wp-content\/uploads\/2025\/11\/vanessa.png 838w\" sizes=\"(max-width: 768px) 100vw, 400px\" \/><\/span><\/div><\/div><\/div><div class=\"fusion-layout-column fusion_builder_column fusion-builder-column-52 fusion_builder_column_3_4 3_4 fusion-flex-column\" style=\"--awb-bg-size:cover;--awb-width-large:75%;--awb-flex-grow:0;--awb-flex-shrink:0;--awb-margin-top-large:0px;--awb-spacing-right-large:2.56%;--awb-margin-bottom-large:20px;--awb-spacing-left-large:2.56%;--awb-width-medium:75%;--awb-order-medium:0;--awb-flex-grow-medium:0;--awb-flex-shrink-medium:0;--awb-spacing-right-medium:2.56%;--awb-spacing-left-medium:2.56%;--awb-width-small:100%;--awb-order-small:0;--awb-flex-grow-small:0;--awb-flex-shrink-small:0;--awb-spacing-right-small:1.92%;--awb-spacing-left-small:1.92%;\"><div class=\"fusion-column-wrapper fusion-column-has-shadow fusion-flex-justify-content-flex-start fusion-content-layout-column\"><div class=\"fusion-text fusion-text-20\"><h3>Vanessa Hartley<\/h3>\n<p><strong>Coordonnatrice principale de projet<\/strong><br \/>\nPronom : Elle<br \/>\n<a href=\"mailto:vanessa@recoverinitiative.ca\">vanessa@recoverinitiative.ca<\/a><\/p>\n<\/div><\/div><\/div><div class=\"fusion-layout-column fusion_builder_column fusion-builder-column-53 fusion_builder_column_1_1 1_1 fusion-flex-column\" style=\"--awb-bg-size:cover;--awb-width-large:100%;--awb-flex-grow:0;--awb-flex-shrink:0;--awb-margin-top-large:0px;--awb-spacing-right-large:1.92%;--awb-margin-bottom-large:20px;--awb-spacing-left-large:1.92%;--awb-width-medium:100%;--awb-order-medium:0;--awb-flex-grow-medium:0;--awb-flex-shrink-medium:0;--awb-spacing-right-medium:1.92%;--awb-spacing-left-medium:1.92%;--awb-width-small:100%;--awb-order-small:0;--awb-flex-grow-small:0;--awb-flex-shrink-small:0;--awb-spacing-right-small:1.92%;--awb-spacing-left-small:1.92%;\"><div class=\"fusion-column-wrapper fusion-column-has-shadow fusion-flex-justify-content-flex-start fusion-content-layout-column\"><div class=\"fusion-text fusion-text-21\"><p>En tant que coordonnatrice principale de programme, Vanessa Hartley soutient le travail de ReCover en mati\u00e8re de renforcement des capacit\u00e9s et d\u2019engagement communautaire. Elle apporte \u00e0 son r\u00f4le ses racines profondes et une voix puissante en tant que descendante de la huiti\u00e8me g\u00e9n\u00e9ration de loyalistes noirs de Shelburne, en Nouvelle-\u00c9cosse. Ses premi\u00e8res exp\u00e9riences avec les pratiques anti-noirs dans l\u2019\u00e9ducation ont stimul\u00e9 son engagement \u00e0 vie en faveur de la d\u00e9fense des droits et du leadership.  <\/p>\n<p>La passion de Mme Hartley pour l\u2019engagement communautaire et pour l\u2019histoire des Noirs s\u2019est approfondie pendant qu\u2019elle occupait les postes de coordonnatrice de programme et de superviseure du Black Loyalist Heritage Centre. Apr\u00e8s avoir termin\u00e9 ses \u00e9tudes, elle est retourn\u00e9e dans sa r\u00e9gion natale pour soutenir des adultes ayant diff\u00e9rentes capacit\u00e9s. Sa d\u00e9marche s\u2019est poursuivie au Tri-County Regional Centre for Education en tant que coordonnatrice de la sensibilisation et de l\u2019engagement communautaires, ce qui l\u2019a conduite \u00e0 son poste actuel de responsable de l\u2019engagement communautaire \u00e0 la PREP Academy, un organisme \u00e0 but non lucratif qui se consacre \u00e0 pr\u00e9parer les \u00e9tudiants afro-n\u00e9o-\u00e9cossais \u00e0 r\u00e9ussir dans leurs \u00e9tudes postsecondaires.  <\/p>\n<p>En 2021, Mme Hartley a \u00e9t\u00e9 nomm\u00e9e b\u00e9n\u00e9vole provinciale de l\u2019ann\u00e9e pour la municipalit\u00e9 de Shelburne. Elle a pr\u00e9sid\u00e9 la South End Environmental Injustice Society (de 2019 \u00e0 2022), une organisation prim\u00e9e qui lutte contre le racisme environnemental dans les communaut\u00e9s historiques afro-n\u00e9o-\u00e9cossaises. Elle a aussi \u0153uvr\u00e9 pour l\u2019Association of Black Social Workers en tant que coordonnatrice communautaire rurale du programme COVID et a travaill\u00e9 comme chercheuse r\u00e9gionale communautaire au Delmore \u00ab Buddy \u00bb Daye Learning Institute.  <\/p>\n<p>Mme Hartley \u00e9tait alors une jeune d\u00e9l\u00e9gu\u00e9e lors du Sommet pancanadien des communaut\u00e9s noires de 2022. Elle si\u00e8ge actuellement au conseil d\u2019administration de la Fondation NSCC, et est cofondatrice et pr\u00e9sidente du Centre for Environmental Justice, donnant des allocutions \u00e0 l\u2019\u00e9chelle nationale sur le racisme et l\u2019injustice environnementaux. Sa mission consiste \u00e0 provoquer des conversations ambitieuses et transformatrices qui changent le discours en Nouvelle-\u00c9cosse et au-del\u00e0.<\/p>\n<\/div><\/div><\/div><\/div><\/div>\n<\/div><\/div><\/div><\/div><div class=\"fusion-modal modal fade modal-7 theresa\" tabindex=\"-1\" role=\"dialog\" aria-labelledby=\"modal-heading-7\" aria-hidden=\"true\" style=\"--awb-border-color:#ffffff;--awb-background:var(--awb-color1);\"><div class=\"modal-dialog modal-lg\" role=\"document\"><div class=\"modal-content fusion-modal-content\"><div class=\"modal-header\"><button class=\"close\" type=\"button\" data-dismiss=\"modal\" aria-hidden=\"true\" aria-label=\"Close\">&times;<\/button><h3 class=\"modal-title\" id=\"modal-heading-7\" data-dismiss=\"modal\" aria-hidden=\"true\"> <\/h3><\/div><div class=\"modal-body fusion-clearfix\"><div class=\"fusion-fullwidth fullwidth-box fusion-builder-row-9-7 fusion-flex-container has-pattern-background has-mask-background nonhundred-percent-fullwidth non-hundred-percent-height-scrolling text-img-split team-modal\" style=\"--awb-border-radius-top-left:0px;--awb-border-radius-top-right:0px;--awb-border-radius-bottom-right:0px;--awb-border-radius-bottom-left:0px;--awb-padding-top:0px;--awb-padding-right:30px;--awb-padding-left:30px;--awb-flex-wrap:wrap;\" ><div class=\"fusion-builder-row fusion-row fusion-flex-align-items-flex-start fusion-flex-content-wrap\" style=\"width:104% !important;max-width:104% !important;margin-left: calc(-4% \/ 2 );margin-right: calc(-4% \/ 2 );\"><div class=\"fusion-layout-column fusion_builder_column fusion-builder-column-54 fusion_builder_column_1_4 1_4 fusion-flex-column\" style=\"--awb-bg-size:cover;--awb-width-large:25%;--awb-flex-grow:0;--awb-flex-shrink:0;--awb-margin-top-large:0px;--awb-spacing-right-large:7.68%;--awb-margin-bottom-large:20px;--awb-spacing-left-large:7.68%;--awb-width-medium:25%;--awb-order-medium:0;--awb-flex-grow-medium:0;--awb-flex-shrink-medium:0;--awb-spacing-right-medium:7.68%;--awb-spacing-left-medium:7.68%;--awb-width-small:100%;--awb-order-small:0;--awb-flex-grow-small:0;--awb-flex-shrink-small:0;--awb-spacing-right-small:1.92%;--awb-spacing-left-small:1.92%;\"><div class=\"fusion-column-wrapper fusion-column-has-shadow fusion-flex-justify-content-flex-start fusion-content-layout-column\"><div class=\"fusion-image-element in-legacy-container\" style=\"--awb-max-width:100%;--awb-caption-title-font-family:var(--h2_typography-font-family);--awb-caption-title-font-weight:var(--h2_typography-font-weight);--awb-caption-title-font-style:var(--h2_typography-font-style);--awb-caption-title-size:var(--h2_typography-font-size);--awb-caption-title-transform:var(--h2_typography-text-transform);--awb-caption-title-line-height:var(--h2_typography-line-height);--awb-caption-title-letter-spacing:var(--h2_typography-letter-spacing);\"><span class=\" fusion-imageframe imageframe-none imageframe-14 hover-type-none\"><img decoding=\"async\" width=\"1280\" height=\"1403\" title=\"theresa\" src=\"https:\/\/recoverinitiative.ca\/wp-content\/uploads\/2025\/11\/theresa.jpg\" alt class=\"img-responsive wp-image-684\" srcset=\"https:\/\/recoverinitiative.ca\/wp-content\/uploads\/2025\/11\/theresa-200x219.jpg 200w, https:\/\/recoverinitiative.ca\/wp-content\/uploads\/2025\/11\/theresa-400x438.jpg 400w, https:\/\/recoverinitiative.ca\/wp-content\/uploads\/2025\/11\/theresa-600x658.jpg 600w, https:\/\/recoverinitiative.ca\/wp-content\/uploads\/2025\/11\/theresa-800x877.jpg 800w, https:\/\/recoverinitiative.ca\/wp-content\/uploads\/2025\/11\/theresa-1200x1315.jpg 1200w, https:\/\/recoverinitiative.ca\/wp-content\/uploads\/2025\/11\/theresa.jpg 1280w\" sizes=\"(max-width: 768px) 100vw, 400px\" \/><\/span><\/div><\/div><\/div><div class=\"fusion-layout-column fusion_builder_column fusion-builder-column-55 fusion_builder_column_3_4 3_4 fusion-flex-column\" style=\"--awb-bg-size:cover;--awb-width-large:75%;--awb-flex-grow:0;--awb-flex-shrink:0;--awb-margin-top-large:0px;--awb-spacing-right-large:2.56%;--awb-margin-bottom-large:20px;--awb-spacing-left-large:2.56%;--awb-width-medium:75%;--awb-order-medium:0;--awb-flex-grow-medium:0;--awb-flex-shrink-medium:0;--awb-spacing-right-medium:2.56%;--awb-spacing-left-medium:2.56%;--awb-width-small:100%;--awb-order-small:0;--awb-flex-grow-small:0;--awb-flex-shrink-small:0;--awb-spacing-right-small:1.92%;--awb-spacing-left-small:1.92%;\"><div class=\"fusion-column-wrapper fusion-column-has-shadow fusion-flex-justify-content-flex-start fusion-content-layout-column\"><div class=\"fusion-text fusion-text-22\"><h3>Theresa Yuill<\/h3>\n<p>Coordonnatrice principale de projet<br \/>\nPronom : Elle<br \/>\n<a href=\"mailto:theresa@recoverinitiative.ca\">theresa@recoverinitiative.ca<\/a><\/p>\n<\/div><\/div><\/div><div class=\"fusion-layout-column fusion_builder_column fusion-builder-column-56 fusion_builder_column_1_1 1_1 fusion-flex-column\" style=\"--awb-bg-size:cover;--awb-width-large:100%;--awb-flex-grow:0;--awb-flex-shrink:0;--awb-margin-top-large:0px;--awb-spacing-right-large:1.92%;--awb-margin-bottom-large:20px;--awb-spacing-left-large:1.92%;--awb-width-medium:100%;--awb-order-medium:0;--awb-flex-grow-medium:0;--awb-flex-shrink-medium:0;--awb-spacing-right-medium:1.92%;--awb-spacing-left-medium:1.92%;--awb-width-small:100%;--awb-order-small:0;--awb-flex-grow-small:0;--awb-flex-shrink-small:0;--awb-spacing-right-small:1.92%;--awb-spacing-left-small:1.92%;\"><div class=\"fusion-column-wrapper fusion-column-has-shadow fusion-flex-justify-content-flex-start fusion-content-layout-column\"><div class=\"fusion-text fusion-text-23\"><p>\u00c0 titre de coordinatrice principale de programme \u00e0 ReCover, Theresa Yuill dirige la coordination, la production de rapports et l\u2019am\u00e9lioration continue d\u2019initiatives complexes faisant intervenir plusieurs parties prenantes. Elle apporte une solide exp\u00e9rience dans les domaines du d\u00e9veloppement de projets, de l\u2019engagement des parties prenantes et de la mise en \u0153uvre de programmes strat\u00e9giques, exp\u00e9rience qu\u2019elle a acquise gr\u00e2ce \u00e0 son parcours diversifi\u00e9 dans les secteurs d\u2019organismes \u00e0 but non lucratif, du d\u00e9veloppement international, des services-conseils et communautaire.<\/p>\n<p>Mme Yuill est titulaire d\u2019un certificat d\u2019\u00e9tudes sup\u00e9rieures en Gestion de projets internationaux du Coll\u00e8ge Humber, d\u2019un certificat de formation continue en leadership pour les organismes sans but lucratif ax\u00e9s sur l\u2019impact de l\u2019Universit\u00e9 de Toronto, et d\u2019un baccalaur\u00e9at \u00e8s arts avec sp\u00e9cialisation en d\u00e9veloppement international de l\u2019Universit\u00e9 de Guelph. Elle pr\u00e9pare actuellement sa certification au programme PMP (Professionnelle de la gestion de projets) offert au Project Management Institute (PMI).<\/p>\n<\/div><\/div><\/div><\/div><\/div>\n<\/div><\/div><\/div><\/div><div class=\"fusion-modal modal fade modal-8 samantha\" tabindex=\"-1\" role=\"dialog\" aria-labelledby=\"modal-heading-8\" aria-hidden=\"true\" style=\"--awb-border-color:#ffffff;--awb-background:var(--awb-color1);\"><div class=\"modal-dialog modal-lg\" role=\"document\"><div class=\"modal-content fusion-modal-content\"><div class=\"modal-header\"><button class=\"close\" type=\"button\" data-dismiss=\"modal\" aria-hidden=\"true\" aria-label=\"Close\">&times;<\/button><h3 class=\"modal-title\" id=\"modal-heading-8\" data-dismiss=\"modal\" aria-hidden=\"true\"> <\/h3><\/div><div class=\"modal-body fusion-clearfix\"><div class=\"fusion-fullwidth fullwidth-box fusion-builder-row-9-8 fusion-flex-container has-pattern-background has-mask-background nonhundred-percent-fullwidth non-hundred-percent-height-scrolling text-img-split team-modal\" style=\"--awb-border-radius-top-left:0px;--awb-border-radius-top-right:0px;--awb-border-radius-bottom-right:0px;--awb-border-radius-bottom-left:0px;--awb-padding-top:0px;--awb-padding-right:30px;--awb-padding-left:30px;--awb-flex-wrap:wrap;\" ><div class=\"fusion-builder-row fusion-row fusion-flex-align-items-flex-start fusion-flex-content-wrap\" style=\"width:104% !important;max-width:104% !important;margin-left: calc(-4% \/ 2 );margin-right: calc(-4% \/ 2 );\"><div class=\"fusion-layout-column fusion_builder_column fusion-builder-column-57 fusion_builder_column_1_4 1_4 fusion-flex-column\" style=\"--awb-bg-size:cover;--awb-width-large:25%;--awb-flex-grow:0;--awb-flex-shrink:0;--awb-margin-top-large:0px;--awb-spacing-right-large:7.68%;--awb-margin-bottom-large:20px;--awb-spacing-left-large:7.68%;--awb-width-medium:25%;--awb-order-medium:0;--awb-flex-grow-medium:0;--awb-flex-shrink-medium:0;--awb-spacing-right-medium:7.68%;--awb-spacing-left-medium:7.68%;--awb-width-small:100%;--awb-order-small:0;--awb-flex-grow-small:0;--awb-flex-shrink-small:0;--awb-spacing-right-small:1.92%;--awb-spacing-left-small:1.92%;\"><div class=\"fusion-column-wrapper fusion-column-has-shadow fusion-flex-justify-content-flex-start fusion-content-layout-column\"><div class=\"fusion-image-element in-legacy-container\" style=\"--awb-max-width:100%;--awb-caption-title-font-family:var(--h2_typography-font-family);--awb-caption-title-font-weight:var(--h2_typography-font-weight);--awb-caption-title-font-style:var(--h2_typography-font-style);--awb-caption-title-size:var(--h2_typography-font-size);--awb-caption-title-transform:var(--h2_typography-text-transform);--awb-caption-title-line-height:var(--h2_typography-line-height);--awb-caption-title-letter-spacing:var(--h2_typography-letter-spacing);\"><span class=\" fusion-imageframe imageframe-none imageframe-15 hover-type-none\"><img decoding=\"async\" width=\"1280\" height=\"1402\" title=\"samantha\" src=\"https:\/\/recoverinitiative.ca\/wp-content\/uploads\/2025\/11\/samantha.jpg\" alt class=\"img-responsive wp-image-688\" srcset=\"https:\/\/recoverinitiative.ca\/wp-content\/uploads\/2025\/11\/samantha-200x219.jpg 200w, https:\/\/recoverinitiative.ca\/wp-content\/uploads\/2025\/11\/samantha-400x438.jpg 400w, https:\/\/recoverinitiative.ca\/wp-content\/uploads\/2025\/11\/samantha-600x657.jpg 600w, https:\/\/recoverinitiative.ca\/wp-content\/uploads\/2025\/11\/samantha-800x876.jpg 800w, https:\/\/recoverinitiative.ca\/wp-content\/uploads\/2025\/11\/samantha-1200x1314.jpg 1200w, https:\/\/recoverinitiative.ca\/wp-content\/uploads\/2025\/11\/samantha.jpg 1280w\" sizes=\"(max-width: 768px) 100vw, 400px\" \/><\/span><\/div><\/div><\/div><div class=\"fusion-layout-column fusion_builder_column fusion-builder-column-58 fusion_builder_column_3_4 3_4 fusion-flex-column\" style=\"--awb-bg-size:cover;--awb-width-large:75%;--awb-flex-grow:0;--awb-flex-shrink:0;--awb-margin-top-large:0px;--awb-spacing-right-large:2.56%;--awb-margin-bottom-large:20px;--awb-spacing-left-large:2.56%;--awb-width-medium:75%;--awb-order-medium:0;--awb-flex-grow-medium:0;--awb-flex-shrink-medium:0;--awb-spacing-right-medium:2.56%;--awb-spacing-left-medium:2.56%;--awb-width-small:100%;--awb-order-small:0;--awb-flex-grow-small:0;--awb-flex-shrink-small:0;--awb-spacing-right-small:1.92%;--awb-spacing-left-small:1.92%;\"><div class=\"fusion-column-wrapper fusion-column-has-shadow fusion-flex-justify-content-flex-start fusion-content-layout-column\"><div class=\"fusion-text fusion-text-24\"><h3>Samantha Gaetz<\/h3>\n<p><strong>Coordonnatrice de programme<\/strong><br \/>\nPronoms : Elle<br \/>\n<a href=\"mailto:samantha@recoverinitiative.ca\">samantha@recoverinitiative.ca<\/a><\/p>\n<\/div><\/div><\/div><div class=\"fusion-layout-column fusion_builder_column fusion-builder-column-59 fusion_builder_column_1_1 1_1 fusion-flex-column\" style=\"--awb-bg-size:cover;--awb-width-large:100%;--awb-flex-grow:0;--awb-flex-shrink:0;--awb-margin-top-large:0px;--awb-spacing-right-large:1.92%;--awb-margin-bottom-large:20px;--awb-spacing-left-large:1.92%;--awb-width-medium:100%;--awb-order-medium:0;--awb-flex-grow-medium:0;--awb-flex-shrink-medium:0;--awb-spacing-right-medium:1.92%;--awb-spacing-left-medium:1.92%;--awb-width-small:100%;--awb-order-small:0;--awb-flex-grow-small:0;--awb-flex-shrink-small:0;--awb-spacing-right-small:1.92%;--awb-spacing-left-small:1.92%;\"><div class=\"fusion-column-wrapper fusion-column-has-shadow fusion-flex-justify-content-flex-start fusion-content-layout-column\"><div class=\"fusion-text fusion-text-25\"><p>Samantha Gaetz s\u2019est jointe \u00e0 ReCover Initiative en tant que coordonnatrice de programme, apportant une exp\u00e9rience dynamique et diversifi\u00e9e en gestion de projet, en service \u00e0 la client\u00e8le et en initiatives communautaires. Ses comp\u00e9tences englobent la gestion immobili\u00e8re et la gestion de projet, domaines dans lesquels elle a apport\u00e9 sa contribution \u00e0 tous les niveaux, de la planification de la construction \u00e0 la coordination des cas en premi\u00e8re ligne. Mme Gaetz apporte \u00e9galement une exp\u00e9rience sp\u00e9cialis\u00e9e dans les r\u00e9novations en profondeur, en mettant l\u2019accent sur l\u2019am\u00e9lioration du rendement des b\u00e2timents tout en accordant la priorit\u00e9 aux besoins des r\u00e9sidents et en maximisant l\u2019impact communautaire.<\/p>\n<p>Mme Gaetz est titulaire d\u2019un baccalaur\u00e9at en commerce de l\u2019Universit\u00e9 Saint Mary\u2019s, ainsi que d\u2019un dipl\u00f4me en \u00e9conomie urbaine et d\u2019un baccalaur\u00e9at en commerce immobilier de l\u2019Universit\u00e9 de la Colombie-Britannique.<\/p>\n<p>Mme Gaetz s\u2019est profond\u00e9ment engag\u00e9e \u00e0 favoriser la confiance, la r\u00e9silience et les relations constructives dans son travail. Qu\u2019il s\u2019agisse de collaborer avec des partenaires, de soutenir les propri\u00e9taires d\u2019immeubles ou d\u2019assurer une ex\u00e9cution de projet sans faille, elle aborde chaque t\u00e2che avec attention et d\u00e9vouement.<\/p>\n<p>Au-del\u00e0 de ses activit\u00e9s professionnelles, Mme Gaetz s\u2019implique activement dans le soutien d\u2019initiatives destin\u00e9es aux jeunes. Lorsqu\u2019elle n\u2019est pas en train de redonner \u00e0 la communaut\u00e9, elle est probablement plong\u00e9e dans un bon livre, de pr\u00e9f\u00e9rence au grand air, par une journ\u00e9e chaude et ensoleill\u00e9e.<\/p>\n<\/div><\/div><\/div><\/div><\/div>\n<\/div><\/div><\/div><\/div><div class=\"fusion-modal modal fade modal-9 steven\" tabindex=\"-1\" role=\"dialog\" aria-labelledby=\"modal-heading-9\" aria-hidden=\"true\" style=\"--awb-border-color:#ffffff;--awb-background:var(--awb-color1);\"><div class=\"modal-dialog modal-lg\" role=\"document\"><div class=\"modal-content fusion-modal-content\"><div class=\"modal-header\"><button class=\"close\" type=\"button\" data-dismiss=\"modal\" aria-hidden=\"true\" aria-label=\"Close\">&times;<\/button><h3 class=\"modal-title\" id=\"modal-heading-9\" data-dismiss=\"modal\" aria-hidden=\"true\"> <\/h3><\/div><div class=\"modal-body fusion-clearfix\"><div class=\"fusion-fullwidth fullwidth-box fusion-builder-row-9-9 fusion-flex-container has-pattern-background has-mask-background nonhundred-percent-fullwidth non-hundred-percent-height-scrolling text-img-split team-modal\" style=\"--awb-border-radius-top-left:0px;--awb-border-radius-top-right:0px;--awb-border-radius-bottom-right:0px;--awb-border-radius-bottom-left:0px;--awb-padding-top:0px;--awb-padding-right:30px;--awb-padding-left:30px;--awb-flex-wrap:wrap;\" ><div class=\"fusion-builder-row fusion-row fusion-flex-align-items-flex-start fusion-flex-content-wrap\" style=\"width:104% !important;max-width:104% !important;margin-left: calc(-4% \/ 2 );margin-right: calc(-4% \/ 2 );\"><div class=\"fusion-layout-column fusion_builder_column fusion-builder-column-60 fusion_builder_column_1_4 1_4 fusion-flex-column\" style=\"--awb-bg-size:cover;--awb-width-large:25%;--awb-flex-grow:0;--awb-flex-shrink:0;--awb-margin-top-large:0px;--awb-spacing-right-large:7.68%;--awb-margin-bottom-large:20px;--awb-spacing-left-large:7.68%;--awb-width-medium:25%;--awb-order-medium:0;--awb-flex-grow-medium:0;--awb-flex-shrink-medium:0;--awb-spacing-right-medium:7.68%;--awb-spacing-left-medium:7.68%;--awb-width-small:100%;--awb-order-small:0;--awb-flex-grow-small:0;--awb-flex-shrink-small:0;--awb-spacing-right-small:1.92%;--awb-spacing-left-small:1.92%;\"><div class=\"fusion-column-wrapper fusion-column-has-shadow fusion-flex-justify-content-flex-start fusion-content-layout-column\"><div class=\"fusion-image-element in-legacy-container\" style=\"--awb-max-width:100%;--awb-caption-title-font-family:var(--h2_typography-font-family);--awb-caption-title-font-weight:var(--h2_typography-font-weight);--awb-caption-title-font-style:var(--h2_typography-font-style);--awb-caption-title-size:var(--h2_typography-font-size);--awb-caption-title-transform:var(--h2_typography-text-transform);--awb-caption-title-line-height:var(--h2_typography-line-height);--awb-caption-title-letter-spacing:var(--h2_typography-letter-spacing);\"><span class=\" fusion-imageframe imageframe-none imageframe-16 hover-type-none\"><img decoding=\"async\" width=\"541\" height=\"593\" title=\"steven\" src=\"https:\/\/recoverinitiative.ca\/wp-content\/uploads\/2025\/11\/steven.jpg\" alt class=\"img-responsive wp-image-689\" srcset=\"https:\/\/recoverinitiative.ca\/wp-content\/uploads\/2025\/11\/steven-200x219.jpg 200w, https:\/\/recoverinitiative.ca\/wp-content\/uploads\/2025\/11\/steven-400x438.jpg 400w, https:\/\/recoverinitiative.ca\/wp-content\/uploads\/2025\/11\/steven.jpg 541w\" sizes=\"(max-width: 768px) 100vw, 400px\" \/><\/span><\/div><\/div><\/div><div class=\"fusion-layout-column fusion_builder_column fusion-builder-column-61 fusion_builder_column_3_4 3_4 fusion-flex-column\" style=\"--awb-bg-size:cover;--awb-width-large:75%;--awb-flex-grow:0;--awb-flex-shrink:0;--awb-margin-top-large:0px;--awb-spacing-right-large:2.56%;--awb-margin-bottom-large:20px;--awb-spacing-left-large:2.56%;--awb-width-medium:75%;--awb-order-medium:0;--awb-flex-grow-medium:0;--awb-flex-shrink-medium:0;--awb-spacing-right-medium:2.56%;--awb-spacing-left-medium:2.56%;--awb-width-small:100%;--awb-order-small:0;--awb-flex-grow-small:0;--awb-flex-shrink-small:0;--awb-spacing-right-small:1.92%;--awb-spacing-left-small:1.92%;\"><div class=\"fusion-column-wrapper fusion-column-has-shadow fusion-flex-justify-content-flex-start fusion-content-layout-column\"><div class=\"fusion-text fusion-text-26\"><h3>Steven Li<\/h3>\n<p><strong>Coordonnateur de programme<\/strong><br \/>\nPronoms : Il\/lui<br \/>\n<a href=\"mailto:steven@recoverinitiative.ca\">steven@recoverinitiative.ca<\/a><\/p>\n<\/div><\/div><\/div><div class=\"fusion-layout-column fusion_builder_column fusion-builder-column-62 fusion_builder_column_1_1 1_1 fusion-flex-column\" style=\"--awb-bg-size:cover;--awb-width-large:100%;--awb-flex-grow:0;--awb-flex-shrink:0;--awb-margin-top-large:0px;--awb-spacing-right-large:1.92%;--awb-margin-bottom-large:20px;--awb-spacing-left-large:1.92%;--awb-width-medium:100%;--awb-order-medium:0;--awb-flex-grow-medium:0;--awb-flex-shrink-medium:0;--awb-spacing-right-medium:1.92%;--awb-spacing-left-medium:1.92%;--awb-width-small:100%;--awb-order-small:0;--awb-flex-grow-small:0;--awb-flex-shrink-small:0;--awb-spacing-right-small:1.92%;--awb-spacing-left-small:1.92%;\"><div class=\"fusion-column-wrapper fusion-column-has-shadow fusion-flex-justify-content-flex-start fusion-content-layout-column\"><div class=\"fusion-text fusion-text-27\"><p>Steven Lee s\u2019est joint \u00e0 ReCover en tant que coordonnateur de programme, mettant \u00e0 profit une solide exp\u00e9rience dans les secteurs de l\u2019efficacit\u00e9 \u00e9nerg\u00e9tique, et de l\u2019adaptation, de l\u2019att\u00e9nuation et de la r\u00e9silience face aux changements climatiques. Il se sp\u00e9cialise dans les solutions de r\u00e9novation des b\u00e2timents qui am\u00e9liorent \u00e0 la fois le rendement \u00e9nerg\u00e9tique et la r\u00e9silience climatique.<\/p>\n<p>Avant de se joindre \u00e0 ReCover, M. Li a dirig\u00e9 la mise en \u0153uvre et la gestion d\u2019un programme d\u2019efficacit\u00e9 \u00e9nerg\u00e9tique r\u00e9sidentielle pour les communaut\u00e9s mi\u2019kmaq, dans le but de r\u00e9duire la pauvret\u00e9 \u00e9nerg\u00e9tique et de faire tomber les barri\u00e8res syst\u00e9miques. Auparavant, il \u00e9tait membre du corps professoral du Nova Scotia Community College (NSCC), o\u00f9 il enseignait dans le cadre du Programme d\u2019ing\u00e9nierie des technologies \u00e9nerg\u00e9tiques durables. Sa capacit\u00e9 \u00e0 tisser des liens avec les \u00e9tudiants lui permet de traduire des concepts complexes en notions claires et conviviales.<\/p>\n<p>Plus t\u00f4t dans sa carri\u00e8re, M. Li a servi dans l\u2019arm\u00e9e en tant que technicien en t\u00e9l\u00e9communications a\u00e9rospatiales et en syst\u00e8mes d\u2019information, o\u00f9 il a aiguis\u00e9 son souci du d\u00e9tail et son engagement envers l\u2019excellence.<\/p>\n<p>M. Li est titulaire d\u2019un dipl\u00f4me avec mention en technique du g\u00e9nie des \u00e9nergies renouvelables du NSCC, en plus d\u2019avoir suivi une formation sp\u00e9cialis\u00e9e pendant son service militaire. Quand il n\u2019est pas occup\u00e9 \u00e0 r\u00e9soudre des probl\u00e8mes, il passe souvent son temps \u00e0 la caserne de pompiers \u00e0 perfectionner ses comp\u00e9tences en mati\u00e8re de lutte contre les incendies, ou \u00e0 jouer au volley-ball.<\/p>\n<\/div><\/div><\/div><\/div><\/div>\n<\/div><\/div><\/div><\/div><div class=\"fusion-modal modal fade modal-10 kessiena\" tabindex=\"-1\" role=\"dialog\" aria-labelledby=\"modal-heading-10\" aria-hidden=\"true\" style=\"--awb-border-color:#ffffff;--awb-background:var(--awb-color1);\"><div class=\"modal-dialog modal-lg\" role=\"document\"><div class=\"modal-content fusion-modal-content\"><div class=\"modal-header\"><button class=\"close\" type=\"button\" data-dismiss=\"modal\" aria-hidden=\"true\" aria-label=\"Close\">&times;<\/button><h3 class=\"modal-title\" id=\"modal-heading-10\" data-dismiss=\"modal\" aria-hidden=\"true\"> <\/h3><\/div><div class=\"modal-body fusion-clearfix\"><div class=\"fusion-fullwidth fullwidth-box fusion-builder-row-9-10 fusion-flex-container has-pattern-background has-mask-background nonhundred-percent-fullwidth non-hundred-percent-height-scrolling text-img-split team-modal\" style=\"--awb-border-radius-top-left:0px;--awb-border-radius-top-right:0px;--awb-border-radius-bottom-right:0px;--awb-border-radius-bottom-left:0px;--awb-padding-top:0px;--awb-padding-right:30px;--awb-padding-left:30px;--awb-flex-wrap:wrap;\" ><div class=\"fusion-builder-row fusion-row fusion-flex-align-items-flex-start fusion-flex-content-wrap\" style=\"width:104% !important;max-width:104% !important;margin-left: calc(-4% \/ 2 );margin-right: calc(-4% \/ 2 );\"><div class=\"fusion-layout-column fusion_builder_column fusion-builder-column-63 fusion_builder_column_1_4 1_4 fusion-flex-column\" style=\"--awb-bg-size:cover;--awb-width-large:25%;--awb-flex-grow:0;--awb-flex-shrink:0;--awb-margin-top-large:0px;--awb-spacing-right-large:7.68%;--awb-margin-bottom-large:20px;--awb-spacing-left-large:7.68%;--awb-width-medium:25%;--awb-order-medium:0;--awb-flex-grow-medium:0;--awb-flex-shrink-medium:0;--awb-spacing-right-medium:7.68%;--awb-spacing-left-medium:7.68%;--awb-width-small:100%;--awb-order-small:0;--awb-flex-grow-small:0;--awb-flex-shrink-small:0;--awb-spacing-right-small:1.92%;--awb-spacing-left-small:1.92%;\"><div class=\"fusion-column-wrapper fusion-column-has-shadow fusion-flex-justify-content-flex-start fusion-content-layout-column\"><div class=\"fusion-image-element in-legacy-container\" style=\"--awb-max-width:100%;--awb-caption-title-font-family:var(--h2_typography-font-family);--awb-caption-title-font-weight:var(--h2_typography-font-weight);--awb-caption-title-font-style:var(--h2_typography-font-style);--awb-caption-title-size:var(--h2_typography-font-size);--awb-caption-title-transform:var(--h2_typography-text-transform);--awb-caption-title-line-height:var(--h2_typography-line-height);--awb-caption-title-letter-spacing:var(--h2_typography-letter-spacing);\"><span class=\" fusion-imageframe imageframe-none imageframe-17 hover-type-none\"><img decoding=\"async\" width=\"1280\" height=\"1417\" title=\"kessiena\" src=\"https:\/\/recoverinitiative.ca\/wp-content\/uploads\/2025\/11\/kessiena.jpg\" alt class=\"img-responsive wp-image-693\" srcset=\"https:\/\/recoverinitiative.ca\/wp-content\/uploads\/2025\/11\/kessiena-200x221.jpg 200w, https:\/\/recoverinitiative.ca\/wp-content\/uploads\/2025\/11\/kessiena-400x443.jpg 400w, https:\/\/recoverinitiative.ca\/wp-content\/uploads\/2025\/11\/kessiena-600x664.jpg 600w, https:\/\/recoverinitiative.ca\/wp-content\/uploads\/2025\/11\/kessiena-800x886.jpg 800w, https:\/\/recoverinitiative.ca\/wp-content\/uploads\/2025\/11\/kessiena-1200x1328.jpg 1200w, https:\/\/recoverinitiative.ca\/wp-content\/uploads\/2025\/11\/kessiena.jpg 1280w\" sizes=\"(max-width: 768px) 100vw, 400px\" \/><\/span><\/div><\/div><\/div><div class=\"fusion-layout-column fusion_builder_column fusion-builder-column-64 fusion_builder_column_3_4 3_4 fusion-flex-column\" style=\"--awb-bg-size:cover;--awb-width-large:75%;--awb-flex-grow:0;--awb-flex-shrink:0;--awb-margin-top-large:0px;--awb-spacing-right-large:2.56%;--awb-margin-bottom-large:20px;--awb-spacing-left-large:2.56%;--awb-width-medium:75%;--awb-order-medium:0;--awb-flex-grow-medium:0;--awb-flex-shrink-medium:0;--awb-spacing-right-medium:2.56%;--awb-spacing-left-medium:2.56%;--awb-width-small:100%;--awb-order-small:0;--awb-flex-grow-small:0;--awb-flex-shrink-small:0;--awb-spacing-right-small:1.92%;--awb-spacing-left-small:1.92%;\"><div class=\"fusion-column-wrapper fusion-column-has-shadow fusion-flex-justify-content-flex-start fusion-content-layout-column\"><div class=\"fusion-text fusion-text-28\"><h3>Kessiena Kama<\/h3>\n<p><strong>Coordonnatrice de projet<\/strong><br \/>\nPronoms : Elle<br \/>\n<a href=\"mailto:kessiena@recoverinitiative.ca\">kessiena@recoverinitiative.ca<\/a><\/p>\n<\/div><\/div><\/div><div class=\"fusion-layout-column fusion_builder_column fusion-builder-column-65 fusion_builder_column_1_1 1_1 fusion-flex-column\" style=\"--awb-bg-size:cover;--awb-width-large:100%;--awb-flex-grow:0;--awb-flex-shrink:0;--awb-margin-top-large:0px;--awb-spacing-right-large:1.92%;--awb-margin-bottom-large:20px;--awb-spacing-left-large:1.92%;--awb-width-medium:100%;--awb-order-medium:0;--awb-flex-grow-medium:0;--awb-flex-shrink-medium:0;--awb-spacing-right-medium:1.92%;--awb-spacing-left-medium:1.92%;--awb-width-small:100%;--awb-order-small:0;--awb-flex-grow-small:0;--awb-flex-shrink-small:0;--awb-spacing-right-small:1.92%;--awb-spacing-left-small:1.92%;\"><div class=\"fusion-column-wrapper fusion-column-has-shadow fusion-flex-justify-content-flex-start fusion-content-layout-column\"><div class=\"fusion-text fusion-text-29\"><p>Kessiena Kama met \u00e0 profit ses connaissances multidisciplinaires en \u00e9tudes environnementales, en administration des affaires et en leadership communautaire pour faire avancer la mission de ReCover.<\/p>\n<p>Gr\u00e2ce \u00e0 ses comp\u00e9tences en mati\u00e8re d\u2019innovation durable et de gestion du changement, Mme Kama soutient l\u2019\u00e9quipe d\u2019expansion de l\u2019entreprise en \u00e9tablissant des partenariats strat\u00e9giques et en coordonnant des projets qui acc\u00e9l\u00e8rent les r\u00e9novations en profondeur dans l\u2019ensemble du Canada atlantique.<\/p>\n<\/div><\/div><\/div><\/div><\/div>\n<\/div><\/div><\/div><\/div><div class=\"fusion-modal modal fade modal-11 chanyoung\" tabindex=\"-1\" role=\"dialog\" aria-labelledby=\"modal-heading-11\" aria-hidden=\"true\" style=\"--awb-border-color:#ffffff;--awb-background:var(--awb-color1);\"><div class=\"modal-dialog modal-lg\" role=\"document\"><div class=\"modal-content fusion-modal-content\"><div class=\"modal-header\"><button class=\"close\" type=\"button\" data-dismiss=\"modal\" aria-hidden=\"true\" aria-label=\"Close\">&times;<\/button><h3 class=\"modal-title\" id=\"modal-heading-11\" data-dismiss=\"modal\" aria-hidden=\"true\"> <\/h3><\/div><div class=\"modal-body fusion-clearfix\"><div class=\"fusion-fullwidth fullwidth-box fusion-builder-row-9-11 fusion-flex-container has-pattern-background has-mask-background nonhundred-percent-fullwidth non-hundred-percent-height-scrolling text-img-split team-modal\" style=\"--awb-border-radius-top-left:0px;--awb-border-radius-top-right:0px;--awb-border-radius-bottom-right:0px;--awb-border-radius-bottom-left:0px;--awb-padding-top:0px;--awb-padding-right:30px;--awb-padding-left:30px;--awb-flex-wrap:wrap;\" ><div class=\"fusion-builder-row fusion-row fusion-flex-align-items-flex-start fusion-flex-content-wrap\" style=\"width:104% !important;max-width:104% !important;margin-left: calc(-4% \/ 2 );margin-right: calc(-4% \/ 2 );\"><div class=\"fusion-layout-column fusion_builder_column fusion-builder-column-66 fusion_builder_column_1_4 1_4 fusion-flex-column\" style=\"--awb-bg-size:cover;--awb-width-large:25%;--awb-flex-grow:0;--awb-flex-shrink:0;--awb-margin-top-large:0px;--awb-spacing-right-large:7.68%;--awb-margin-bottom-large:20px;--awb-spacing-left-large:7.68%;--awb-width-medium:25%;--awb-order-medium:0;--awb-flex-grow-medium:0;--awb-flex-shrink-medium:0;--awb-spacing-right-medium:7.68%;--awb-spacing-left-medium:7.68%;--awb-width-small:100%;--awb-order-small:0;--awb-flex-grow-small:0;--awb-flex-shrink-small:0;--awb-spacing-right-small:1.92%;--awb-spacing-left-small:1.92%;\"><div class=\"fusion-column-wrapper fusion-column-has-shadow fusion-flex-justify-content-flex-start fusion-content-layout-column\"><div class=\"fusion-image-element in-legacy-container\" style=\"--awb-max-width:100%;--awb-caption-title-font-family:var(--h2_typography-font-family);--awb-caption-title-font-weight:var(--h2_typography-font-weight);--awb-caption-title-font-style:var(--h2_typography-font-style);--awb-caption-title-size:var(--h2_typography-font-size);--awb-caption-title-transform:var(--h2_typography-text-transform);--awb-caption-title-line-height:var(--h2_typography-line-height);--awb-caption-title-letter-spacing:var(--h2_typography-letter-spacing);\"><span class=\" fusion-imageframe imageframe-none imageframe-18 hover-type-none\"><img decoding=\"async\" width=\"1280\" height=\"1402\" title=\"chanyoung\" src=\"https:\/\/recoverinitiative.ca\/wp-content\/uploads\/2025\/11\/chanyoung.jpg\" alt class=\"img-responsive wp-image-692\" srcset=\"https:\/\/recoverinitiative.ca\/wp-content\/uploads\/2025\/11\/chanyoung-200x219.jpg 200w, https:\/\/recoverinitiative.ca\/wp-content\/uploads\/2025\/11\/chanyoung-400x438.jpg 400w, https:\/\/recoverinitiative.ca\/wp-content\/uploads\/2025\/11\/chanyoung-600x657.jpg 600w, https:\/\/recoverinitiative.ca\/wp-content\/uploads\/2025\/11\/chanyoung-800x876.jpg 800w, https:\/\/recoverinitiative.ca\/wp-content\/uploads\/2025\/11\/chanyoung-1200x1314.jpg 1200w, https:\/\/recoverinitiative.ca\/wp-content\/uploads\/2025\/11\/chanyoung.jpg 1280w\" sizes=\"(max-width: 768px) 100vw, 400px\" \/><\/span><\/div><\/div><\/div><div class=\"fusion-layout-column fusion_builder_column fusion-builder-column-67 fusion_builder_column_3_4 3_4 fusion-flex-column\" style=\"--awb-bg-size:cover;--awb-width-large:75%;--awb-flex-grow:0;--awb-flex-shrink:0;--awb-margin-top-large:0px;--awb-spacing-right-large:2.56%;--awb-margin-bottom-large:20px;--awb-spacing-left-large:2.56%;--awb-width-medium:75%;--awb-order-medium:0;--awb-flex-grow-medium:0;--awb-flex-shrink-medium:0;--awb-spacing-right-medium:2.56%;--awb-spacing-left-medium:2.56%;--awb-width-small:100%;--awb-order-small:0;--awb-flex-grow-small:0;--awb-flex-shrink-small:0;--awb-spacing-right-small:1.92%;--awb-spacing-left-small:1.92%;\"><div class=\"fusion-column-wrapper fusion-column-has-shadow fusion-flex-justify-content-flex-start fusion-content-layout-column\"><div class=\"fusion-text fusion-text-30\"><h3>Chanyoung Lee<\/h3>\n<p><strong>Analyste de donn\u00e9es<\/strong><br \/>\nPronoms : Elle<br \/>\n<a href=\"mailto:chanyoung@recoverinitiative.ca\">chanyoung@recoverinitiative.ca<\/a><\/p>\n<\/div><\/div><\/div><div class=\"fusion-layout-column fusion_builder_column fusion-builder-column-68 fusion_builder_column_1_1 1_1 fusion-flex-column\" style=\"--awb-bg-size:cover;--awb-width-large:100%;--awb-flex-grow:0;--awb-flex-shrink:0;--awb-margin-top-large:0px;--awb-spacing-right-large:1.92%;--awb-margin-bottom-large:20px;--awb-spacing-left-large:1.92%;--awb-width-medium:100%;--awb-order-medium:0;--awb-flex-grow-medium:0;--awb-flex-shrink-medium:0;--awb-spacing-right-medium:1.92%;--awb-spacing-left-medium:1.92%;--awb-width-small:100%;--awb-order-small:0;--awb-flex-grow-small:0;--awb-flex-shrink-small:0;--awb-spacing-right-small:1.92%;--awb-spacing-left-small:1.92%;\"><div class=\"fusion-column-wrapper fusion-column-has-shadow fusion-flex-justify-content-flex-start fusion-content-layout-column\"><div class=\"fusion-text fusion-text-31\"><p>Chanyoung Lee est analyste de donn\u00e9es \u00e0 ReCover Initiative, o\u00f9 elle est le fer de lance des strat\u00e9gies fond\u00e9es sur les donn\u00e9es en vue de faire progresser les r\u00e9novations \u00e9nerg\u00e9tiques en profondeur dans l\u2019ensemble du Canada atlantique. Gr\u00e2ce \u00e0 ses comp\u00e9tences en mati\u00e8re de cr\u00e9ation de flux de donn\u00e9es automatis\u00e9s, d\u2019ex\u00e9cution d\u2019analyses approfondies et de mise au point de tableaux de bord dynamiques, elle transforme des ensembles de donn\u00e9es complexes en perspectives r\u00e9alisables, donnant ainsi aux \u00e9quipes les moyens de prendre des d\u00e9cisions strat\u00e9giques \u00e9clair\u00e9es. <\/p>\n<p>Avant de d\u00e9m\u00e9nager au Canada, Mme Lee a pass\u00e9 plus de dix ans en Cor\u00e9e du Sud en tant que directrice de projet et d\u2019analyste d\u2019entreprise, o\u00f9 elle a dirig\u00e9 des initiatives \u00e0 grande \u00e9chelle dans les secteurs de l\u2019image de marque, des op\u00e9rations et des \u00e9tudes de march\u00e9. Ses solides connaissances en strat\u00e9gie commerciale compl\u00e8tent ses comp\u00e9tences techniques et lui permettent d\u2019aligner les solutions fond\u00e9es sur les donn\u00e9es avec des r\u00e9sultats concrets et op\u00e9rationnels. <\/p>\n<p>Mme Lee est titulaire d\u2019un dipl\u00f4me en analyse de donn\u00e9es informatiques du Nova Scotia Community College et d\u2019un baccalaur\u00e9at en cr\u00e9ation de mode et marketing de l\u2019Universit\u00e9 pour les femmes de S\u00e9oul. Passionn\u00e9e par l\u2019utilisation des donn\u00e9es pour favoriser la durabilit\u00e9, l\u2019\u00e9quit\u00e9 et des changements significatifs, elle se consacre \u00e0 la mise \u00e0 profit de la technologie pour cr\u00e9er un avenir plus r\u00e9silient pour sa communaut\u00e9.<\/p>\n<\/div><\/div><\/div><\/div><\/div>\n<\/div><\/div><\/div><\/div><div class=\"fusion-modal modal fade modal-12 rebecca\" tabindex=\"-1\" role=\"dialog\" aria-labelledby=\"modal-heading-12\" aria-hidden=\"true\" style=\"--awb-border-color:#ffffff;--awb-background:var(--awb-color1);\"><div class=\"modal-dialog modal-lg\" role=\"document\"><div class=\"modal-content fusion-modal-content\"><div class=\"modal-header\"><button class=\"close\" type=\"button\" data-dismiss=\"modal\" aria-hidden=\"true\" aria-label=\"Close\">&times;<\/button><h3 class=\"modal-title\" id=\"modal-heading-12\" data-dismiss=\"modal\" aria-hidden=\"true\"> <\/h3><\/div><div class=\"modal-body fusion-clearfix\"><div class=\"fusion-fullwidth fullwidth-box fusion-builder-row-9-12 fusion-flex-container has-pattern-background has-mask-background nonhundred-percent-fullwidth non-hundred-percent-height-scrolling text-img-split team-modal\" style=\"--awb-border-radius-top-left:0px;--awb-border-radius-top-right:0px;--awb-border-radius-bottom-right:0px;--awb-border-radius-bottom-left:0px;--awb-padding-top:0px;--awb-padding-right:30px;--awb-padding-left:30px;--awb-flex-wrap:wrap;\" ><div class=\"fusion-builder-row fusion-row fusion-flex-align-items-flex-start fusion-flex-content-wrap\" style=\"width:104% !important;max-width:104% !important;margin-left: calc(-4% \/ 2 );margin-right: calc(-4% \/ 2 );\"><div class=\"fusion-layout-column fusion_builder_column fusion-builder-column-69 fusion_builder_column_1_4 1_4 fusion-flex-column\" style=\"--awb-bg-size:cover;--awb-width-large:25%;--awb-flex-grow:0;--awb-flex-shrink:0;--awb-margin-top-large:0px;--awb-spacing-right-large:7.68%;--awb-margin-bottom-large:20px;--awb-spacing-left-large:7.68%;--awb-width-medium:25%;--awb-order-medium:0;--awb-flex-grow-medium:0;--awb-flex-shrink-medium:0;--awb-spacing-right-medium:7.68%;--awb-spacing-left-medium:7.68%;--awb-width-small:100%;--awb-order-small:0;--awb-flex-grow-small:0;--awb-flex-shrink-small:0;--awb-spacing-right-small:1.92%;--awb-spacing-left-small:1.92%;\"><div class=\"fusion-column-wrapper fusion-column-has-shadow fusion-flex-justify-content-flex-start fusion-content-layout-column\"><div class=\"fusion-image-element in-legacy-container\" style=\"--awb-max-width:100%;--awb-caption-title-font-family:var(--h2_typography-font-family);--awb-caption-title-font-weight:var(--h2_typography-font-weight);--awb-caption-title-font-style:var(--h2_typography-font-style);--awb-caption-title-size:var(--h2_typography-font-size);--awb-caption-title-transform:var(--h2_typography-text-transform);--awb-caption-title-line-height:var(--h2_typography-line-height);--awb-caption-title-letter-spacing:var(--h2_typography-letter-spacing);\"><span class=\" fusion-imageframe imageframe-none imageframe-19 hover-type-none\"><img decoding=\"async\" width=\"637\" height=\"698\" title=\"rebecca-r\" src=\"https:\/\/recoverinitiative.ca\/wp-content\/uploads\/2025\/11\/rebecca-r.png\" alt class=\"img-responsive wp-image-690\" srcset=\"https:\/\/recoverinitiative.ca\/wp-content\/uploads\/2025\/11\/rebecca-r-200x219.png 200w, https:\/\/recoverinitiative.ca\/wp-content\/uploads\/2025\/11\/rebecca-r-400x438.png 400w, https:\/\/recoverinitiative.ca\/wp-content\/uploads\/2025\/11\/rebecca-r-600x657.png 600w, https:\/\/recoverinitiative.ca\/wp-content\/uploads\/2025\/11\/rebecca-r.png 637w\" sizes=\"(max-width: 768px) 100vw, 400px\" \/><\/span><\/div><\/div><\/div><div class=\"fusion-layout-column fusion_builder_column fusion-builder-column-70 fusion_builder_column_3_4 3_4 fusion-flex-column\" style=\"--awb-bg-size:cover;--awb-width-large:75%;--awb-flex-grow:0;--awb-flex-shrink:0;--awb-margin-top-large:0px;--awb-spacing-right-large:2.56%;--awb-margin-bottom-large:20px;--awb-spacing-left-large:2.56%;--awb-width-medium:75%;--awb-order-medium:0;--awb-flex-grow-medium:0;--awb-flex-shrink-medium:0;--awb-spacing-right-medium:2.56%;--awb-spacing-left-medium:2.56%;--awb-width-small:100%;--awb-order-small:0;--awb-flex-grow-small:0;--awb-flex-shrink-small:0;--awb-spacing-right-small:1.92%;--awb-spacing-left-small:1.92%;\"><div class=\"fusion-column-wrapper fusion-column-has-shadow fusion-flex-justify-content-flex-start fusion-content-layout-column\"><div class=\"fusion-text fusion-text-32\"><h3>Rebecca Richards<\/h3>\n<p><strong>Gestionnaire de bureau (actuellement en cong\u00e9 de maternit\u00e9)<\/strong><br \/>\nPronoms : Elle<br \/>\n<a href=\"mailto:rebecca@recoverinitiative.ca\">rebecca@recoverinitiative.ca<\/a><\/p>\n<\/div><\/div><\/div><div class=\"fusion-layout-column fusion_builder_column fusion-builder-column-71 fusion_builder_column_1_1 1_1 fusion-flex-column\" style=\"--awb-bg-size:cover;--awb-width-large:100%;--awb-flex-grow:0;--awb-flex-shrink:0;--awb-margin-top-large:0px;--awb-spacing-right-large:1.92%;--awb-margin-bottom-large:20px;--awb-spacing-left-large:1.92%;--awb-width-medium:100%;--awb-order-medium:0;--awb-flex-grow-medium:0;--awb-flex-shrink-medium:0;--awb-spacing-right-medium:1.92%;--awb-spacing-left-medium:1.92%;--awb-width-small:100%;--awb-order-small:0;--awb-flex-grow-small:0;--awb-flex-shrink-small:0;--awb-spacing-right-small:1.92%;--awb-spacing-left-small:1.92%;\"><div class=\"fusion-column-wrapper fusion-column-has-shadow fusion-flex-justify-content-flex-start fusion-content-layout-column\"><div class=\"fusion-text fusion-text-33\"><div>\n<div>Rebecca soutient notre \u00e9quipe en assurant notre suivi et notre organisation. Passionn\u00e9e par l\u2019organisation et dot\u00e9e d\u2019un talent pour la r\u00e9solution de probl\u00e8mes, elle s\u2019efforce de rendre chaque journ\u00e9e \u00e0 notre bureau efficace et agr\u00e9able.<\/div>\n<div><\/div>\n<div>Forte de plusieurs ann\u00e9es d\u2019exp\u00e9rience en gestion de bureau, Rebecca a perfectionn\u00e9 ses comp\u00e9tences dans la gestion des t\u00e2ches administratives, la coordination des horaires et la gestion des fournitures de bureau, veillant \u00e0 ce que tout fonctionne comme une machine bien huil\u00e9e. Elle a fr\u00e9quent\u00e9 le NSCC et l\u2019Universit\u00e9 Mount Saint Vincent, o\u00f9 elle a \u00e9tudi\u00e9 le commerce.<\/div>\n<div><\/div>\n<div>Lorsqu\u2019elle n\u2019est pas plong\u00e9e dans le monde de la gestion de bureau, Rebecca aime s\u2019occuper de sa ferme, se promener sur la plage ou savourer un bon livre. Elle croit au maintien d\u2019un \u00e9quilibre sain entre le travail et la vie personnelle et apporte de la positivit\u00e9 \u00e0 tout ce qu\u2019elle fait, tant \u00e0 l\u2019int\u00e9rieur qu\u2019\u00e0 l\u2019ext\u00e9rieur du bureau.<\/div>\n<\/div>\n<\/div><\/div><\/div><\/div><\/div>\n<\/div><\/div><\/div><\/div><div class=\"fusion-modal modal fade modal-13 kelly\" tabindex=\"-1\" role=\"dialog\" aria-labelledby=\"modal-heading-13\" aria-hidden=\"true\" style=\"--awb-border-color:#ffffff;--awb-background:var(--awb-color1);\"><div class=\"modal-dialog modal-lg\" role=\"document\"><div class=\"modal-content fusion-modal-content\"><div class=\"modal-header\"><button class=\"close\" type=\"button\" data-dismiss=\"modal\" aria-hidden=\"true\" aria-label=\"Close\">&times;<\/button><h3 class=\"modal-title\" id=\"modal-heading-13\" data-dismiss=\"modal\" aria-hidden=\"true\"> <\/h3><\/div><div class=\"modal-body fusion-clearfix\"><div class=\"fusion-fullwidth fullwidth-box fusion-builder-row-9-13 fusion-flex-container has-pattern-background has-mask-background nonhundred-percent-fullwidth non-hundred-percent-height-scrolling text-img-split team-modal\" style=\"--awb-border-radius-top-left:0px;--awb-border-radius-top-right:0px;--awb-border-radius-bottom-right:0px;--awb-border-radius-bottom-left:0px;--awb-padding-top:0px;--awb-padding-right:30px;--awb-padding-left:30px;--awb-flex-wrap:wrap;\" ><div class=\"fusion-builder-row fusion-row fusion-flex-align-items-flex-start fusion-flex-content-wrap\" style=\"width:104% !important;max-width:104% !important;margin-left: calc(-4% \/ 2 );margin-right: calc(-4% \/ 2 );\"><div class=\"fusion-layout-column fusion_builder_column fusion-builder-column-72 fusion_builder_column_1_4 1_4 fusion-flex-column\" style=\"--awb-bg-size:cover;--awb-width-large:25%;--awb-flex-grow:0;--awb-flex-shrink:0;--awb-margin-top-large:0px;--awb-spacing-right-large:7.68%;--awb-margin-bottom-large:20px;--awb-spacing-left-large:7.68%;--awb-width-medium:25%;--awb-order-medium:0;--awb-flex-grow-medium:0;--awb-flex-shrink-medium:0;--awb-spacing-right-medium:7.68%;--awb-spacing-left-medium:7.68%;--awb-width-small:100%;--awb-order-small:0;--awb-flex-grow-small:0;--awb-flex-shrink-small:0;--awb-spacing-right-small:1.92%;--awb-spacing-left-small:1.92%;\"><div class=\"fusion-column-wrapper fusion-column-has-shadow fusion-flex-justify-content-flex-start fusion-content-layout-column\"><div class=\"fusion-image-element in-legacy-container\" style=\"--awb-max-width:100%;--awb-caption-title-font-family:var(--h2_typography-font-family);--awb-caption-title-font-weight:var(--h2_typography-font-weight);--awb-caption-title-font-style:var(--h2_typography-font-style);--awb-caption-title-size:var(--h2_typography-font-size);--awb-caption-title-transform:var(--h2_typography-text-transform);--awb-caption-title-line-height:var(--h2_typography-line-height);--awb-caption-title-letter-spacing:var(--h2_typography-letter-spacing);\"><span class=\" fusion-imageframe imageframe-none imageframe-20 hover-type-none\"><img decoding=\"async\" width=\"1280\" height=\"1403\" title=\"kelly\" src=\"https:\/\/recoverinitiative.ca\/wp-content\/uploads\/2025\/11\/kelly.jpg\" alt class=\"img-responsive wp-image-691\" srcset=\"https:\/\/recoverinitiative.ca\/wp-content\/uploads\/2025\/11\/kelly-200x219.jpg 200w, https:\/\/recoverinitiative.ca\/wp-content\/uploads\/2025\/11\/kelly-400x438.jpg 400w, https:\/\/recoverinitiative.ca\/wp-content\/uploads\/2025\/11\/kelly-600x658.jpg 600w, https:\/\/recoverinitiative.ca\/wp-content\/uploads\/2025\/11\/kelly-800x877.jpg 800w, https:\/\/recoverinitiative.ca\/wp-content\/uploads\/2025\/11\/kelly-1200x1315.jpg 1200w, https:\/\/recoverinitiative.ca\/wp-content\/uploads\/2025\/11\/kelly.jpg 1280w\" sizes=\"(max-width: 768px) 100vw, 400px\" \/><\/span><\/div><\/div><\/div><div class=\"fusion-layout-column fusion_builder_column fusion-builder-column-73 fusion_builder_column_3_4 3_4 fusion-flex-column\" style=\"--awb-bg-size:cover;--awb-width-large:75%;--awb-flex-grow:0;--awb-flex-shrink:0;--awb-margin-top-large:0px;--awb-spacing-right-large:2.56%;--awb-margin-bottom-large:20px;--awb-spacing-left-large:2.56%;--awb-width-medium:75%;--awb-order-medium:0;--awb-flex-grow-medium:0;--awb-flex-shrink-medium:0;--awb-spacing-right-medium:2.56%;--awb-spacing-left-medium:2.56%;--awb-width-small:100%;--awb-order-small:0;--awb-flex-grow-small:0;--awb-flex-shrink-small:0;--awb-spacing-right-small:1.92%;--awb-spacing-left-small:1.92%;\"><div class=\"fusion-column-wrapper fusion-column-has-shadow fusion-flex-justify-content-flex-start fusion-content-layout-column\"><div class=\"fusion-text fusion-text-34\"><h3>Kelly Naugle<\/h3>\n<p>Pronoms : Elle<br \/>\n<a href=\"mailto:kelly@recoverinitiative.ca\">kelly@recoverinitiative.ca<\/a><\/p>\n<\/div><\/div><\/div><div class=\"fusion-layout-column fusion_builder_column fusion-builder-column-74 fusion_builder_column_1_1 1_1 fusion-flex-column\" style=\"--awb-bg-size:cover;--awb-width-large:100%;--awb-flex-grow:0;--awb-flex-shrink:0;--awb-margin-top-large:0px;--awb-spacing-right-large:1.92%;--awb-margin-bottom-large:20px;--awb-spacing-left-large:1.92%;--awb-width-medium:100%;--awb-order-medium:0;--awb-flex-grow-medium:0;--awb-flex-shrink-medium:0;--awb-spacing-right-medium:1.92%;--awb-spacing-left-medium:1.92%;--awb-width-small:100%;--awb-order-small:0;--awb-flex-grow-small:0;--awb-flex-shrink-small:0;--awb-spacing-right-small:1.92%;--awb-spacing-left-small:1.92%;\"><div class=\"fusion-column-wrapper fusion-column-has-shadow fusion-flex-justify-content-flex-start fusion-content-layout-column\"><div class=\"fusion-text fusion-text-35\"><p>Kelly Naugle met au service de ReCover sa vaste exp\u00e9rience en mati\u00e8re d\u2019exploitation commerciale, de soutien juridique et d\u2019administration \u00e0 la direction, veillant ainsi \u00e0 l\u2019organisation, \u00e0 la concentration et \u00e0 l\u2019efficacit\u00e9 du bureau.<\/p>\n<div>En s\u2019effor\u00e7ant constamment d\u2019apporter une structure \u00e0 ce qui semble ing\u00e9rable, Mme Naugle veille au bon d\u00e9roulement des flux de travail et au bon fonctionnement des op\u00e9rations en arri\u00e8re-plan.<\/div>\n<div><\/div>\n<div>En dehors du bureau, Mme Naugle laisse libre cours \u00e0 sa \u00ab Miss Marple \u00bb int\u00e9rieure : elle tricote, coud et se d\u00e9tend en regardant des s\u00e9ries classiques polici\u00e8res britanniques ou un \u00e9pisode intemporel de Scooby-Doo.<\/div>\n<\/div><\/div><\/div><\/div><\/div>\n<\/div><\/div><\/div><\/div><div class=\"fusion-modal modal fade modal-14 graeme\" tabindex=\"-1\" role=\"dialog\" aria-labelledby=\"modal-heading-14\" aria-hidden=\"true\" style=\"--awb-border-color:#ffffff;--awb-background:var(--awb-color1);\"><div class=\"modal-dialog modal-lg\" role=\"document\"><div class=\"modal-content fusion-modal-content\"><div class=\"modal-header\"><button class=\"close\" type=\"button\" data-dismiss=\"modal\" aria-hidden=\"true\" aria-label=\"Close\">&times;<\/button><h3 class=\"modal-title\" id=\"modal-heading-14\" data-dismiss=\"modal\" aria-hidden=\"true\"> <\/h3><\/div><div class=\"modal-body fusion-clearfix\"><div class=\"fusion-fullwidth fullwidth-box fusion-builder-row-9-14 fusion-flex-container has-pattern-background has-mask-background nonhundred-percent-fullwidth non-hundred-percent-height-scrolling text-img-split team-modal\" style=\"--awb-border-radius-top-left:0px;--awb-border-radius-top-right:0px;--awb-border-radius-bottom-right:0px;--awb-border-radius-bottom-left:0px;--awb-padding-top:0px;--awb-padding-right:30px;--awb-padding-left:30px;--awb-flex-wrap:wrap;\" ><div class=\"fusion-builder-row fusion-row fusion-flex-align-items-flex-start fusion-flex-content-wrap\" style=\"width:104% !important;max-width:104% !important;margin-left: calc(-4% \/ 2 );margin-right: calc(-4% \/ 2 );\"><div class=\"fusion-layout-column fusion_builder_column fusion-builder-column-75 fusion_builder_column_1_4 1_4 fusion-flex-column\" style=\"--awb-bg-size:cover;--awb-width-large:25%;--awb-flex-grow:0;--awb-flex-shrink:0;--awb-margin-top-large:0px;--awb-spacing-right-large:7.68%;--awb-margin-bottom-large:20px;--awb-spacing-left-large:7.68%;--awb-width-medium:25%;--awb-order-medium:0;--awb-flex-grow-medium:0;--awb-flex-shrink-medium:0;--awb-spacing-right-medium:7.68%;--awb-spacing-left-medium:7.68%;--awb-width-small:100%;--awb-order-small:0;--awb-flex-grow-small:0;--awb-flex-shrink-small:0;--awb-spacing-right-small:1.92%;--awb-spacing-left-small:1.92%;\"><div class=\"fusion-column-wrapper fusion-column-has-shadow fusion-flex-justify-content-flex-start fusion-content-layout-column\"><div class=\"fusion-image-element in-legacy-container\" style=\"--awb-max-width:100%;--awb-caption-title-font-family:var(--h2_typography-font-family);--awb-caption-title-font-weight:var(--h2_typography-font-weight);--awb-caption-title-font-style:var(--h2_typography-font-style);--awb-caption-title-size:var(--h2_typography-font-size);--awb-caption-title-transform:var(--h2_typography-text-transform);--awb-caption-title-line-height:var(--h2_typography-line-height);--awb-caption-title-letter-spacing:var(--h2_typography-letter-spacing);\"><span class=\" fusion-imageframe imageframe-none imageframe-21 hover-type-none\"><img decoding=\"async\" width=\"600\" height=\"600\" title=\"graeme\" src=\"https:\/\/recoverinitiative.ca\/wp-content\/uploads\/2025\/11\/graeme.png\" alt class=\"img-responsive wp-image-702\" srcset=\"https:\/\/recoverinitiative.ca\/wp-content\/uploads\/2025\/11\/graeme-200x200.png 200w, https:\/\/recoverinitiative.ca\/wp-content\/uploads\/2025\/11\/graeme-400x400.png 400w, https:\/\/recoverinitiative.ca\/wp-content\/uploads\/2025\/11\/graeme.png 600w\" sizes=\"(max-width: 768px) 100vw, 400px\" \/><\/span><\/div><\/div><\/div><div class=\"fusion-layout-column fusion_builder_column fusion-builder-column-76 fusion_builder_column_3_4 3_4 fusion-flex-column\" style=\"--awb-bg-size:cover;--awb-width-large:75%;--awb-flex-grow:0;--awb-flex-shrink:0;--awb-margin-top-large:0px;--awb-spacing-right-large:2.56%;--awb-margin-bottom-large:20px;--awb-spacing-left-large:2.56%;--awb-width-medium:75%;--awb-order-medium:0;--awb-flex-grow-medium:0;--awb-flex-shrink-medium:0;--awb-spacing-right-medium:2.56%;--awb-spacing-left-medium:2.56%;--awb-width-small:100%;--awb-order-small:0;--awb-flex-grow-small:0;--awb-flex-shrink-small:0;--awb-spacing-right-small:1.92%;--awb-spacing-left-small:1.92%;\"><div class=\"fusion-column-wrapper fusion-column-has-shadow fusion-flex-justify-content-flex-start fusion-content-layout-column\"><div class=\"fusion-text fusion-text-36\"><h3>Graeme Hiebert<\/h3>\n<p><strong>Pr\u00e9sident du conseil par int\u00e9rim<\/strong><\/p>\n<\/div><\/div><\/div><div class=\"fusion-layout-column fusion_builder_column fusion-builder-column-77 fusion_builder_column_1_1 1_1 fusion-flex-column\" style=\"--awb-bg-size:cover;--awb-width-large:100%;--awb-flex-grow:0;--awb-flex-shrink:0;--awb-margin-top-large:0px;--awb-spacing-right-large:1.92%;--awb-margin-bottom-large:20px;--awb-spacing-left-large:1.92%;--awb-width-medium:100%;--awb-order-medium:0;--awb-flex-grow-medium:0;--awb-flex-shrink-medium:0;--awb-spacing-right-medium:1.92%;--awb-spacing-left-medium:1.92%;--awb-width-small:100%;--awb-order-small:0;--awb-flex-grow-small:0;--awb-flex-shrink-small:0;--awb-spacing-right-small:1.92%;--awb-spacing-left-small:1.92%;\"><div class=\"fusion-column-wrapper fusion-column-has-shadow fusion-flex-justify-content-flex-start fusion-content-layout-column\"><div class=\"fusion-text fusion-text-37\"><div>\n<div>Graeme Hiebert est originaire de Salmon Arm, en Colombie-Britannique. Il a \u00e9tudi\u00e9 \u00e0 l&rsquo;Universit\u00e9 Simon Fraser, o\u00f9 il a obtenu un baccalaur\u00e9at \u00e8s arts et un certificat d&rsquo;\u00e9tudes juridiques. Par la suite, il a occup\u00e9 divers emplois, d&rsquo;abord dans le domaine juridique, puis dans l&rsquo;industrie manufacturi\u00e8re, fabriquant des instruments \u00e0 vent en bois dans un petit atelier de Burnaby, en Colombie-Britannique. Graeme a int\u00e9gr\u00e9 la facult\u00e9 de droit de l&rsquo;Universit\u00e9 du Nouveau-Brunswick (UNB) en 2019 et a obtenu son dipl\u00f4me en 2022. Apr\u00e8s son stage, il a \u00e9t\u00e9 embauch\u00e9 comme avocat chez Stewart McKelvey \u00e0 Halifax, o\u00f9 il pratique le litige g\u00e9n\u00e9ral. Ses domaines de sp\u00e9cialisation comprennent notamment le litige en construction, les diff\u00e9rends commerciaux et contractuels, ainsi que les questions environnementales et r\u00e9glementaires. Graeme est actuellement d\u00e9tach\u00e9 de Stewart McKelvey aupr\u00e8s de la Cour d&rsquo;appel de la Nouvelle-\u00c9cosse. Il reprendra sa pratique habituelle en juin 2024. Dans ses temps libres, Graeme aime passer du temps avec sa femme, Katherine, et son fils, Salter, et id\u00e9alement, d\u00e9guster des hu\u00eetres sur une plage paradisiaque.<\/div>\n<\/div>\n<\/div><\/div><\/div><\/div><\/div>\n<\/div><\/div><\/div><\/div><div class=\"fusion-modal modal fade modal-15 bill\" tabindex=\"-1\" role=\"dialog\" aria-labelledby=\"modal-heading-15\" aria-hidden=\"true\" style=\"--awb-border-color:#ffffff;--awb-background:var(--awb-color1);\"><div class=\"modal-dialog modal-lg\" role=\"document\"><div class=\"modal-content fusion-modal-content\"><div class=\"modal-header\"><button class=\"close\" type=\"button\" data-dismiss=\"modal\" aria-hidden=\"true\" aria-label=\"Close\">&times;<\/button><h3 class=\"modal-title\" id=\"modal-heading-15\" data-dismiss=\"modal\" aria-hidden=\"true\"> <\/h3><\/div><div class=\"modal-body fusion-clearfix\"><div class=\"fusion-fullwidth fullwidth-box fusion-builder-row-9-15 fusion-flex-container has-pattern-background has-mask-background nonhundred-percent-fullwidth non-hundred-percent-height-scrolling text-img-split team-modal\" style=\"--awb-border-radius-top-left:0px;--awb-border-radius-top-right:0px;--awb-border-radius-bottom-right:0px;--awb-border-radius-bottom-left:0px;--awb-padding-top:0px;--awb-padding-right:30px;--awb-padding-left:30px;--awb-flex-wrap:wrap;\" ><div class=\"fusion-builder-row fusion-row fusion-flex-align-items-flex-start fusion-flex-content-wrap\" style=\"width:104% !important;max-width:104% !important;margin-left: calc(-4% \/ 2 );margin-right: calc(-4% \/ 2 );\"><div class=\"fusion-layout-column fusion_builder_column fusion-builder-column-78 fusion_builder_column_1_4 1_4 fusion-flex-column\" style=\"--awb-bg-size:cover;--awb-width-large:25%;--awb-flex-grow:0;--awb-flex-shrink:0;--awb-margin-top-large:0px;--awb-spacing-right-large:7.68%;--awb-margin-bottom-large:20px;--awb-spacing-left-large:7.68%;--awb-width-medium:25%;--awb-order-medium:0;--awb-flex-grow-medium:0;--awb-flex-shrink-medium:0;--awb-spacing-right-medium:7.68%;--awb-spacing-left-medium:7.68%;--awb-width-small:100%;--awb-order-small:0;--awb-flex-grow-small:0;--awb-flex-shrink-small:0;--awb-spacing-right-small:1.92%;--awb-spacing-left-small:1.92%;\"><div class=\"fusion-column-wrapper fusion-column-has-shadow fusion-flex-justify-content-flex-start fusion-content-layout-column\"><div class=\"fusion-image-element in-legacy-container\" style=\"--awb-max-width:100%;--awb-caption-title-font-family:var(--h2_typography-font-family);--awb-caption-title-font-weight:var(--h2_typography-font-weight);--awb-caption-title-font-style:var(--h2_typography-font-style);--awb-caption-title-size:var(--h2_typography-font-size);--awb-caption-title-transform:var(--h2_typography-text-transform);--awb-caption-title-line-height:var(--h2_typography-line-height);--awb-caption-title-letter-spacing:var(--h2_typography-letter-spacing);\"><span class=\" fusion-imageframe imageframe-none imageframe-22 hover-type-none\"><img decoding=\"async\" width=\"600\" height=\"600\" title=\"bill\" src=\"https:\/\/recoverinitiative.ca\/wp-content\/uploads\/2025\/11\/bill-1.png\" alt class=\"img-responsive wp-image-697\" srcset=\"https:\/\/recoverinitiative.ca\/wp-content\/uploads\/2025\/11\/bill-1-200x200.png 200w, https:\/\/recoverinitiative.ca\/wp-content\/uploads\/2025\/11\/bill-1-400x400.png 400w, https:\/\/recoverinitiative.ca\/wp-content\/uploads\/2025\/11\/bill-1.png 600w\" sizes=\"(max-width: 768px) 100vw, 400px\" \/><\/span><\/div><\/div><\/div><div class=\"fusion-layout-column fusion_builder_column fusion-builder-column-79 fusion_builder_column_3_4 3_4 fusion-flex-column\" style=\"--awb-bg-size:cover;--awb-width-large:75%;--awb-flex-grow:0;--awb-flex-shrink:0;--awb-margin-top-large:0px;--awb-spacing-right-large:2.56%;--awb-margin-bottom-large:20px;--awb-spacing-left-large:2.56%;--awb-width-medium:75%;--awb-order-medium:0;--awb-flex-grow-medium:0;--awb-flex-shrink-medium:0;--awb-spacing-right-medium:2.56%;--awb-spacing-left-medium:2.56%;--awb-width-small:100%;--awb-order-small:0;--awb-flex-grow-small:0;--awb-flex-shrink-small:0;--awb-spacing-right-small:1.92%;--awb-spacing-left-small:1.92%;\"><div class=\"fusion-column-wrapper fusion-column-has-shadow fusion-flex-justify-content-flex-start fusion-content-layout-column\"><div class=\"fusion-text fusion-text-38\"><h3>Bill Hahn<\/h3>\n<p><strong>Tr\u00e9sorier<\/strong><\/p>\n<\/div><\/div><\/div><div class=\"fusion-layout-column fusion_builder_column fusion-builder-column-80 fusion_builder_column_1_1 1_1 fusion-flex-column\" style=\"--awb-bg-size:cover;--awb-width-large:100%;--awb-flex-grow:0;--awb-flex-shrink:0;--awb-margin-top-large:0px;--awb-spacing-right-large:1.92%;--awb-margin-bottom-large:20px;--awb-spacing-left-large:1.92%;--awb-width-medium:100%;--awb-order-medium:0;--awb-flex-grow-medium:0;--awb-flex-shrink-medium:0;--awb-spacing-right-medium:1.92%;--awb-spacing-left-medium:1.92%;--awb-width-small:100%;--awb-order-small:0;--awb-flex-grow-small:0;--awb-flex-shrink-small:0;--awb-spacing-right-small:1.92%;--awb-spacing-left-small:1.92%;\"><div class=\"fusion-column-wrapper fusion-column-has-shadow fusion-flex-justify-content-flex-start fusion-content-layout-column\"><div class=\"fusion-text fusion-text-39\"><p>Bill Hahn poss\u00e8de plus de 18 ans d&rsquo;exp\u00e9rience en direction financi\u00e8re, march\u00e9s de capitaux, comptabilit\u00e9 financi\u00e8re et gestion de la performance. Il est directeur financier \u00e0 temps partiel et se sp\u00e9cialise dans l&rsquo;accompagnement des initiatives de croissance des PME. <\/p>\n<p>Auparavant, Bill a occup\u00e9 des postes de direction financi\u00e8re au sein de plusieurs soci\u00e9t\u00e9s cot\u00e9es en bourse, dans divers secteurs d&rsquo;activit\u00e9. Il est expert-comptable agr\u00e9\u00e9 (CPA et CA) et titulaire d&rsquo;une ma\u00eetrise en comptabilit\u00e9 professionnelle et d&rsquo;une licence en commerce.<\/p>\n<\/div><\/div><\/div><\/div><\/div>\n<\/div><\/div><\/div><\/div><div class=\"fusion-modal modal fade modal-16 amelia\" tabindex=\"-1\" role=\"dialog\" aria-labelledby=\"modal-heading-16\" aria-hidden=\"true\" style=\"--awb-border-color:#ffffff;--awb-background:var(--awb-color1);\"><div class=\"modal-dialog modal-lg\" role=\"document\"><div class=\"modal-content fusion-modal-content\"><div class=\"modal-header\"><button class=\"close\" type=\"button\" data-dismiss=\"modal\" aria-hidden=\"true\" aria-label=\"Close\">&times;<\/button><h3 class=\"modal-title\" id=\"modal-heading-16\" data-dismiss=\"modal\" aria-hidden=\"true\"> <\/h3><\/div><div class=\"modal-body fusion-clearfix\"><div class=\"fusion-fullwidth fullwidth-box fusion-builder-row-9-16 fusion-flex-container has-pattern-background has-mask-background nonhundred-percent-fullwidth non-hundred-percent-height-scrolling text-img-split team-modal\" style=\"--awb-border-radius-top-left:0px;--awb-border-radius-top-right:0px;--awb-border-radius-bottom-right:0px;--awb-border-radius-bottom-left:0px;--awb-padding-top:0px;--awb-padding-right:30px;--awb-padding-left:30px;--awb-flex-wrap:wrap;\" ><div class=\"fusion-builder-row fusion-row fusion-flex-align-items-flex-start fusion-flex-content-wrap\" style=\"width:104% !important;max-width:104% !important;margin-left: calc(-4% \/ 2 );margin-right: calc(-4% \/ 2 );\"><div class=\"fusion-layout-column fusion_builder_column fusion-builder-column-81 fusion_builder_column_1_4 1_4 fusion-flex-column\" style=\"--awb-bg-size:cover;--awb-width-large:25%;--awb-flex-grow:0;--awb-flex-shrink:0;--awb-margin-top-large:0px;--awb-spacing-right-large:7.68%;--awb-margin-bottom-large:20px;--awb-spacing-left-large:7.68%;--awb-width-medium:25%;--awb-order-medium:0;--awb-flex-grow-medium:0;--awb-flex-shrink-medium:0;--awb-spacing-right-medium:7.68%;--awb-spacing-left-medium:7.68%;--awb-width-small:100%;--awb-order-small:0;--awb-flex-grow-small:0;--awb-flex-shrink-small:0;--awb-spacing-right-small:1.92%;--awb-spacing-left-small:1.92%;\"><div class=\"fusion-column-wrapper fusion-column-has-shadow fusion-flex-justify-content-flex-start fusion-content-layout-column\"><div class=\"fusion-image-element in-legacy-container\" style=\"--awb-max-width:100%;--awb-caption-title-font-family:var(--h2_typography-font-family);--awb-caption-title-font-weight:var(--h2_typography-font-weight);--awb-caption-title-font-style:var(--h2_typography-font-style);--awb-caption-title-size:var(--h2_typography-font-size);--awb-caption-title-transform:var(--h2_typography-text-transform);--awb-caption-title-line-height:var(--h2_typography-line-height);--awb-caption-title-letter-spacing:var(--h2_typography-letter-spacing);\"><span class=\" fusion-imageframe imageframe-none imageframe-23 hover-type-none\"><img decoding=\"async\" width=\"1196\" height=\"1200\" title=\"amelia\" src=\"https:\/\/recoverinitiative.ca\/wp-content\/uploads\/2025\/11\/amelia.png\" alt class=\"img-responsive wp-image-1531\" srcset=\"https:\/\/recoverinitiative.ca\/wp-content\/uploads\/2025\/11\/amelia-200x201.png 200w, https:\/\/recoverinitiative.ca\/wp-content\/uploads\/2025\/11\/amelia-400x401.png 400w, https:\/\/recoverinitiative.ca\/wp-content\/uploads\/2025\/11\/amelia-600x602.png 600w, https:\/\/recoverinitiative.ca\/wp-content\/uploads\/2025\/11\/amelia-800x803.png 800w, https:\/\/recoverinitiative.ca\/wp-content\/uploads\/2025\/11\/amelia.png 1196w\" sizes=\"(max-width: 768px) 100vw, 400px\" \/><\/span><\/div><\/div><\/div><div class=\"fusion-layout-column fusion_builder_column fusion-builder-column-82 fusion_builder_column_3_4 3_4 fusion-flex-column\" style=\"--awb-bg-size:cover;--awb-width-large:75%;--awb-flex-grow:0;--awb-flex-shrink:0;--awb-margin-top-large:0px;--awb-spacing-right-large:2.56%;--awb-margin-bottom-large:20px;--awb-spacing-left-large:2.56%;--awb-width-medium:75%;--awb-order-medium:0;--awb-flex-grow-medium:0;--awb-flex-shrink-medium:0;--awb-spacing-right-medium:2.56%;--awb-spacing-left-medium:2.56%;--awb-width-small:100%;--awb-order-small:0;--awb-flex-grow-small:0;--awb-flex-shrink-small:0;--awb-spacing-right-small:1.92%;--awb-spacing-left-small:1.92%;\"><div class=\"fusion-column-wrapper fusion-column-has-shadow fusion-flex-justify-content-flex-start fusion-content-layout-column\"><div class=\"fusion-text fusion-text-40\"><h3>Amelia Warren<\/h3>\n<p><strong>Directrice<\/strong><\/p>\n<\/div><\/div><\/div><div class=\"fusion-layout-column fusion_builder_column fusion-builder-column-83 fusion_builder_column_1_1 1_1 fusion-flex-column\" style=\"--awb-bg-size:cover;--awb-width-large:100%;--awb-flex-grow:0;--awb-flex-shrink:0;--awb-margin-top-large:0px;--awb-spacing-right-large:1.92%;--awb-margin-bottom-large:20px;--awb-spacing-left-large:1.92%;--awb-width-medium:100%;--awb-order-medium:0;--awb-flex-grow-medium:0;--awb-flex-shrink-medium:0;--awb-spacing-right-medium:1.92%;--awb-spacing-left-medium:1.92%;--awb-width-small:100%;--awb-order-small:0;--awb-flex-grow-small:0;--awb-flex-shrink-small:0;--awb-spacing-right-small:1.92%;--awb-spacing-left-small:1.92%;\"><div class=\"fusion-column-wrapper fusion-column-has-shadow fusion-flex-justify-content-flex-start fusion-content-layout-column\"><div class=\"fusion-text fusion-text-41\"><p>Amelia Warren poss\u00e8de plus de 15 ans d\u2019exp\u00e9rience en marketing strat\u00e9gique dans un large \u00e9ventail d\u2019industries et de secteurs.<\/p>\n<p>Avant de rejoindre Arrivals + Departures, Amelia a pass\u00e9 10 ans \u00e0 diriger les strat\u00e9gies de marketing, de vente et de service \u00e0 la client\u00e8le pour EfficiencyOne, un organisme sans but lucratif de premier plan qui fait progresser les objectifs climatiques du Canada.<\/p>\n<p>Elle a \u00e9galement travaill\u00e9 dans les domaines de la d\u00e9fense des int\u00e9r\u00eats, du gouvernement et de la recherche en soins de sant\u00e9, et a si\u00e9g\u00e9 \u00e0 titre d\u2019administratrice au sein de nombreux conseils d\u2019administration b\u00e9n\u00e9voles.<\/p>\n<\/div><\/div><\/div><\/div><\/div>\n<\/div><\/div><\/div><\/div><div class=\"fusion-modal modal fade modal-17 mizel\" tabindex=\"-1\" role=\"dialog\" aria-labelledby=\"modal-heading-17\" aria-hidden=\"true\" style=\"--awb-border-color:#ffffff;--awb-background:var(--awb-color1);\"><div class=\"modal-dialog modal-lg\" role=\"document\"><div class=\"modal-content fusion-modal-content\"><div class=\"modal-header\"><button class=\"close\" type=\"button\" data-dismiss=\"modal\" aria-hidden=\"true\" aria-label=\"Close\">&times;<\/button><h3 class=\"modal-title\" id=\"modal-heading-17\" data-dismiss=\"modal\" aria-hidden=\"true\"> <\/h3><\/div><div class=\"modal-body fusion-clearfix\"><div class=\"fusion-fullwidth fullwidth-box fusion-builder-row-9-17 fusion-flex-container has-pattern-background has-mask-background nonhundred-percent-fullwidth non-hundred-percent-height-scrolling text-img-split team-modal\" style=\"--awb-border-radius-top-left:0px;--awb-border-radius-top-right:0px;--awb-border-radius-bottom-right:0px;--awb-border-radius-bottom-left:0px;--awb-padding-top:0px;--awb-padding-right:30px;--awb-padding-left:30px;--awb-flex-wrap:wrap;\" ><div class=\"fusion-builder-row fusion-row fusion-flex-align-items-flex-start fusion-flex-content-wrap\" style=\"width:104% !important;max-width:104% !important;margin-left: calc(-4% \/ 2 );margin-right: calc(-4% \/ 2 );\"><div class=\"fusion-layout-column fusion_builder_column fusion-builder-column-84 fusion_builder_column_1_4 1_4 fusion-flex-column\" style=\"--awb-bg-size:cover;--awb-width-large:25%;--awb-flex-grow:0;--awb-flex-shrink:0;--awb-margin-top-large:0px;--awb-spacing-right-large:7.68%;--awb-margin-bottom-large:20px;--awb-spacing-left-large:7.68%;--awb-width-medium:25%;--awb-order-medium:0;--awb-flex-grow-medium:0;--awb-flex-shrink-medium:0;--awb-spacing-right-medium:7.68%;--awb-spacing-left-medium:7.68%;--awb-width-small:100%;--awb-order-small:0;--awb-flex-grow-small:0;--awb-flex-shrink-small:0;--awb-spacing-right-small:1.92%;--awb-spacing-left-small:1.92%;\"><div class=\"fusion-column-wrapper fusion-column-has-shadow fusion-flex-justify-content-flex-start fusion-content-layout-column\"><div class=\"fusion-image-element in-legacy-container\" style=\"--awb-max-width:100%;--awb-caption-title-font-family:var(--h2_typography-font-family);--awb-caption-title-font-weight:var(--h2_typography-font-weight);--awb-caption-title-font-style:var(--h2_typography-font-style);--awb-caption-title-size:var(--h2_typography-font-size);--awb-caption-title-transform:var(--h2_typography-text-transform);--awb-caption-title-line-height:var(--h2_typography-line-height);--awb-caption-title-letter-spacing:var(--h2_typography-letter-spacing);\"><span class=\" fusion-imageframe imageframe-none imageframe-24 hover-type-none\"><img decoding=\"async\" width=\"1038\" height=\"1041\" title=\"mizel\" src=\"https:\/\/recoverinitiative.ca\/wp-content\/uploads\/2025\/11\/mizel.jpg\" alt class=\"img-responsive wp-image-698\" srcset=\"https:\/\/recoverinitiative.ca\/wp-content\/uploads\/2025\/11\/mizel-200x201.jpg 200w, https:\/\/recoverinitiative.ca\/wp-content\/uploads\/2025\/11\/mizel-400x401.jpg 400w, https:\/\/recoverinitiative.ca\/wp-content\/uploads\/2025\/11\/mizel-600x602.jpg 600w, https:\/\/recoverinitiative.ca\/wp-content\/uploads\/2025\/11\/mizel-800x802.jpg 800w, https:\/\/recoverinitiative.ca\/wp-content\/uploads\/2025\/11\/mizel.jpg 1038w\" sizes=\"(max-width: 768px) 100vw, 400px\" \/><\/span><\/div><\/div><\/div><div class=\"fusion-layout-column fusion_builder_column fusion-builder-column-85 fusion_builder_column_3_4 3_4 fusion-flex-column\" style=\"--awb-bg-size:cover;--awb-width-large:75%;--awb-flex-grow:0;--awb-flex-shrink:0;--awb-margin-top-large:0px;--awb-spacing-right-large:2.56%;--awb-margin-bottom-large:20px;--awb-spacing-left-large:2.56%;--awb-width-medium:75%;--awb-order-medium:0;--awb-flex-grow-medium:0;--awb-flex-shrink-medium:0;--awb-spacing-right-medium:2.56%;--awb-spacing-left-medium:2.56%;--awb-width-small:100%;--awb-order-small:0;--awb-flex-grow-small:0;--awb-flex-shrink-small:0;--awb-spacing-right-small:1.92%;--awb-spacing-left-small:1.92%;\"><div class=\"fusion-column-wrapper fusion-column-has-shadow fusion-flex-justify-content-flex-start fusion-content-layout-column\"><div class=\"fusion-text fusion-text-42\"><h3>Mizel Cluett<\/h3>\n<p><strong>Secr\u00e9taire int\u00e9rimaire<\/strong><\/p>\n<\/div><\/div><\/div><div class=\"fusion-layout-column fusion_builder_column fusion-builder-column-86 fusion_builder_column_1_1 1_1 fusion-flex-column\" style=\"--awb-bg-size:cover;--awb-width-large:100%;--awb-flex-grow:0;--awb-flex-shrink:0;--awb-margin-top-large:0px;--awb-spacing-right-large:1.92%;--awb-margin-bottom-large:20px;--awb-spacing-left-large:1.92%;--awb-width-medium:100%;--awb-order-medium:0;--awb-flex-grow-medium:0;--awb-flex-shrink-medium:0;--awb-spacing-right-medium:1.92%;--awb-spacing-left-medium:1.92%;--awb-width-small:100%;--awb-order-small:0;--awb-flex-grow-small:0;--awb-flex-shrink-small:0;--awb-spacing-right-small:1.92%;--awb-spacing-left-small:1.92%;\"><div class=\"fusion-column-wrapper fusion-column-has-shadow fusion-flex-justify-content-flex-start fusion-content-layout-column\"><div class=\"fusion-text fusion-text-43\"><p>Forte d&rsquo;une vaste exp\u00e9rience dans les relations internationales, le mentorat, la politique et la gestion de programmes, Mizel Cluett est la fondatrice et directrice g\u00e9n\u00e9rale d&rsquo;Indigenous Futures Canada. Son r\u00f4le consiste \u00e0 nouer et \u00e0 entretenir des relations avec divers partenaires, intervenants et alli\u00e9s \u00e0 travers le monde. Elle assure la liaison principale entre Indigenous Future, les organismes de financement potentiels et les groupes internationaux qui offrent des possibilit\u00e9s de d\u00e9veloppement. En naviguant dans ces r\u00e9seaux complexes, elle vise \u00e0 cr\u00e9er des voies permettant aux futurs leaders d&rsquo;exceller et d&rsquo;acqu\u00e9rir des exp\u00e9riences inestimables.   <\/p>\n<p>Elle supervise \u00e9galement la mise en \u0153uvre de diverses initiatives organisationnelles, de l&rsquo;organisation de discussions intersectorielles sur le d\u00e9veloppement \u00e0 la gestion de campagnes de collecte de fonds, en passant par la garantie du bon fonctionnement de notre plateforme d&rsquo;information et de m\u00e9dias. Les principes directeurs de Mizel sont la transparence, l&rsquo;honn\u00eatet\u00e9 et la solidarit\u00e9. Tout en adoptant les avanc\u00e9es technologiques telles que l&rsquo;IA pour am\u00e9liorer notre efficacit\u00e9, elle reste ancr\u00e9e dans l&rsquo;importance de la cr\u00e9ativit\u00e9 profonde, de la pens\u00e9e conceptuelle et, surtout, des relations que nous entretenons.<\/p>\n<\/div><\/div><\/div><\/div><\/div>\n<\/div><\/div><\/div><\/div><div class=\"fusion-modal modal fade modal-18 edmundo\" tabindex=\"-1\" role=\"dialog\" aria-labelledby=\"modal-heading-18\" aria-hidden=\"true\" style=\"--awb-border-color:#ffffff;--awb-background:var(--awb-color1);\"><div class=\"modal-dialog modal-lg\" role=\"document\"><div class=\"modal-content fusion-modal-content\"><div class=\"modal-header\"><button class=\"close\" type=\"button\" data-dismiss=\"modal\" aria-hidden=\"true\" aria-label=\"Close\">&times;<\/button><h3 class=\"modal-title\" id=\"modal-heading-18\" data-dismiss=\"modal\" aria-hidden=\"true\"> <\/h3><\/div><div class=\"modal-body fusion-clearfix\"><div class=\"fusion-fullwidth fullwidth-box fusion-builder-row-9-18 fusion-flex-container has-pattern-background has-mask-background nonhundred-percent-fullwidth non-hundred-percent-height-scrolling text-img-split team-modal\" style=\"--awb-border-radius-top-left:0px;--awb-border-radius-top-right:0px;--awb-border-radius-bottom-right:0px;--awb-border-radius-bottom-left:0px;--awb-padding-top:0px;--awb-padding-right:30px;--awb-padding-left:30px;--awb-flex-wrap:wrap;\" ><div class=\"fusion-builder-row fusion-row fusion-flex-align-items-flex-start fusion-flex-content-wrap\" style=\"width:104% !important;max-width:104% !important;margin-left: calc(-4% \/ 2 );margin-right: calc(-4% \/ 2 );\"><div class=\"fusion-layout-column fusion_builder_column fusion-builder-column-87 fusion_builder_column_1_4 1_4 fusion-flex-column\" style=\"--awb-bg-size:cover;--awb-width-large:25%;--awb-flex-grow:0;--awb-flex-shrink:0;--awb-margin-top-large:0px;--awb-spacing-right-large:7.68%;--awb-margin-bottom-large:20px;--awb-spacing-left-large:7.68%;--awb-width-medium:25%;--awb-order-medium:0;--awb-flex-grow-medium:0;--awb-flex-shrink-medium:0;--awb-spacing-right-medium:7.68%;--awb-spacing-left-medium:7.68%;--awb-width-small:100%;--awb-order-small:0;--awb-flex-grow-small:0;--awb-flex-shrink-small:0;--awb-spacing-right-small:1.92%;--awb-spacing-left-small:1.92%;\"><div class=\"fusion-column-wrapper fusion-column-has-shadow fusion-flex-justify-content-flex-start fusion-content-layout-column\"><div class=\"fusion-image-element in-legacy-container\" style=\"--awb-max-width:100%;--awb-caption-title-font-family:var(--h2_typography-font-family);--awb-caption-title-font-weight:var(--h2_typography-font-weight);--awb-caption-title-font-style:var(--h2_typography-font-style);--awb-caption-title-size:var(--h2_typography-font-size);--awb-caption-title-transform:var(--h2_typography-text-transform);--awb-caption-title-line-height:var(--h2_typography-line-height);--awb-caption-title-letter-spacing:var(--h2_typography-letter-spacing);\"><span class=\" fusion-imageframe imageframe-none imageframe-25 hover-type-none\"><img decoding=\"async\" width=\"988\" height=\"992\" title=\"edmundo\" src=\"https:\/\/recoverinitiative.ca\/wp-content\/uploads\/2025\/11\/edmundo.jpg\" alt class=\"img-responsive wp-image-700\" srcset=\"https:\/\/recoverinitiative.ca\/wp-content\/uploads\/2025\/11\/edmundo-200x201.jpg 200w, https:\/\/recoverinitiative.ca\/wp-content\/uploads\/2025\/11\/edmundo-400x402.jpg 400w, https:\/\/recoverinitiative.ca\/wp-content\/uploads\/2025\/11\/edmundo-600x602.jpg 600w, https:\/\/recoverinitiative.ca\/wp-content\/uploads\/2025\/11\/edmundo-800x803.jpg 800w, https:\/\/recoverinitiative.ca\/wp-content\/uploads\/2025\/11\/edmundo.jpg 988w\" sizes=\"(max-width: 768px) 100vw, 400px\" \/><\/span><\/div><\/div><\/div><div class=\"fusion-layout-column fusion_builder_column fusion-builder-column-88 fusion_builder_column_3_4 3_4 fusion-flex-column\" style=\"--awb-bg-size:cover;--awb-width-large:75%;--awb-flex-grow:0;--awb-flex-shrink:0;--awb-margin-top-large:0px;--awb-spacing-right-large:2.56%;--awb-margin-bottom-large:20px;--awb-spacing-left-large:2.56%;--awb-width-medium:75%;--awb-order-medium:0;--awb-flex-grow-medium:0;--awb-flex-shrink-medium:0;--awb-spacing-right-medium:2.56%;--awb-spacing-left-medium:2.56%;--awb-width-small:100%;--awb-order-small:0;--awb-flex-grow-small:0;--awb-flex-shrink-small:0;--awb-spacing-right-small:1.92%;--awb-spacing-left-small:1.92%;\"><div class=\"fusion-column-wrapper fusion-column-has-shadow fusion-flex-justify-content-flex-start fusion-content-layout-column\"><div class=\"fusion-text fusion-text-44\"><h3>Edmundo Fausto<\/h3>\n<p><strong>Directeur<\/strong><\/p>\n<\/div><\/div><\/div><div class=\"fusion-layout-column fusion_builder_column fusion-builder-column-89 fusion_builder_column_1_1 1_1 fusion-flex-column\" style=\"--awb-bg-size:cover;--awb-width-large:100%;--awb-flex-grow:0;--awb-flex-shrink:0;--awb-margin-top-large:0px;--awb-spacing-right-large:1.92%;--awb-margin-bottom-large:20px;--awb-spacing-left-large:1.92%;--awb-width-medium:100%;--awb-order-medium:0;--awb-flex-grow-medium:0;--awb-flex-shrink-medium:0;--awb-spacing-right-medium:1.92%;--awb-spacing-left-medium:1.92%;--awb-width-small:100%;--awb-order-small:0;--awb-flex-grow-small:0;--awb-flex-shrink-small:0;--awb-spacing-right-small:1.92%;--awb-spacing-left-small:1.92%;\"><div class=\"fusion-column-wrapper fusion-column-has-shadow fusion-flex-justify-content-flex-start fusion-content-layout-column\"><div class=\"fusion-text fusion-text-45\"><p>Edmundo Fausto se consacre depuis plus de 10 ans \u00e0 la lutte contre le changement climatique et \u00e0 l&rsquo;am\u00e9lioration de la consommation d&rsquo;\u00e9nergie. Il a collabor\u00e9 avec des \u00e9quipes et des experts locaux, nationaux et internationaux \u00e0 l&rsquo;\u00e9laboration de plans et de projets strat\u00e9giques en mati\u00e8re d&rsquo;\u00e9nergie et de climat.<\/p>\n<p>Son exp\u00e9rience comprend des projets d&rsquo;efficacit\u00e9 \u00e9nerg\u00e9tique et de d\u00e9carbonation, des \u00e9valuations des risques li\u00e9s au changement climatique, ainsi que le d\u00e9veloppement et la mise en \u0153uvre de plans d&rsquo;entreprise et municipaux d&rsquo;att\u00e9nuation et d&rsquo;adaptation au changement climatique.<\/p>\n<\/div><\/div><\/div><\/div><\/div>\n<\/div><\/div><\/div><\/div><div class=\"fusion-modal modal fade modal-19 sandra\" tabindex=\"-1\" role=\"dialog\" aria-labelledby=\"modal-heading-19\" aria-hidden=\"true\" style=\"--awb-border-color:#ffffff;--awb-background:var(--awb-color1);\"><div class=\"modal-dialog modal-lg\" role=\"document\"><div class=\"modal-content fusion-modal-content\"><div class=\"modal-header\"><button class=\"close\" type=\"button\" data-dismiss=\"modal\" aria-hidden=\"true\" aria-label=\"Close\">&times;<\/button><h3 class=\"modal-title\" id=\"modal-heading-19\" data-dismiss=\"modal\" aria-hidden=\"true\"> <\/h3><\/div><div class=\"modal-body fusion-clearfix\"><div class=\"fusion-fullwidth fullwidth-box fusion-builder-row-9-19 fusion-flex-container has-pattern-background has-mask-background nonhundred-percent-fullwidth non-hundred-percent-height-scrolling text-img-split team-modal\" style=\"--awb-border-radius-top-left:0px;--awb-border-radius-top-right:0px;--awb-border-radius-bottom-right:0px;--awb-border-radius-bottom-left:0px;--awb-padding-top:0px;--awb-padding-right:30px;--awb-padding-left:30px;--awb-flex-wrap:wrap;\" ><div class=\"fusion-builder-row fusion-row fusion-flex-align-items-flex-start fusion-flex-content-wrap\" style=\"width:104% !important;max-width:104% !important;margin-left: calc(-4% \/ 2 );margin-right: calc(-4% \/ 2 );\"><div class=\"fusion-layout-column fusion_builder_column fusion-builder-column-90 fusion_builder_column_1_4 1_4 fusion-flex-column\" style=\"--awb-bg-size:cover;--awb-width-large:25%;--awb-flex-grow:0;--awb-flex-shrink:0;--awb-margin-top-large:0px;--awb-spacing-right-large:7.68%;--awb-margin-bottom-large:20px;--awb-spacing-left-large:7.68%;--awb-width-medium:25%;--awb-order-medium:0;--awb-flex-grow-medium:0;--awb-flex-shrink-medium:0;--awb-spacing-right-medium:7.68%;--awb-spacing-left-medium:7.68%;--awb-width-small:100%;--awb-order-small:0;--awb-flex-grow-small:0;--awb-flex-shrink-small:0;--awb-spacing-right-small:1.92%;--awb-spacing-left-small:1.92%;\"><div class=\"fusion-column-wrapper fusion-column-has-shadow fusion-flex-justify-content-flex-start fusion-content-layout-column\"><div class=\"fusion-image-element in-legacy-container\" style=\"--awb-max-width:100%;--awb-caption-title-font-family:var(--h2_typography-font-family);--awb-caption-title-font-weight:var(--h2_typography-font-weight);--awb-caption-title-font-style:var(--h2_typography-font-style);--awb-caption-title-size:var(--h2_typography-font-size);--awb-caption-title-transform:var(--h2_typography-text-transform);--awb-caption-title-line-height:var(--h2_typography-line-height);--awb-caption-title-letter-spacing:var(--h2_typography-letter-spacing);\"><span class=\" fusion-imageframe imageframe-none imageframe-26 hover-type-none\"><img decoding=\"async\" width=\"1280\" height=\"1280\" title=\"sandra\" src=\"https:\/\/recoverinitiative.ca\/wp-content\/uploads\/2025\/11\/sandra.jpg\" alt class=\"img-responsive wp-image-701\" srcset=\"https:\/\/recoverinitiative.ca\/wp-content\/uploads\/2025\/11\/sandra-200x200.jpg 200w, https:\/\/recoverinitiative.ca\/wp-content\/uploads\/2025\/11\/sandra-400x400.jpg 400w, https:\/\/recoverinitiative.ca\/wp-content\/uploads\/2025\/11\/sandra-600x600.jpg 600w, https:\/\/recoverinitiative.ca\/wp-content\/uploads\/2025\/11\/sandra-800x800.jpg 800w, https:\/\/recoverinitiative.ca\/wp-content\/uploads\/2025\/11\/sandra-1200x1200.jpg 1200w, https:\/\/recoverinitiative.ca\/wp-content\/uploads\/2025\/11\/sandra.jpg 1280w\" sizes=\"(max-width: 768px) 100vw, 400px\" \/><\/span><\/div><\/div><\/div><div class=\"fusion-layout-column fusion_builder_column fusion-builder-column-91 fusion_builder_column_3_4 3_4 fusion-flex-column\" style=\"--awb-bg-size:cover;--awb-width-large:75%;--awb-flex-grow:0;--awb-flex-shrink:0;--awb-margin-top-large:0px;--awb-spacing-right-large:2.56%;--awb-margin-bottom-large:20px;--awb-spacing-left-large:2.56%;--awb-width-medium:75%;--awb-order-medium:0;--awb-flex-grow-medium:0;--awb-flex-shrink-medium:0;--awb-spacing-right-medium:2.56%;--awb-spacing-left-medium:2.56%;--awb-width-small:100%;--awb-order-small:0;--awb-flex-grow-small:0;--awb-flex-shrink-small:0;--awb-spacing-right-small:1.92%;--awb-spacing-left-small:1.92%;\"><div class=\"fusion-column-wrapper fusion-column-has-shadow fusion-flex-justify-content-flex-start fusion-content-layout-column\"><div class=\"fusion-text fusion-text-46\"><h3>Sandra Moore<\/h3>\n<p><strong>Directrice<\/strong><\/p>\n<\/div><\/div><\/div><div class=\"fusion-layout-column fusion_builder_column fusion-builder-column-92 fusion_builder_column_1_1 1_1 fusion-flex-column\" style=\"--awb-bg-size:cover;--awb-width-large:100%;--awb-flex-grow:0;--awb-flex-shrink:0;--awb-margin-top-large:0px;--awb-spacing-right-large:1.92%;--awb-margin-bottom-large:20px;--awb-spacing-left-large:1.92%;--awb-width-medium:100%;--awb-order-medium:0;--awb-flex-grow-medium:0;--awb-flex-shrink-medium:0;--awb-spacing-right-medium:1.92%;--awb-spacing-left-medium:1.92%;--awb-width-small:100%;--awb-order-small:0;--awb-flex-grow-small:0;--awb-flex-shrink-small:0;--awb-spacing-right-small:1.92%;--awb-spacing-left-small:1.92%;\"><div class=\"fusion-column-wrapper fusion-column-has-shadow fusion-flex-justify-content-flex-start fusion-content-layout-column\"><div class=\"fusion-text fusion-text-47\"><p>Sandra Moore est une dirigeante collaborative et visionnaire, forte d&rsquo;une exp\u00e9rience multidisciplinaire dans l&rsquo;enseignement sup\u00e9rieur, le conseil et le d\u00e9veloppement international. Sa carri\u00e8re est d\u00e9di\u00e9e \u00e0 l&rsquo;innovation dans les technologies propres, \u00e0 la promotion de solutions \u00e9nerg\u00e9tiques durables, \u00e0 la suppression des obstacles \u00e0 la formation continue et au d\u00e9veloppement inclusif des communaut\u00e9s et de la main-d&rsquo;\u0153uvre.<\/p>\n<p>Gr\u00e2ce \u00e0 son exp\u00e9rience de leadership dans les milieux universitaires, gouvernementaux et sans but lucratif, Sandra a \u00e9galement dirig\u00e9 avec succ\u00e8s son propre cabinet de conseil et a mis son expertise au service de nombreux conseils d&rsquo;administration, comit\u00e9s et comit\u00e9s consultatifs ax\u00e9s sur l&rsquo;efficacit\u00e9 \u00e9nerg\u00e9tique, les services publics, la lutte contre les changements climatiques, l&rsquo;accueil des nouveaux arrivants et le d\u00e9veloppement des comp\u00e9tences. En mars 2025, Sandra a \u00e9t\u00e9 reconnue comme l&rsquo;une des 25 femmes d&rsquo;affaires les plus influentes du Canada atlantique par le magazine Atlantic Business, t\u00e9moignant de son impact et de son influence dans divers secteurs.<\/p>\n<p>Elle est passionn\u00e9e par la cr\u00e9ation d&rsquo;un changement significatif et l&rsquo;autonomisation de la prochaine g\u00e9n\u00e9ration d&rsquo;apprenants et de leaders dans les domaines du d\u00e9veloppement durable, de l&rsquo;\u00e9nergie et des technologies propres.<\/p>\n<\/div><\/div><\/div><\/div><\/div>\n<\/div><\/div><\/div><\/div><\/div><\/div><\/div><\/div><\/p>\n","protected":false},"excerpt":{"rendered":"","protected":false},"author":3,"featured_media":0,"parent":0,"menu_order":0,"comment_status":"closed","ping_status":"closed","template":"100-width.php","meta":{"footnotes":""},"class_list":["post-1462","page","type-page","status-publish","hentry"],"yoast_head":"<!-- This site is optimized with the Yoast SEO Premium plugin v27.4 (Yoast SEO v27.4) - https:\/\/yoast.com\/product\/yoast-seo-premium-wordpress\/ -->\n<title>\u00c9quipe et conseil d&#039;administration - ReCover Initiative<\/title>\n<meta name=\"robots\" content=\"index, follow, max-snippet:-1, max-image-preview:large, max-video-preview:-1\" \/>\n<link rel=\"canonical\" href=\"https:\/\/recoverinitiative.ca\/fr\/team-board\/\" \/>\n<meta property=\"og:locale\" content=\"fr_FR\" \/>\n<meta property=\"og:type\" content=\"article\" \/>\n<meta property=\"og:title\" content=\"\u00c9quipe et conseil d&#039;administration\" \/>\n<meta property=\"og:url\" content=\"https:\/\/recoverinitiative.ca\/fr\/team-board\/\" \/>\n<meta property=\"og:site_name\" content=\"ReCover Initiative\" \/>\n<meta property=\"article:publisher\" content=\"https:\/\/www.facebook.com\/TheReCoverInitiativeCanada\" \/>\n<meta property=\"article:modified_time\" content=\"2025-12-11T14:11:57+00:00\" \/>\n<meta name=\"twitter:card\" content=\"summary_large_image\" \/>\n<meta name=\"twitter:label1\" content=\"Dur\u00e9e de lecture estim\u00e9e\" \/>\n\t<meta name=\"twitter:data1\" content=\"126 minutes\" \/>\n<script type=\"application\/ld+json\" class=\"yoast-schema-graph\">{\"@context\":\"https:\\\/\\\/schema.org\",\"@graph\":[{\"@type\":\"WebPage\",\"@id\":\"https:\\\/\\\/recoverinitiative.ca\\\/fr\\\/team-board\\\/\",\"url\":\"https:\\\/\\\/recoverinitiative.ca\\\/fr\\\/team-board\\\/\",\"name\":\"\u00c9quipe et conseil d'administration - ReCover Initiative\",\"isPartOf\":{\"@id\":\"https:\\\/\\\/recoverinitiative.ca\\\/fr\\\/#website\"},\"datePublished\":\"2025-11-20T15:36:59+00:00\",\"dateModified\":\"2025-12-11T14:11:57+00:00\",\"breadcrumb\":{\"@id\":\"https:\\\/\\\/recoverinitiative.ca\\\/fr\\\/team-board\\\/#breadcrumb\"},\"inLanguage\":\"fr-FR\",\"potentialAction\":[{\"@type\":\"ReadAction\",\"target\":[\"https:\\\/\\\/recoverinitiative.ca\\\/fr\\\/team-board\\\/\"]}]},{\"@type\":\"BreadcrumbList\",\"@id\":\"https:\\\/\\\/recoverinitiative.ca\\\/fr\\\/team-board\\\/#breadcrumb\",\"itemListElement\":[{\"@type\":\"ListItem\",\"position\":1,\"name\":\"Home\",\"item\":\"https:\\\/\\\/recoverinitiative.ca\\\/fr\\\/\"},{\"@type\":\"ListItem\",\"position\":2,\"name\":\"\u00c9quipe et conseil d&#8217;administration\"}]},{\"@type\":\"WebSite\",\"@id\":\"https:\\\/\\\/recoverinitiative.ca\\\/fr\\\/#website\",\"url\":\"https:\\\/\\\/recoverinitiative.ca\\\/fr\\\/\",\"name\":\"ReCover Initiative\",\"description\":\"\",\"publisher\":{\"@id\":\"https:\\\/\\\/recoverinitiative.ca\\\/fr\\\/#organization\"},\"potentialAction\":[{\"@type\":\"SearchAction\",\"target\":{\"@type\":\"EntryPoint\",\"urlTemplate\":\"https:\\\/\\\/recoverinitiative.ca\\\/fr\\\/?s={search_term_string}\"},\"query-input\":{\"@type\":\"PropertyValueSpecification\",\"valueRequired\":true,\"valueName\":\"search_term_string\"}}],\"inLanguage\":\"fr-FR\"},{\"@type\":\"Organization\",\"@id\":\"https:\\\/\\\/recoverinitiative.ca\\\/fr\\\/#organization\",\"name\":\"ReCover Initiative\",\"url\":\"https:\\\/\\\/recoverinitiative.ca\\\/fr\\\/\",\"logo\":{\"@type\":\"ImageObject\",\"inLanguage\":\"fr-FR\",\"@id\":\"https:\\\/\\\/recoverinitiative.ca\\\/fr\\\/#\\\/schema\\\/logo\\\/image\\\/\",\"url\":\"https:\\\/\\\/recoverinitiative.ca\\\/wp-content\\\/uploads\\\/2025\\\/11\\\/Recover-Logo-Horizontal.svg\",\"contentUrl\":\"https:\\\/\\\/recoverinitiative.ca\\\/wp-content\\\/uploads\\\/2025\\\/11\\\/Recover-Logo-Horizontal.svg\",\"width\":150,\"height\":34,\"caption\":\"ReCover Initiative\"},\"image\":{\"@id\":\"https:\\\/\\\/recoverinitiative.ca\\\/fr\\\/#\\\/schema\\\/logo\\\/image\\\/\"},\"sameAs\":[\"https:\\\/\\\/www.facebook.com\\\/TheReCoverInitiativeCanada\",\"https:\\\/\\\/www.instagram.com\\\/recover_canada\",\"https:\\\/\\\/www.linkedin.com\\\/company\\\/the-recover-initiative\\\/\"]}]}<\/script>\n<!-- \/ Yoast SEO Premium plugin. -->","yoast_head_json":{"title":"\u00c9quipe et conseil d'administration - ReCover Initiative","robots":{"index":"index","follow":"follow","max-snippet":"max-snippet:-1","max-image-preview":"max-image-preview:large","max-video-preview":"max-video-preview:-1"},"canonical":"https:\/\/recoverinitiative.ca\/fr\/team-board\/","og_locale":"fr_FR","og_type":"article","og_title":"\u00c9quipe et conseil d'administration","og_url":"https:\/\/recoverinitiative.ca\/fr\/team-board\/","og_site_name":"ReCover Initiative","article_publisher":"https:\/\/www.facebook.com\/TheReCoverInitiativeCanada","article_modified_time":"2025-12-11T14:11:57+00:00","twitter_card":"summary_large_image","twitter_misc":{"Dur\u00e9e de lecture estim\u00e9e":"126 minutes"},"schema":{"@context":"https:\/\/schema.org","@graph":[{"@type":"WebPage","@id":"https:\/\/recoverinitiative.ca\/fr\/team-board\/","url":"https:\/\/recoverinitiative.ca\/fr\/team-board\/","name":"\u00c9quipe et conseil d'administration - ReCover Initiative","isPartOf":{"@id":"https:\/\/recoverinitiative.ca\/fr\/#website"},"datePublished":"2025-11-20T15:36:59+00:00","dateModified":"2025-12-11T14:11:57+00:00","breadcrumb":{"@id":"https:\/\/recoverinitiative.ca\/fr\/team-board\/#breadcrumb"},"inLanguage":"fr-FR","potentialAction":[{"@type":"ReadAction","target":["https:\/\/recoverinitiative.ca\/fr\/team-board\/"]}]},{"@type":"BreadcrumbList","@id":"https:\/\/recoverinitiative.ca\/fr\/team-board\/#breadcrumb","itemListElement":[{"@type":"ListItem","position":1,"name":"Home","item":"https:\/\/recoverinitiative.ca\/fr\/"},{"@type":"ListItem","position":2,"name":"\u00c9quipe et conseil d&#8217;administration"}]},{"@type":"WebSite","@id":"https:\/\/recoverinitiative.ca\/fr\/#website","url":"https:\/\/recoverinitiative.ca\/fr\/","name":"ReCover Initiative","description":"","publisher":{"@id":"https:\/\/recoverinitiative.ca\/fr\/#organization"},"potentialAction":[{"@type":"SearchAction","target":{"@type":"EntryPoint","urlTemplate":"https:\/\/recoverinitiative.ca\/fr\/?s={search_term_string}"},"query-input":{"@type":"PropertyValueSpecification","valueRequired":true,"valueName":"search_term_string"}}],"inLanguage":"fr-FR"},{"@type":"Organization","@id":"https:\/\/recoverinitiative.ca\/fr\/#organization","name":"ReCover Initiative","url":"https:\/\/recoverinitiative.ca\/fr\/","logo":{"@type":"ImageObject","inLanguage":"fr-FR","@id":"https:\/\/recoverinitiative.ca\/fr\/#\/schema\/logo\/image\/","url":"https:\/\/recoverinitiative.ca\/wp-content\/uploads\/2025\/11\/Recover-Logo-Horizontal.svg","contentUrl":"https:\/\/recoverinitiative.ca\/wp-content\/uploads\/2025\/11\/Recover-Logo-Horizontal.svg","width":150,"height":34,"caption":"ReCover Initiative"},"image":{"@id":"https:\/\/recoverinitiative.ca\/fr\/#\/schema\/logo\/image\/"},"sameAs":["https:\/\/www.facebook.com\/TheReCoverInitiativeCanada","https:\/\/www.instagram.com\/recover_canada","https:\/\/www.linkedin.com\/company\/the-recover-initiative\/"]}]}},"_links":{"self":[{"href":"https:\/\/recoverinitiative.ca\/fr\/wp-json\/wp\/v2\/pages\/1462","targetHints":{"allow":["GET"]}}],"collection":[{"href":"https:\/\/recoverinitiative.ca\/fr\/wp-json\/wp\/v2\/pages"}],"about":[{"href":"https:\/\/recoverinitiative.ca\/fr\/wp-json\/wp\/v2\/types\/page"}],"author":[{"embeddable":true,"href":"https:\/\/recoverinitiative.ca\/fr\/wp-json\/wp\/v2\/users\/3"}],"replies":[{"embeddable":true,"href":"https:\/\/recoverinitiative.ca\/fr\/wp-json\/wp\/v2\/comments?post=1462"}],"version-history":[{"count":2,"href":"https:\/\/recoverinitiative.ca\/fr\/wp-json\/wp\/v2\/pages\/1462\/revisions"}],"predecessor-version":[{"id":1466,"href":"https:\/\/recoverinitiative.ca\/fr\/wp-json\/wp\/v2\/pages\/1462\/revisions\/1466"}],"wp:attachment":[{"href":"https:\/\/recoverinitiative.ca\/fr\/wp-json\/wp\/v2\/media?parent=1462"}],"curies":[{"name":"wp","href":"https:\/\/api.w.org\/{rel}","templated":true}]}}